{"id":812,"date":"2015-12-02T18:47:07","date_gmt":"2015-12-02T18:47:07","guid":{"rendered":"http:\/\/san.uri.br\/sites\/site_novo\/?page_id=812"},"modified":"2022-04-19T14:05:13","modified_gmt":"2022-04-19T17:05:13","slug":"ciapex","status":"publish","type":"page","link":"https:\/\/san.uri.br\/sites\/site_novo\/?page_id=812","title":{"rendered":"CIAPEx"},"content":{"rendered":"<p>O Comit\u00ea Institucional de Avalia\u00e7\u00e3o de Projetos de Extens\u00e3o \u2013 CIAPEx \u2013 tem como atribui\u00e7\u00f5es principais:<\/p>\n<ul>\n<li>Avaliar os projetos dos candidatos \u00e0 bolsa de extens\u00e3o universit\u00e1ria da URI;<\/li>\n<li>Estabelecer o ranking dos mesmos, com base na\u00a0 avalia\u00e7\u00e3o especificada acima no curriculum vitae dos proponentes e, quando se tratar de renova\u00e7\u00e3o, nos relat\u00f3rios de atividades;<\/li>\n<li>Avaliar os relat\u00f3rios de atividades de extens\u00e3o;<\/li>\n<li>Promover anualmente atividades de orienta\u00e7\u00e3o para elabora\u00e7\u00e3o de projetos, relat\u00f3rios, resumos e p\u00f4steres cient\u00edficos;<\/li>\n<li>Realizar, anualmente, um semin\u00e1rio de \u00e2mbito institucional, visando \u00e0 divulga\u00e7\u00e3o\/socializa\u00e7\u00e3o dos trabalhos realizados.<\/li>\n<\/ul>\n<p><strong>Membros do CIAPEx per\u00edodo 2021\/2024<\/strong><\/p>\n<blockquote><p><strong>\u00c1rea do Conhecimento<\/strong><\/p>\n<p><em>Ci\u00eancias Agr\u00e1rias:<\/em><\/p>\n<p style=\"padding-left: 30px;\">Vitor Cauduro Girardello<\/p>\n<p><em>Ci\u00eancias Biol\u00f3gicas:<\/em><\/p>\n<p style=\"padding-left: 30px;\">Maria Lorete Thomas Flores<\/p>\n<p><em>Ci\u00eancias Exatas e da Terra:<\/em><\/p>\n<p style=\"padding-left: 30px;\">Ant\u00f4nio Vanderlei dos Santos<\/p>\n<p style=\"padding-left: 30px;\">Marcelo Paulo Stracke<\/p>\n<p style=\"padding-left: 30px;\">\u00a0Rosangela Ferreira Prestes<\/p>\n<p><em>Ci\u00eancias Humanas:<\/em><\/p>\n<p style=\"padding-left: 30px;\">Daniela<em> Pereira Gonzalez<\/em><\/p>\n<p><em>Ci\u00eancias da Sa\u00fade:<\/em><\/p>\n<p style=\"padding-left: 30px;\">Cinara V. En\u00e9as M\u00fcrmann \u2013 Coord. Local<\/p>\n<p><em>Ci\u00eancias Sociais Aplicadas:<\/em><\/p>\n<p style=\"padding-left: 30px;\">Charlise Paula Colet Gimenez<\/p>\n<p style=\"padding-left: 30px;\">Luthianne Perin Ferreira Lunardi<\/p>\n<p><em>Engenharias:<\/em><\/p>\n<p style=\"padding-left: 30px;\">B\u00f3ris Casanova Sokolovicz<\/p>\n<p style=\"padding-left: 30px;\">Filipe Molinar Machado<\/p>\n<\/blockquote>\n<p><strong>Secret\u00e1ria do CIAPEx: <\/strong><\/p>\n<p>ELIS\u00c2NGELA FIGUEIR\u00d3<br \/>\nRamal 7938 &#8211; Pr\u00e9dio 05<br \/>\nE-mail: ciapex@santoangelo.uri.br<\/p>\n","protected":false},"excerpt":{"rendered":"<p>O Comit\u00ea Institucional de Avalia\u00e7\u00e3o de Projetos de Extens\u00e3o \u2013 CIAPEx \u2013 tem como atribui\u00e7\u00f5es principais: Avaliar os projetos dos candidatos \u00e0 bolsa de extens\u00e3o universit\u00e1ria da URI; Estabelecer o ranking dos mesmos, com base na\u00a0 avalia\u00e7\u00e3o especificada acima no curriculum vitae dos proponentes e, quando se tratar de renova\u00e7\u00e3o, nos relat\u00f3rios de atividades; Avaliar [&hellip;]<\/p>\n","protected":false},"author":1,"featured_media":0,"parent":0,"menu_order":0,"comment_status":"closed","ping_status":"closed","template":"","meta":[],"_links":{"self":[{"href":"https:\/\/san.uri.br\/sites\/site_novo\/index.php?rest_route=\/wp\/v2\/pages\/812"}],"collection":[{"href":"https:\/\/san.uri.br\/sites\/site_novo\/index.php?rest_route=\/wp\/v2\/pages"}],"about":[{"href":"https:\/\/san.uri.br\/sites\/site_novo\/index.php?rest_route=\/wp\/v2\/types\/page"}],"author":[{"embeddable":true,"href":"https:\/\/san.uri.br\/sites\/site_novo\/index.php?rest_route=\/wp\/v2\/users\/1"}],"replies":[{"embeddable":true,"href":"https:\/\/san.uri.br\/sites\/site_novo\/index.php?rest_route=%2Fwp%2Fv2%2Fcomments&post=812"}],"version-history":[{"count":4,"href":"https:\/\/san.uri.br\/sites\/site_novo\/index.php?rest_route=\/wp\/v2\/pages\/812\/revisions"}],"predecessor-version":[{"id":29830,"href":"https:\/\/san.uri.br\/sites\/site_novo\/index.php?rest_route=\/wp\/v2\/pages\/812\/revisions\/29830"}],"wp:attachment":[{"href":"https:\/\/san.uri.br\/sites\/site_novo\/index.php?rest_route=%2Fwp%2Fv2%2Fmedia&parent=812"}],"curies":[{"name":"wp","href":"https:\/\/api.w.org\/{rel}","templated":true}]}}