{"id":42,"date":"2017-06-09T21:47:53","date_gmt":"2017-06-10T00:47:53","guid":{"rendered":"https:\/\/san.uri.br\/sites\/corede\/?page_id=24"},"modified":"2017-06-09T21:47:53","modified_gmt":"2017-06-10T00:47:53","slug":"municipios-do-corede","status":"publish","type":"page","link":"https:\/\/san.uri.br\/sites\/corede\/index.php\/municipios-do-corede\/","title":{"rendered":"Munic\u00edpios do COREDE"},"content":{"rendered":"<h3><\/h3>\n<ul class=\"default\">\n<li><a href=\"http:\/\/www.fee.rs.gov.br\/perfil-socioeconomico\/municipios\/detalhe\/?municipio=Bossoroca\">Bossoroca<\/a><\/li>\n<li><a href=\"http:\/\/www.fee.rs.gov.br\/perfil-socioeconomico\/municipios\/detalhe\/?municipio=Caibat%E9\">Caibat\u00e9<\/a><\/li>\n<li><a href=\"http:\/\/www.fee.rs.gov.br\/perfil-socioeconomico\/municipios\/detalhe\/?municipio=Cerro+Largo\">Cerro Largo<\/a><\/li>\n<li><a href=\"http:\/\/www.fee.rs.gov.br\/perfil-socioeconomico\/municipios\/detalhe\/?municipio=Dezesseis+de+Novembro\">Dezesseis de Novembro<\/a><\/li>\n<li><a href=\"http:\/\/www.fee.rs.gov.br\/perfil-socioeconomico\/municipios\/detalhe\/?municipio=Entre-iju%EDs\">Entre-iju\u00eds<\/a><\/li>\n<li><a href=\"http:\/\/www.fee.rs.gov.br\/perfil-socioeconomico\/municipios\/detalhe\/?municipio=Eug%EAnio+de+Castro\">Eug\u00eanio de Castro<\/a><\/li>\n<li><a href=\"http:\/\/www.fee.rs.gov.br\/perfil-socioeconomico\/municipios\/detalhe\/?municipio=Garruchos\">Garruchos<\/a><\/li>\n<li><a href=\"http:\/\/www.fee.rs.gov.br\/perfil-socioeconomico\/municipios\/detalhe\/?municipio=Giru%E1\">Giru\u00e1<\/a><\/li>\n<li><a href=\"http:\/\/www.fee.rs.gov.br\/perfil-socioeconomico\/municipios\/detalhe\/?municipio=Guarani+das+Miss%F5es\">Guarani das Miss\u00f5es<\/a><\/li>\n<li><a href=\"http:\/\/www.fee.rs.gov.br\/perfil-socioeconomico\/municipios\/detalhe\/?municipio=Mato+Queimado\">Mato Queimado<\/a><\/li>\n<li><a href=\"http:\/\/www.fee.rs.gov.br\/perfil-socioeconomico\/municipios\/detalhe\/?municipio=Pirap%F3\">Pirap\u00f3<\/a><\/li>\n<li><a href=\"http:\/\/www.fee.rs.gov.br\/perfil-socioeconomico\/municipios\/detalhe\/?municipio=Porto+Xavier\">Porto Xavier<\/a><\/li>\n<li><a href=\"http:\/\/www.fee.rs.gov.br\/perfil-socioeconomico\/municipios\/detalhe\/?municipio=Rolador\">Rolador<\/a><\/li>\n<li><a href=\"http:\/\/www.fee.rs.gov.br\/perfil-socioeconomico\/municipios\/detalhe\/?municipio=Roque+Gonzales\">Roque Gonzales<\/a><\/li>\n<li><a href=\"http:\/\/www.fee.rs.gov.br\/perfil-socioeconomico\/municipios\/detalhe\/?municipio=Salvador+das+Miss%F5es\">Salvador das Miss\u00f5es<\/a><\/li>\n<li><a href=\"http:\/\/www.fee.rs.gov.br\/perfil-socioeconomico\/municipios\/detalhe\/?municipio=Santo+%C2ngelo\">Santo \u00c2ngelo<\/a><\/li>\n<li><a href=\"http:\/\/www.fee.rs.gov.br\/perfil-socioeconomico\/municipios\/detalhe\/?municipio=Santo+Ant%F4nio+das+Miss%F5es\">Santo Ant\u00f4nio das Miss\u00f5es<\/a><\/li>\n<li><a href=\"http:\/\/www.fee.rs.gov.br\/perfil-socioeconomico\/municipios\/detalhe\/?municipio=S%E3o+Luiz+Gonzaga\">S\u00e3o Luiz Gonzaga<\/a><\/li>\n<li><a href=\"http:\/\/www.fee.rs.gov.br\/perfil-socioeconomico\/municipios\/detalhe\/?municipio=S%E3o+Miguel+das+Miss%F5es\">S\u00e3o Miguel das Miss\u00f5es<\/a><\/li>\n<li><a href=\"http:\/\/www.fee.rs.gov.br\/perfil-socioeconomico\/municipios\/detalhe\/?municipio=S%E3o+Nicolau\">S\u00e3o Nicolau<\/a><\/li>\n<li><a href=\"http:\/\/www.fee.rs.gov.br\/perfil-socioeconomico\/municipios\/detalhe\/?municipio=S%E3o+Paulo+das+Miss%F5es\">S\u00e3o Paulo das Miss\u00f5es<\/a><\/li>\n<li><a href=\"http:\/\/www.fee.rs.gov.br\/perfil-socioeconomico\/municipios\/detalhe\/?municipio=S%E3o+Pedro+do+Buti%E1\">S\u00e3o Pedro do Buti\u00e1<\/a><\/li>\n<li><a href=\"http:\/\/www.fee.rs.gov.br\/perfil-socioeconomico\/municipios\/detalhe\/?municipio=Sete+de+Setembro\">Sete de Setembro<\/a><\/li>\n<li><a href=\"http:\/\/www.fee.rs.gov.br\/perfil-socioeconomico\/municipios\/detalhe\/?municipio=Ubiretama\">Ubiretama<\/a><\/li>\n<li><a href=\"http:\/\/www.fee.rs.gov.br\/perfil-socioeconomico\/municipios\/detalhe\/?municipio=Vit%F3ria+das+Miss%F5es\">Vit\u00f3ria das Miss\u00f5es<\/a><\/li>\n<\/ul>\n","protected":false},"excerpt":{"rendered":"<p>Bossoroca Caibat\u00e9 Cerro Largo Dezesseis de Novembro Entre-iju\u00eds Eug\u00eanio de Castro Garruchos Giru\u00e1 Guarani das Miss\u00f5es Mato Queimado Pirap\u00f3 Porto Xavier Rolador Roque Gonzales Salvador das Miss\u00f5es Santo \u00c2ngelo Santo Ant\u00f4nio das Miss\u00f5es S\u00e3o Luiz Gonzaga S\u00e3o Miguel das Miss\u00f5es S\u00e3o Nicolau S\u00e3o Paulo das Miss\u00f5es S\u00e3o Pedro do Buti\u00e1 Sete de Setembro Ubiretama Vit\u00f3ria [&hellip;]<\/p>\n","protected":false},"author":1,"featured_media":0,"parent":0,"menu_order":0,"comment_status":"closed","ping_status":"closed","template":"","meta":[],"_links":{"self":[{"href":"https:\/\/san.uri.br\/sites\/corede\/index.php\/wp-json\/wp\/v2\/pages\/42"}],"collection":[{"href":"https:\/\/san.uri.br\/sites\/corede\/index.php\/wp-json\/wp\/v2\/pages"}],"about":[{"href":"https:\/\/san.uri.br\/sites\/corede\/index.php\/wp-json\/wp\/v2\/types\/page"}],"author":[{"embeddable":true,"href":"https:\/\/san.uri.br\/sites\/corede\/index.php\/wp-json\/wp\/v2\/users\/1"}],"replies":[{"embeddable":true,"href":"https:\/\/san.uri.br\/sites\/corede\/index.php\/wp-json\/wp\/v2\/comments?post=42"}],"version-history":[{"count":0,"href":"https:\/\/san.uri.br\/sites\/corede\/index.php\/wp-json\/wp\/v2\/pages\/42\/revisions"}],"wp:attachment":[{"href":"https:\/\/san.uri.br\/sites\/corede\/index.php\/wp-json\/wp\/v2\/media?parent=42"}],"curies":[{"name":"wp","href":"https:\/\/api.w.org\/{rel}","templated":true}]}}