{"id":38,"date":"2017-06-05T15:56:04","date_gmt":"2017-06-05T18:56:04","guid":{"rendered":"https:\/\/san.uri.br\/sites\/corede\/?page_id=12"},"modified":"2017-06-05T15:56:04","modified_gmt":"2017-06-05T18:56:04","slug":"diretoria-executiva","status":"publish","type":"page","link":"https:\/\/san.uri.br\/sites\/corede\/index.php\/diretoria-executiva\/","title":{"rendered":"DIRETORIA EXECUTIVA"},"content":{"rendered":"<p style=\"padding-left: 30px;\"><strong>Presidente:<\/strong><\/p>\n<p style=\"padding-left: 60px;\">Nara Dami\u00e3o<\/p>\n<p style=\"padding-left: 30px;\"><strong>1\u00ba Vice-presidente:<\/strong><\/p>\n<p style=\"padding-left: 60px;\">R\u00f4mulo Madrid de Mello<\/p>\n<p><strong>\u00a0 \u00a0 \u00a0 \u00a02\u00ba Vice-presidente:<\/strong><\/p>\n<p style=\"padding-left: 60px;\">Amauri Pires da Silva<\/p>\n<p style=\"padding-left: 30px;\"><strong>1\u00b0 Secret\u00e1rio:<\/strong><\/p>\n<p style=\"padding-left: 60px;\">Izab\u00e9l Cristina Ribas de Freitas<\/p>\n<p style=\"padding-left: 30px;\"><strong>2\u00b0 Secret\u00e1rio:<\/strong><\/p>\n<p style=\"padding-left: 60px;\">Luiza Caterine Santos Panegalli<\/p>\n<p style=\"padding-left: 30px;\"><strong>1\u00b0 Tesoureiro<\/strong><\/p>\n<p style=\"padding-left: 60px;\">Odelmar Fenner<\/p>\n<p style=\"padding-left: 30px;\"><strong>2\u00b0 Tesoureiro<\/strong><\/p>\n<p style=\"padding-left: 60px;\">Jos\u00e9 Cl\u00e1udio Lourega Reis<\/p>\n<p>Voca\u00e7\u00e3o<\/p>\n<p>\u201cRegi\u00e3o produtora de alimentos com suas bases ramificadas na presta\u00e7\u00e3o de servi\u00e7os, na agroindustrializa\u00e7\u00e3o, no turismo e na sua diversidade de recursos culturais e naturais, com sustentabilidade social, econ\u00f4mica e ambiental\u201d.<\/p>\n<p>Vis\u00e3o<\/p>\n<p>Ser reconhecida at\u00e9 2030 como uma regi\u00e3o de alta atratividade tur\u00edstica, agregadora de valor na produ\u00e7\u00e3o agropecu\u00e1ria, apoiadora do empreendedorismo e da inova\u00e7\u00e3o, considerando a valoriza\u00e7\u00e3o de suas voca\u00e7\u00f5es e territorialidades, articulada e engajada com os princ\u00edpios da sustentabilidade\u201d.<\/p>\n<p>Valores<\/p>\n<p style=\"padding-left: 30px;\">a) diversidade regional;<br \/>\nb) pertencimento cultural regional;<br \/>\nc) comprometimento, coopera\u00e7\u00e3o e participa\u00e7\u00e3o regional;<br \/>\nd) sustentabilidade econ\u00f4mica e social;<br \/>\ne) patrim\u00f4nio hist\u00f3rico-cultural;<br \/>\nf) qualidade de vida e bem-estar social;<br \/>\ng) gera\u00e7\u00e3o de capital social.<\/p>\n","protected":false},"excerpt":{"rendered":"<p>Presidente: Nara Dami\u00e3o 1\u00ba Vice-presidente: R\u00f4mulo Madrid de Mello \u00a0 \u00a0 \u00a0 \u00a02\u00ba Vice-presidente: Amauri Pires da Silva 1\u00b0 Secret\u00e1rio: Izab\u00e9l Cristina Ribas de Freitas 2\u00b0 Secret\u00e1rio: Luiza Caterine Santos Panegalli 1\u00b0 Tesoureiro Odelmar Fenner 2\u00b0 Tesoureiro Jos\u00e9 Cl\u00e1udio Lourega Reis Voca\u00e7\u00e3o \u201cRegi\u00e3o produtora de alimentos com suas bases ramificadas na presta\u00e7\u00e3o de servi\u00e7os, na [&hellip;]<\/p>\n","protected":false},"author":1,"featured_media":0,"parent":0,"menu_order":0,"comment_status":"closed","ping_status":"closed","template":"","meta":[],"_links":{"self":[{"href":"https:\/\/san.uri.br\/sites\/corede\/index.php\/wp-json\/wp\/v2\/pages\/38"}],"collection":[{"href":"https:\/\/san.uri.br\/sites\/corede\/index.php\/wp-json\/wp\/v2\/pages"}],"about":[{"href":"https:\/\/san.uri.br\/sites\/corede\/index.php\/wp-json\/wp\/v2\/types\/page"}],"author":[{"embeddable":true,"href":"https:\/\/san.uri.br\/sites\/corede\/index.php\/wp-json\/wp\/v2\/users\/1"}],"replies":[{"embeddable":true,"href":"https:\/\/san.uri.br\/sites\/corede\/index.php\/wp-json\/wp\/v2\/comments?post=38"}],"version-history":[{"count":0,"href":"https:\/\/san.uri.br\/sites\/corede\/index.php\/wp-json\/wp\/v2\/pages\/38\/revisions"}],"wp:attachment":[{"href":"https:\/\/san.uri.br\/sites\/corede\/index.php\/wp-json\/wp\/v2\/media?parent=38"}],"curies":[{"name":"wp","href":"https:\/\/api.w.org\/{rel}","templated":true}]}}