{"id":36,"date":"2017-02-01T10:54:52","date_gmt":"2017-02-01T12:54:52","guid":{"rendered":"https:\/\/san.uri.br\/sites\/corede\/?page_id=2"},"modified":"2017-02-01T10:54:52","modified_gmt":"2017-02-01T12:54:52","slug":"principios","status":"publish","type":"page","link":"https:\/\/san.uri.br\/sites\/corede\/index.php\/principios\/","title":{"rendered":"Princ\u00edpios"},"content":{"rendered":"<p><b>Promo\u00e7\u00e3o de desenvolvimento regional: <\/b>O objetivo central da atua\u00e7\u00e3o do COREDE \u00e9 a promo\u00e7\u00e3o do desenvolvimento regional, compatibilizando competitividade, equidade e sustentabilidade.<\/p>\n<p><b>Autonomia:<\/b> O trabalho dos COREDE e de seus membros deve pautar-se pela autonomia, pela isen\u00e7\u00e3o e pela neutralidade em rela\u00e7\u00e3o \u00e0s diferentes inst\u00e2ncias governamentais, \u00e0s correntes pol\u00edtico-partid\u00e1rias ou a quaisquer outras organiza\u00e7\u00f5es da regi\u00e3o ou de fora da regi\u00e3o.<\/p>\n<p><b>Pluralidade e identifica\u00e7\u00e3o de consensos: <\/b>Deve ser estimulada a livre express\u00e3o das diferen\u00e7as de pensamento entre os membros do Conselho. Essa livre express\u00e3o dever\u00e1 servir como ponto de partida para um esfor\u00e7o no sentido da identifica\u00e7\u00e3o de pontos de consenso, entre os segmentos que comp\u00f5em a sociedade da regi\u00e3o, quanto \u00e0 forma de promover o desenvolvimento regional.<\/p>\n<p><b>Confian\u00e7a, coopera\u00e7\u00e3o e forma\u00e7\u00e3o de parcerias: <\/b>A a\u00e7\u00e3o do COREDE deve contribuir para estreitar os la\u00e7os de confian\u00e7a, estimular a coopera\u00e7\u00e3o e viabilizar o estabelecimento de parcerias entre os diferentes segmentos da sociedade civil da regi\u00e3o, bem como entre esses segmentos e as v\u00e1rias inst\u00e2ncias da administra\u00e7\u00e3o p\u00fablica, na busca do desenvolvimento regional.<\/p>\n<p><b>Integra\u00e7\u00e3o, articula\u00e7\u00e3o e consolida\u00e7\u00e3o das identidades regionais: <\/b>O COREDE deve constituir-se em um espa\u00e7o de articula\u00e7\u00e3o da sociedade regional, atuando no sentido de integrar os esfor\u00e7os da sociedade civil e das diferentes inst\u00e2ncias da administra\u00e7\u00e3o p\u00fablica que tenham como objetivo a promo\u00e7\u00e3o do desenvolvimento. A participa\u00e7\u00e3o dos diferentes segmentos da sociedade na discuss\u00e3o dos problemas da sua regi\u00e3o, no \u00e2mbito do Conselho Regional de Desenvolvimento, dever\u00e1 servir de base para a consolida\u00e7\u00e3o de uma identidade regional, entendida como o sentimento de pertin\u00eancia a uma comunidade territorialmente organizada. A exist\u00eancia desse sentimento \u00e9 condi\u00e7\u00e3o essencial para que um determinado territ\u00f3rio possa ser, efetivamente, denominado de regi\u00e3o.<\/p>\n<p><b>Busca da regionaliza\u00e7\u00e3o das pol\u00edticas de desenvolvimento: <\/b>A a\u00e7\u00e3o dos Conselhos deve contribuir para articula\u00e7\u00e3o, em escala regional, dos esfor\u00e7os locais de promo\u00e7\u00e3o do desenvolvimento. Deve voltar-se, tamb\u00e9m, para fazer com que as a\u00e7\u00f5es setoriais das diferentes inst\u00e2ncias de governo sejam estruturadas e integradas de forma a caracterizar verdadeiras pol\u00edticas de desenvolvimento regional.<\/p>\n<p><b>Aumento permanente da representatividade e da organiza\u00e7\u00e3o: <\/b>O COREDE deve empreender um esfor\u00e7o permanente no sentido de ampliar sua representatividade e sua penetra\u00e7\u00e3o junto \u00e0 comunidade, organizando e integrando \u00e0 sua composi\u00e7\u00e3o os segmentos ainda desarticulados da sociedade da regi\u00e3o.<\/p>\n<p><b>Apoio a continuidade das pol\u00edticas p\u00fablicas de interesse regional: <\/b>Os COREDE deve defender a implementa\u00e7\u00e3o e a continuidade das pol\u00edticas governamentais que contribuem de maneira efetiva para o desenvolvimento regional, evitando seu abandono por motivos alheios ao interesse p\u00fablico.<\/p>\n","protected":false},"excerpt":{"rendered":"<p>Promo\u00e7\u00e3o de desenvolvimento regional: O objetivo central da atua\u00e7\u00e3o do COREDE \u00e9 a promo\u00e7\u00e3o do desenvolvimento regional, compatibilizando competitividade, equidade e sustentabilidade. Autonomia: O trabalho dos COREDE e de seus membros deve pautar-se pela autonomia, pela isen\u00e7\u00e3o e pela neutralidade em rela\u00e7\u00e3o \u00e0s diferentes inst\u00e2ncias governamentais, \u00e0s correntes pol\u00edtico-partid\u00e1rias ou a quaisquer outras organiza\u00e7\u00f5es da [&hellip;]<\/p>\n","protected":false},"author":1,"featured_media":0,"parent":0,"menu_order":0,"comment_status":"closed","ping_status":"closed","template":"","meta":[],"_links":{"self":[{"href":"https:\/\/san.uri.br\/sites\/corede\/index.php\/wp-json\/wp\/v2\/pages\/36"}],"collection":[{"href":"https:\/\/san.uri.br\/sites\/corede\/index.php\/wp-json\/wp\/v2\/pages"}],"about":[{"href":"https:\/\/san.uri.br\/sites\/corede\/index.php\/wp-json\/wp\/v2\/types\/page"}],"author":[{"embeddable":true,"href":"https:\/\/san.uri.br\/sites\/corede\/index.php\/wp-json\/wp\/v2\/users\/1"}],"replies":[{"embeddable":true,"href":"https:\/\/san.uri.br\/sites\/corede\/index.php\/wp-json\/wp\/v2\/comments?post=36"}],"version-history":[{"count":0,"href":"https:\/\/san.uri.br\/sites\/corede\/index.php\/wp-json\/wp\/v2\/pages\/36\/revisions"}],"wp:attachment":[{"href":"https:\/\/san.uri.br\/sites\/corede\/index.php\/wp-json\/wp\/v2\/media?parent=36"}],"curies":[{"name":"wp","href":"https:\/\/api.w.org\/{rel}","templated":true}]}}