{"id":61,"date":"2020-12-03T19:07:10","date_gmt":"2020-12-03T21:07:10","guid":{"rendered":"http:\/\/srvapp2s.santoangelo.uri.br\/sites\/mestrado_gestao\/?page_id=61"},"modified":"2020-12-03T19:07:10","modified_gmt":"2020-12-03T21:07:10","slug":"programa","status":"publish","type":"page","link":"https:\/\/san.uri.br\/mestrado_gestao\/index.php\/programa\/","title":{"rendered":"Programa"},"content":{"rendered":"<p><strong>N\u00edvel:<\/strong>\u00a0Mestrado Profissional<\/p>\n<p><strong>\u00c1rea de Concentra\u00e7\u00e3o:\u00a0<\/strong>Gest\u00e3o de Organiza\u00e7\u00f5es e Desenvolvimento<\/p>\n<p><strong>T\u00edtulo:<\/strong>\u00a0Mestre em Gest\u00e3o Estrat\u00e9gica de Organiza\u00e7\u00f5es<\/p>\n<p><strong>P\u00fablico alvo:<\/strong><\/p>\n<p class=\"justificar\">O Programa de P\u00f3s Gradua\u00e7\u00e3o e, Gest\u00e3o Estrat\u00e9gica de Organiza\u00e7\u00f5es,\u00a0<em>Stricto Sensu<\/em>, destina-se a profissionais em exerc\u00edcio, com forma\u00e7\u00e3o m\u00ednima de gradua\u00e7\u00e3o e que buscam melhor qualificar-se e capacitar-se em termos de formula\u00e7\u00e3o e execu\u00e7\u00e3o de estrat\u00e9gias, tendo como base uma s\u00f3lida forma\u00e7\u00e3o conceitual que visa \u00e0 subseq\u00fcente aplica\u00e7\u00e3o desses conceitos em situa\u00e7\u00f5es reais.<\/p>\n<p><strong>Tempo de integraliza\u00e7\u00e3o:<\/strong><br \/>\nm\u00ednimo:\u00a0 1 ano (12 meses)<br \/>\nm\u00e1ximo: 2 anos (24 meses)<\/p>\n<p><strong>Regime Did\u00e1tico:<\/strong>\u00a0Anual<\/p>\n<p><strong>Hor\u00e1rio das aulas:<\/strong>\u00a0As disciplinas ser\u00e3o oferecidas aos finais de semana, conforme abaixo:<\/p>\n<p><strong>Sexta-feira:<\/strong> das 17hs \u00e0s 22hs.<\/p>\n<p><strong>S\u00e1bado:<\/strong> das 9h \u00e0s 12h20mim<\/p>\n<p><strong>Profici\u00eancia em L\u00edngua Estrangeira<\/strong><\/p>\n<p class=\"justificar\">At\u00e9 o final do primeiro ano de matr\u00edcula no Programa, os alunos dever\u00e3o demonstrar profici\u00eancia em l\u00edngua estrangeira, podendo optar entre a l\u00edngua inglesa, alem\u00e3, francesa e espanhola., constituindo-se em pr\u00e9-requisito para o requerimento de forma\u00e7\u00e3o da Banca Examinadora.<\/p>\n<p><strong>Caracter\u00edsticas do profissional a ser formado<\/strong><\/p>\n<p class=\"justificar\">O perfil do profissional a ser formado no Programa de P\u00f3s Gradua\u00e7\u00e3o em Gest\u00e3o Estrat\u00e9gica de Organiza\u00e7\u00f5es,\u00a0<em>Strictu Sensu<\/em>, com \u00e1rea de concentra\u00e7\u00e3o em Estrat\u00e9gia dever\u00e1 ter capacidade empreendedora e gerencial, capacidade para prever tend\u00eancias e habilidades para provocar mudan\u00e7as no meio com o qual se relaciona, criatividade, organiza\u00e7\u00e3o e gest\u00e3o de empresas, al\u00e9m de promover um ganho de conhecimento, e a obten\u00e7\u00e3o do t\u00edtulo de mestre. Esse t\u00edtulo ratifica a qualifica\u00e7\u00e3o acad\u00eamica e profissional, favorecendo aqueles que tamb\u00e9m t\u00eam interesse em atuar como docentes.<\/p>\n<p class=\"justificar\">Apesar de o programa ter a Estrat\u00e9gia como \u00e1rea de concentra\u00e7\u00e3o, os alunos tamb\u00e9m poder\u00e3o manter contato com outras \u00e1reas da Administra\u00e7\u00e3o com as quais a Estrat\u00e9gia est\u00e1 relacionada e nas quais os alunos t\u00eam mais interesse em aprofundar seus conhecimentos.<\/p>\n","protected":false},"excerpt":{"rendered":"<p>N\u00edvel:\u00a0Mestrado Profissional \u00c1rea de Concentra\u00e7\u00e3o:\u00a0Gest\u00e3o de Organiza\u00e7\u00f5es e Desenvolvimento T\u00edtulo:\u00a0Mestre em Gest\u00e3o Estrat\u00e9gica de Organiza\u00e7\u00f5es P\u00fablico alvo: O Programa de P\u00f3s Gradua\u00e7\u00e3o e, Gest\u00e3o Estrat\u00e9gica de Organiza\u00e7\u00f5es,\u00a0Stricto Sensu, destina-se a profissionais em exerc\u00edcio, com forma\u00e7\u00e3o m\u00ednima de gradua\u00e7\u00e3o e que buscam melhor qualificar-se e capacitar-se em termos de formula\u00e7\u00e3o e execu\u00e7\u00e3o de estrat\u00e9gias, tendo como [&hellip;]<\/p>\n","protected":false},"author":1,"featured_media":0,"parent":0,"menu_order":0,"comment_status":"closed","ping_status":"closed","template":"","meta":[],"_links":{"self":[{"href":"https:\/\/san.uri.br\/mestrado_gestao\/index.php\/wp-json\/wp\/v2\/pages\/61"}],"collection":[{"href":"https:\/\/san.uri.br\/mestrado_gestao\/index.php\/wp-json\/wp\/v2\/pages"}],"about":[{"href":"https:\/\/san.uri.br\/mestrado_gestao\/index.php\/wp-json\/wp\/v2\/types\/page"}],"author":[{"embeddable":true,"href":"https:\/\/san.uri.br\/mestrado_gestao\/index.php\/wp-json\/wp\/v2\/users\/1"}],"replies":[{"embeddable":true,"href":"https:\/\/san.uri.br\/mestrado_gestao\/index.php\/wp-json\/wp\/v2\/comments?post=61"}],"version-history":[{"count":0,"href":"https:\/\/san.uri.br\/mestrado_gestao\/index.php\/wp-json\/wp\/v2\/pages\/61\/revisions"}],"wp:attachment":[{"href":"https:\/\/san.uri.br\/mestrado_gestao\/index.php\/wp-json\/wp\/v2\/media?parent=61"}],"curies":[{"name":"wp","href":"https:\/\/api.w.org\/{rel}","templated":true}]}}