{"id":28,"date":"2020-12-03T18:12:56","date_gmt":"2020-12-03T20:12:56","guid":{"rendered":"http:\/\/srvapp2s.santoangelo.uri.br\/sites\/mestrado_gestao\/?page_id=28"},"modified":"2023-03-07T18:13:27","modified_gmt":"2023-03-07T21:13:27","slug":"normativas","status":"publish","type":"page","link":"https:\/\/san.uri.br\/mestrado_gestao\/index.php\/normativas\/","title":{"rendered":"Normativas"},"content":{"rendered":"\n<p>1. <a href=\"https:\/\/san.uri.br\/mestrado_gestao\/wp-content\/uploads\/2020\/12\/Regimento_Geral_URI.pdf\">Regimento Geral da URI<\/a><\/p>\n\n\n\n<p>2.&nbsp; Plano de Desenvolvimento Institucional \u2013 PDI 2021\/2025<\/p>\n\n\n\n<p><a href=\"https:\/\/drive.google.com\/file\/d\/16Q2NwC007J2QL6swYp_jtXb-LkOqATEZ\/view?usp=sharing\">Resolu\u00e7\u00e3o N\u00ba 2916\/CUN\/2020<\/a><\/p>\n\n\n\n<p>3. Regimento Geral da P\u00f3s-Gradua\u00e7\u00e3o Stricto Sensu da URI<\/p>\n\n\n\n<p><a href=\"https:\/\/drive.google.com\/file\/d\/1MEZ0nuqSsqbhz3Z1QB-NpgLQ4bg9Gdwo\/view?usp=sharing\">Resolu\u00e7\u00e3o N\u00ba 2618\/CUN\/2019<\/a><\/p>\n\n\n\n<p>4. Plano Estrat\u00e9gico Institucional dos Programas de P\u00f3s-Gradua\u00e7\u00e3o Stricto sensu da URI<\/p>\n\n\n\n<p><a href=\"https:\/\/drive.google.com\/file\/d\/1vK8KemEpNL6btINXJJO4pU4sgEulSlhk\/view?usp=sharing\">Resolu\u00e7\u00e3o N\u00ba 2897\/CUN\/2020<\/a><\/p>\n\n\n\n<p>5. Regimento do PPGGEO<\/p>\n\n\n\n<p><a href=\"https:\/\/drive.google.com\/file\/d\/1TJ-eW3ZS8jkuSpkAgwJtElJlUpyRdKi1\/view?usp=sharing\">Resolu\u00e7\u00e3o 1455\/CUN\/2010 \u2013 Cria\u00e7\u00e3o e Regimento Interno<\/a><\/p>\n\n\n\n<p><a href=\"https:\/\/drive.google.com\/file\/d\/1F6bfLbJ-7HYwv_1AcyBkKlD_OeSwwekV\/view?usp=sharing\">Resolu\u00e7\u00e3o 1974\/CUN\/2014 \u2013 Atualiza\u00e7\u00e3o: \u00c1rea de Concentra\u00e7\u00e3o e Linha &#8211; &#8211; Pesquisa n\u00ba 2<\/a><\/p>\n\n\n\n<p><a href=\"https:\/\/drive.google.com\/file\/d\/1GSuCaxnxGnbqk_6qE9bEliPt1KIv879M\/view?usp=sharing\">Resolu\u00e7\u00e3o 2060\/CUN\/2015 \u2013 Adequa\u00e7\u00e3o no Sistema de Cr\u00e9ditos<\/a><\/p>\n\n\n\n<p><a href=\"https:\/\/drive.google.com\/file\/d\/1Igq6qm629iiwSQ3oh0EDqHMLMAkoxh5j\/view?usp=sharing\">Resolu\u00e7\u00e3o 2199\/CUN\/2016 \u2013 Credenciamento, Recredenciamento e Descredenciamento de docentes<\/a><\/p>\n\n\n\n<p><a href=\"https:\/\/drive.google.com\/file\/d\/1CMsztTwVYQs85-G5uKHSm2hkXzUaMu0A\/view?usp=sharing\">Resolu\u00e7\u00e3o 2367\/CUN\/2017 \u2013 Cria\u00e7\u00e3o do N\u00edvel de Doutorado<\/a><\/p>\n\n\n\n<p><a href=\"https:\/\/drive.google.com\/file\/d\/1uDGoMtTRbQiHns7qoiB19IvwekVyfQnZ\/view?usp=sharing\">Resolu\u00e7\u00e3o 2368\/CUN\/2017 \u2013 Publica\u00e7\u00f5es: Equival\u00eancia em Cr\u00e9ditos<\/a><\/p>\n\n\n\n<p><a href=\"https:\/\/drive.google.com\/file\/d\/1SWbbdvYaLTvHLzCGEl1Bxd23EyfF52BL\/view?usp=sharing\">Resolu\u00e7\u00e3o N\u00ba 2824\/CUN\/2020&nbsp;Altera\u00e7\u00e3o do per\u00edodo de mandato de Coordenador e Subcoordenador <\/a><\/p>\n\n\n\n<p>6.<a href=\"https:\/\/sucupira.capes.gov.br\/sucupira\/public\/consultas\/coleta\/programa\/viewPrograma.jsf?popup=true&amp;id_programa=204551\"> Recomenda\u00e7\u00e3o Programa de P\u00f3s-Gradua\u00e7\u00e3o em Gest\u00e3o Estrat\u00e9gica de Organiza\u00e7\u00f5es &#8211; PPGGEO &#8211; Mestrado Profissional da URI pela CAPES<\/a><\/p>\n\n\n\n<p>7. <a href=\"https:\/\/san.uri.br\/mestrado_gestao\/wp-content\/uploads\/2020\/12\/Manual_de_normas_tecnicas_para_producoes_academicas_da_URI_2017.pdf\">Manual de normas t\u00e9cnicas para produ\u00e7\u00f5es acad\u00eamicas da URI<\/a><\/p>\n\n\n\n<p>8. Estrutura Curricular<\/p>\n\n\n\n<p><a href=\"https:\/\/drive.google.com\/file\/d\/1cs_MuWFVKL6SPZjGAm23Y2288CMZcsXM\/view?usp=sharing\">Resolu\u00e7\u00e3o N\u00ba&nbsp;2825\/CUN\/2020&nbsp;Estrutura Curricular: atualiza\u00e7\u00e3o de ementas e bibliografias&nbsp;<\/a><\/p>\n\n\n\n<p><a href=\"https:\/\/san.uri.br\/mestrado_gestao\/wp-content\/uploads\/2022\/05\/Resolu\u00e7\u00e3o-3138-de-31_03_2022-3.pdf\">Resolu\u00e7\u00e3o N\u00ba 3138\/CUN\/2022&nbsp;Estrutura Curricular: atualiza\u00e7\u00e3o de ementas e bibliografia<\/a><\/p>\n","protected":false},"excerpt":{"rendered":"<p>1. Regimento Geral da URI 2.&nbsp; Plano de Desenvolvimento Institucional \u2013 PDI 2021\/2025 Resolu\u00e7\u00e3o N\u00ba 2916\/CUN\/2020 3. Regimento Geral da P\u00f3s-Gradua\u00e7\u00e3o Stricto Sensu da URI Resolu\u00e7\u00e3o N\u00ba 2618\/CUN\/2019 4. Plano Estrat\u00e9gico Institucional dos Programas de P\u00f3s-Gradua\u00e7\u00e3o Stricto sensu da URI Resolu\u00e7\u00e3o N\u00ba 2897\/CUN\/2020 5. Regimento do PPGGEO Resolu\u00e7\u00e3o 1455\/CUN\/2010 \u2013 Cria\u00e7\u00e3o e Regimento Interno Resolu\u00e7\u00e3o [&hellip;]<\/p>\n","protected":false},"author":1,"featured_media":0,"parent":0,"menu_order":0,"comment_status":"closed","ping_status":"closed","template":"","meta":[],"_links":{"self":[{"href":"https:\/\/san.uri.br\/mestrado_gestao\/index.php\/wp-json\/wp\/v2\/pages\/28"}],"collection":[{"href":"https:\/\/san.uri.br\/mestrado_gestao\/index.php\/wp-json\/wp\/v2\/pages"}],"about":[{"href":"https:\/\/san.uri.br\/mestrado_gestao\/index.php\/wp-json\/wp\/v2\/types\/page"}],"author":[{"embeddable":true,"href":"https:\/\/san.uri.br\/mestrado_gestao\/index.php\/wp-json\/wp\/v2\/users\/1"}],"replies":[{"embeddable":true,"href":"https:\/\/san.uri.br\/mestrado_gestao\/index.php\/wp-json\/wp\/v2\/comments?post=28"}],"version-history":[{"count":1,"href":"https:\/\/san.uri.br\/mestrado_gestao\/index.php\/wp-json\/wp\/v2\/pages\/28\/revisions"}],"predecessor-version":[{"id":772,"href":"https:\/\/san.uri.br\/mestrado_gestao\/index.php\/wp-json\/wp\/v2\/pages\/28\/revisions\/772"}],"wp:attachment":[{"href":"https:\/\/san.uri.br\/mestrado_gestao\/index.php\/wp-json\/wp\/v2\/media?parent=28"}],"curies":[{"name":"wp","href":"https:\/\/api.w.org\/{rel}","templated":true}]}}