{"id":96,"date":"2013-06-04T17:46:09","date_gmt":"2013-06-04T20:46:09","guid":{"rendered":"http:\/\/santoangelo.uri.br\/mestrado_direito2\/?page_id=96"},"modified":"2024-01-03T17:11:56","modified_gmt":"2024-01-03T20:11:56","slug":"publicacoes","status":"publish","type":"page","link":"https:\/\/san.uri.br\/mestrado_direito\/index.php\/publicacoes\/","title":{"rendered":"Publica\u00e7\u00f5es"},"content":{"rendered":"<p><span style=\"text-decoration: underline;\"><strong><span style=\"color: #ff0000; text-decoration: underline;\">Aten\u00e7\u00e3o: <\/span><\/strong><\/span>Para editar essa pagina<\/p>\n<ul>\n<li>crie um novo post<\/li>\n<li>Acrescente a categoria <strong><span style=\"text-decoration: underline;\">Publica\u00e7\u00f5es.<\/span><\/strong><\/li>\n<\/ul>\n<p>&lt;!&#8211; <a href=\"http:\/\/srvapp2s.santoangelo.uri.br\/sites\/mestrado_direito\/wp-content\/uploads\/2013\/06\/prof-jane.jpg\"><img loading=\"lazy\" class=\"alignnone size-medium wp-image-1156\" title=\"prof jane\" src=\"http:\/\/srvapp2s.santoangelo.uri.br\/sites\/mestrado_direito\/wp-content\/uploads\/2013\/06\/prof-jane-211x300.jpg\" alt=\"\" width=\"211\" height=\"300\"><\/a> <strong>SEGURADO ESPECIAL: NOVAS TESES E DISCUSS\u00d5ES<\/strong> Autor(a): Jane L\u00facia Wilhelm Berwanger Editora: Juru\u00e1 Cidade: Curitiba Ano:2016 <a href=\"http:\/\/srvapp2s.santoangelo.uri.br\/sites\/mestrado_direito\/wp-content\/uploads\/2013\/06\/24718.jpg\"><img loading=\"lazy\" class=\"alignnone size-medium wp-image-1155\" title=\"24718\" src=\"http:\/\/srvapp2s.santoangelo.uri.br\/sites\/mestrado_direito\/wp-content\/uploads\/2013\/06\/24718-211x300.jpg\" alt=\"\" width=\"211\" height=\"300\"><\/a> <strong>DIREITO PENAL E HERMEN\u00caUTICA: UMA RESPOSTA CONSTITUCIONAL AO ESTADO DE EXCE\u00c7\u00c3O<\/strong> Autores: Adalberto Narciso Hommerding e Jos\u00e9 Francisco Dias da Costa Lyra Editora: Juru\u00e1 Cidade: Curitiba Ano:2016 <a href=\"http:\/\/srvapp2s.santoangelo.uri.br\/sites\/mestrado_direito\/wp-content\/uploads\/2013\/06\/vozes-memorias-e-experiencias-de-cidadania-noli-bernardo-hahn-8581488722_200x200-PU6ec11a08_1.jpg\"><img loading=\"lazy\" class=\"alignnone size-full wp-image-1154\" title=\"vozes-memorias-e-experiencias-de-cidadania-noli-bernardo-hahn-8581488722_200x200-PU6ec11a08_1\" src=\"http:\/\/srvapp2s.santoangelo.uri.br\/sites\/mestrado_direito\/wp-content\/uploads\/2013\/06\/vozes-memorias-e-experiencias-de-cidadania-noli-bernardo-hahn-8581488722_200x200-PU6ec11a08_1.jpg\" alt=\"\" width=\"200\" height=\"200\"><\/a> <strong>VOZES, MEM\u00d3RIAS E EXPERI\u00caNCIAS DE CIDADANIA<\/strong> Autor: Noli Bernardo Hanh Editora: Paco Editorial Cidade: Jundia\u00ed Ano:2015 <a href=\"http:\/\/srvapp2s.santoangelo.uri.br\/sites\/mestrado_direito\/wp-content\/uploads\/2013\/06\/O-Conceito-Jur\u00eddico-para-Al\u00e9m-da-Sobreviv\u00eancia-Individual-.jpg\"><img loading=\"lazy\" class=\"alignnone size-full wp-image-1153\" title=\"O Conceito Jur\u00eddico para Al\u00e9m da Sobreviv\u00eancia Individual-\" src=\"http:\/\/srvapp2s.santoangelo.uri.br\/sites\/mestrado_direito\/wp-content\/uploads\/2013\/06\/O-Conceito-Jur\u00eddico-para-Al\u00e9m-da-Sobreviv\u00eancia-Individual-.jpg\" alt=\"\" width=\"292\" height=\"292\"><\/a> <strong>SEGURADO ESPECIAL: O CONCEITO JUR\u00cdDICO PARA AL\u00c9M DA SOBREVIV\u00caNCIA INDIVIDUAL<\/strong> Autor(a): Jane L\u00facia Wilhelm Berwanger Editora: Juru\u00e1 Cidade: Curitiba Ano:2015 <a href=\"http:\/\/srvapp2s.santoangelo.uri.br\/sites\/mestrado_direito\/wp-content\/uploads\/2013\/06\/Livro_p\u00f3s-colonialismo_site.jpg\"><img loading=\"lazy\" class=\"alignnone size-medium wp-image-1152\" title=\"Livro_p\u00f3s-colonialismo_site\" src=\"http:\/\/srvapp2s.santoangelo.uri.br\/sites\/mestrado_direito\/wp-content\/uploads\/2013\/06\/Livro_p\u00f3s-colonialismo_site-210x300.jpg\" alt=\"\" width=\"210\" height=\"300\"><\/a> <strong>P\u00d3S-COLONIALISMO, PENSAMENTO DESCOLONIAL E DIREITOS HUMANOS NA AM\u00c9RICA LATINA<\/strong> Organizadores(as):&nbsp;Andr\u00e9 Leonardo Copetti Santos, Doglas Cesar Lucas e &nbsp;Fernanda Frizzo Bragato<\/p>\n<div>Editora: FURI<\/div>\n<div>Cidade: Santo \u00c2ngelo<\/div>\n<div>Ano:2015<\/div>\n<p><a href=\"http:\/\/srvapp2s.santoangelo.uri.br\/sites\/mestrado_direito\/wp-content\/uploads\/2013\/06\/large_7690.jpg\"><img loading=\"lazy\" class=\"alignnone size-full wp-image-1151\" title=\"large_7690\" src=\"http:\/\/srvapp2s.santoangelo.uri.br\/sites\/mestrado_direito\/wp-content\/uploads\/2013\/06\/large_7690.jpg\" alt=\"\" width=\"199\" height=\"285\"><\/a> <strong>A (IN)DIFEREN\u00c7A NO DIREITO<\/strong> Autores: Andr\u00e9 Leonardo Copetti Santos e Doglas Cesar Lucas Editora: Livraria do Advogado Cidade: Porto Alegre Ano: 2015 <a href=\"http:\/\/srvapp2s.santoangelo.uri.br\/sites\/mestrado_direito\/wp-content\/uploads\/2013\/06\/imagen1.jpg\"><img loading=\"lazy\" class=\"alignnone size-full wp-image-1150\" title=\"imagen\" src=\"http:\/\/srvapp2s.santoangelo.uri.br\/sites\/mestrado_direito\/wp-content\/uploads\/2013\/06\/imagen1.jpg\" alt=\"\" width=\"122\" height=\"175\"><\/a> <strong>MULTICULTURALIDADE E CIDADANIA: OLHARES TRANSVERSAIS<\/strong> Organizadores:Florisbal de Souza Del&#8217;Olmo, Jackson Roberto Cervi e Osmar Veronese<\/p>\n<div>Editora: Milenium<\/div>\n<div>Cidade: Campinas<\/div>\n<div>Ano:2015<\/div>\n<p><a href=\"http:\/\/srvapp2s.santoangelo.uri.br\/sites\/mestrado_direito\/wp-content\/uploads\/2013\/06\/direito-e-a-interacao-na-amaerica-latina_p.jpg\"><img loading=\"lazy\" class=\"alignnone size-full wp-image-1149\" title=\"direito-e-a-interacao-na-amaerica-latina_p\" src=\"http:\/\/srvapp2s.santoangelo.uri.br\/sites\/mestrado_direito\/wp-content\/uploads\/2013\/06\/direito-e-a-interacao-na-amaerica-latina_p.jpg\" alt=\"\" width=\"150\" height=\"215\"><\/a> <strong>DIREITO E INTERA\u00c7\u00c3O NA AM\u00c9RICA LATINA<\/strong> Organizadores(as): Florisbal de Souza Del&#8217;Olmo, Gilmar Ant\u00f4nio Bedin e Marigley Leite de Ara\u00fajo<\/p>\n<div>Editora: Milenium<\/div>\n<div>Cidade: Campinas<\/div>\n<div>Ano:2015<\/div>\n<p><a href=\"http:\/\/srvapp2s.santoangelo.uri.br\/sites\/mestrado_direito\/wp-content\/uploads\/2013\/06\/DBC.jpg\"><img loading=\"lazy\" class=\"alignnone size-full wp-image-1148\" title=\"DBC\" src=\"http:\/\/srvapp2s.santoangelo.uri.br\/sites\/mestrado_direito\/wp-content\/uploads\/2013\/06\/DBC.jpg\" alt=\"\" width=\"212\" height=\"300\"><\/a> <strong>DIREITO BRASILEIRO CONTEMPOR\u00c2NEO<\/strong> Organizadores(as): Maicon Rodrigo Tauchert, Mauro Gaglietti e Nat\u00e1lia Formagini Gaglietti Editora: UNIJU\u00cd Cidade: Iju\u00ed Ano:2015 <a href=\"http:\/\/srvapp2s.santoangelo.uri.br\/sites\/mestrado_direito\/wp-content\/uploads\/2013\/06\/122659882SZ.jpg\"><img loading=\"lazy\" class=\"alignnone size-medium wp-image-1147\" title=\"122659882SZ\" src=\"http:\/\/srvapp2s.santoangelo.uri.br\/sites\/mestrado_direito\/wp-content\/uploads\/2013\/06\/122659882SZ-300x300.jpg\" alt=\"\" width=\"300\" height=\"300\"><\/a> <strong>POLICROMIAS DA DIFEREN\u00c7A: INOVA\u00c7\u00c3O SOBRE PLURALISMO, DIREITO E INTERCULTURALIDADE<\/strong> Coordenadores(as): Andr\u00e9 Leonardo Copetti Santos, Noli Bernardo Hanh e Ros\u00e2ngela Angelin Editora: Juru\u00e1 Cidade: Curitiba Ano:2015 <a href=\"http:\/\/srvapp2s.santoangelo.uri.br\/sites\/mestrado_direito\/wp-content\/uploads\/2013\/06\/13775572_1045889885498105_6081321713426714496_n.jpg\"><img loading=\"lazy\" class=\"alignnone size-medium wp-image-1146\" title=\"13775572_1045889885498105_6081321713426714496_n\" src=\"http:\/\/srvapp2s.santoangelo.uri.br\/sites\/mestrado_direito\/wp-content\/uploads\/2013\/06\/13775572_1045889885498105_6081321713426714496_n-210x300.jpg\" alt=\"\" width=\"210\" height=\"300\"><\/a> <strong>MULTICULTURALISMO, CIDADANIA E DIREITOS HUMANOS<\/strong> Organizadores(as): Jo\u00e3o Martins Bertaso, Thami Covatti Piaia e Andr\u00e9 Leonardo Copetti Santos<\/p>\n<div>Editora: FURI<\/div>\n<div>Cidade: Santo \u00c2ngelo<\/div>\n<div>Ano:2015<\/div>\n<p>&nbsp; <a href=\"http:\/\/srvapp2s.santoangelo.uri.br\/sites\/mestrado_direito\/wp-content\/uploads\/2013\/06\/13692501_1045879425499151_2908277574857362106_n.jpg\"><img loading=\"lazy\" class=\"alignnone size-medium wp-image-1145\" title=\"13692501_1045879425499151_2908277574857362106_n\" src=\"http:\/\/srvapp2s.santoangelo.uri.br\/sites\/mestrado_direito\/wp-content\/uploads\/2013\/06\/13692501_1045879425499151_2908277574857362106_n-212x300.jpg\" alt=\"\" width=\"212\" height=\"300\"><\/a> &nbsp;<\/p>\n<div><strong>CIDADANIA E DIREITOS CULTURAIS: A TUTELA JUDICIAL DAS MINORIAS HIPOSSUFICIENTES NO BRASIL<\/strong><\/div>\n<div><strong>Volume 2<\/strong><\/div>\n<div>Organizadores: Jo\u00e3o Martins Bertaso, Leonel Severo Rocha e Andr\u00e9 Leonardo Copetti Santos<\/div>\n<div>Editora: FURI<\/div>\n<div>Cidade: Santo \u00c2ngelo<\/div>\n<div>Ano:2015<\/div>\n<p><a href=\"http:\/\/srvapp2s.santoangelo.uri.br\/sites\/mestrado_direito\/wp-content\/uploads\/2013\/06\/564429_previdencia-em-tempo-de-reformas-711942_m2_635854435249168000.jpg\"><img loading=\"lazy\" class=\"alignnone size-medium wp-image-1144\" title=\"564429_previdencia-em-tempo-de-reformas-711942_m2_635854435249168000\" src=\"http:\/\/srvapp2s.santoangelo.uri.br\/sites\/mestrado_direito\/wp-content\/uploads\/2013\/06\/564429_previdencia-em-tempo-de-reformas-711942_m2_635854435249168000-300x300.jpg\" alt=\"\" width=\"300\" height=\"300\"><\/a> <strong>PREVID\u00caNCIA EM TEMPOS DE REFORMA<\/strong> Coordenadores(as):Jane L\u00facia Wilhelm Berwanger, &nbsp;Marco Aur\u00e9lio Serau Jr. e MelissaFolmann Editora: Lex Magister Cidade: Porto Alegre Ano:2015 <a href=\"http:\/\/srvapp2s.santoangelo.uri.br\/sites\/mestrado_direito\/wp-content\/uploads\/2013\/06\/24040.jpg\"><img loading=\"lazy\" class=\"alignnone size-medium wp-image-1143\" title=\"24040\" src=\"http:\/\/srvapp2s.santoangelo.uri.br\/sites\/mestrado_direito\/wp-content\/uploads\/2013\/06\/24040-211x300.jpg\" alt=\"\" width=\"211\" height=\"300\"><\/a> <strong>CONSTITUI\u00c7\u00c3O: UM OLHAR SOBRE MINORIAS VINCULADAS \u00c1 SEGURIDADE SOCIAL<\/strong> <strong>Volume 2<\/strong> Autores(as): Jane L\u00facia Wilhelm Berwanger e Osmar Veronese Editora: Juru\u00e1 Cidade: Curitiba Ano:2015 <a href=\"http:\/\/srvapp2s.santoangelo.uri.br\/sites\/mestrado_direito\/wp-content\/uploads\/2013\/06\/Livro-Constituicao-Um-Olhar-sobre-Minorias-Vinculadas-a-Seguridade-Social-Jane-Lucia-Wilhelm-Berwanger-e-Osmar-Veronese_0.jpg\"><img loading=\"lazy\" class=\"alignnone size-medium wp-image-1142\" title=\"Livro---Constituicao--Um-Olhar-sobre-Minorias-Vinculadas-a-Seguridade-Social---Jane-Lucia-Wilhelm-Berwanger-e-Osmar-Veronese_0\" src=\"http:\/\/srvapp2s.santoangelo.uri.br\/sites\/mestrado_direito\/wp-content\/uploads\/2013\/06\/Livro-Constituicao-Um-Olhar-sobre-Minorias-Vinculadas-a-Seguridade-Social-Jane-Lucia-Wilhelm-Berwanger-e-Osmar-Veronese_0-300x300.jpg\" alt=\"\" width=\"300\" height=\"300\"><\/a> <strong>CONSTITUI\u00c7\u00c3O: UM OLHAR SOBRE MINORIAS VINCULADAS \u00c1 SEGURIDADE SOCIAL<\/strong> <strong>Volume 1<\/strong> Autores(as): Jane L\u00facia Wilhelm Berwanger e Osmar Veronese Editora: Juru\u00e1 Cidade: Curitiba Ano:2014 <a href=\"http:\/\/srvapp2s.santoangelo.uri.br\/sites\/mestrado_direito\/wp-content\/uploads\/2013\/06\/imagen.jpg\"><img loading=\"lazy\" class=\"alignnone size-full wp-image-1141\" title=\"imagen\" src=\"http:\/\/srvapp2s.santoangelo.uri.br\/sites\/mestrado_direito\/wp-content\/uploads\/2013\/06\/imagen.jpg\" alt=\"\" width=\"121\" height=\"175\"><\/a> <strong>DI\u00c1LOGO E ENTENDIMENTO<\/strong> <strong>Volume 6<\/strong> Organizadores(as): Jo\u00e3o Martins Bertaso, Osmar Veronese e Thami Covatti Piaia Editora: Milenium Cidade: Campinas Ano: 2014 <a href=\"http:\/\/srvapp2s.santoangelo.uri.br\/sites\/mestrado_direito\/wp-content\/uploads\/2013\/06\/0852035237-20140924162559.jpg\"><img loading=\"lazy\" class=\"alignnone size-full wp-image-1140\" title=\"0852035237-20140924162559\" src=\"http:\/\/srvapp2s.santoangelo.uri.br\/sites\/mestrado_direito\/wp-content\/uploads\/2013\/06\/0852035237-20140924162559.jpg\" alt=\"\" width=\"140\" height=\"200\"><\/a> <strong>CURSO DE DIREITOS FUNDAMENTAIS: TEORIA E PR\u00c1TICA<\/strong> Autor: Marcelo Schenk Duque Editora: Revista dos Tribunais LTDA Cidade: Barra Funda Ano:2014 <a href=\"http:\/\/srvapp2s.santoangelo.uri.br\/sites\/mestrado_direito\/wp-content\/uploads\/2013\/06\/13718813_1045882522165508_8722416988622979521_n.jpg\"><img loading=\"lazy\" class=\"alignnone size-medium wp-image-1139\" title=\"13718813_1045882522165508_8722416988622979521_n\" src=\"http:\/\/srvapp2s.santoangelo.uri.br\/sites\/mestrado_direito\/wp-content\/uploads\/2013\/06\/13718813_1045882522165508_8722416988622979521_n-204x300.jpg\" alt=\"\" width=\"204\" height=\"300\"><\/a> <strong>MULTICULTURALISMO E DIREITO EM FOCO<\/strong> <strong>Volume 2<\/strong> Organizadores(as): Angelita Maria Maders e Ros\u00e2ngela Angelin Editora: FURI Cidade: Santo \u00c2ngelo Ano:2014 <a href=\"http:\/\/srvapp2s.santoangelo.uri.br\/sites\/mestrado_direito\/wp-content\/uploads\/2013\/06\/250116.jpg\"><img loading=\"lazy\" class=\"alignnone size-full wp-image-1138\" title=\"250116\" src=\"http:\/\/srvapp2s.santoangelo.uri.br\/sites\/mestrado_direito\/wp-content\/uploads\/2013\/06\/250116.jpg\" alt=\"\" width=\"100\" height=\"150\"><\/a> <strong>RACIONALIDADE DAS LEIS PENAIS E LEGISLA\u00c7\u00c3O PENAL SIMB\u00d3LICA<\/strong> Autores: Adalberto Narciso Hommerding e Jos\u00e9 Francisco Dias da Costa Lyra<\/p>\n<div>Editora: GZ Cidade: Rio de Janeiro<\/div>\n<div>Ano: 2014<\/div>\n<div><a href=\"http:\/\/srvapp2s.santoangelo.uri.br\/sites\/mestrado_direito\/wp-content\/uploads\/2013\/06\/imagem_439_1409657117.jpg\"><img loading=\"lazy\" class=\"alignnone size-medium wp-image-1159\" title=\"imagem_439_1409657117\" src=\"http:\/\/srvapp2s.santoangelo.uri.br\/sites\/mestrado_direito\/wp-content\/uploads\/2013\/06\/imagem_439_1409657117-206x300.jpg\" alt=\"\" width=\"206\" height=\"300\"><\/a><\/div>\n<div><strong>O NOVO NO DIREITO<\/strong><\/div>\n<div>Organizadores(as): Mauro Gaglietti, Thaise Nara Graziottin Costa e Aline Casagrande<\/div>\n<div>Editora: UNIJU\u00cd<\/div>\n<div>Cidade: Iju\u00ed<\/div>\n<div>Ano:2013<\/div>\n<div><a href=\"http:\/\/srvapp2s.santoangelo.uri.br\/sites\/mestrado_direito\/wp-content\/uploads\/2013\/06\/22912.jpg\"><img loading=\"lazy\" class=\"alignnone size-medium wp-image-1158\" title=\"22912\" src=\"http:\/\/srvapp2s.santoangelo.uri.br\/sites\/mestrado_direito\/wp-content\/uploads\/2013\/06\/22912-211x300.jpg\" alt=\"\" width=\"211\" height=\"300\"><\/a><\/div>\n<div><strong>IMIGRA\u00c7\u00c3O: CRIMINALIZA\u00c7\u00c3O E SUBSISTEMA PENAL DE EXCE\u00c7\u00c3O<\/strong><\/div>\n<div>Autor: Jos\u00e9 Francisco Dias da Costa Lyra<\/div>\n<div>Editora: Juru\u00e1 Cidade: Curitiba Ano:2013<\/div>\n<p><a href=\"http:\/\/srvapp2s.santoangelo.uri.br\/sites\/mestrado_direito\/wp-content\/uploads\/2013\/06\/sistemas-juridicos-a-dinamica-da-tecnica-topica-denilson-victor-machado-teixeira-jane-lucia-wilhelm-berwanger-ocelio-de-jesus-c-morais-8537521957_200x200-PU6e7e038.jpg\"><img loading=\"lazy\" class=\"alignnone size-full wp-image-1137\" title=\"sistemas-juridicos-a-dinamica-da-tecnica-topica-denilson-victor-machado-teixeira-jane-lucia-wilhelm-berwanger-ocelio-de-jesus-c-morais-8537521957_200x200-PU6e7e038\" src=\"http:\/\/srvapp2s.santoangelo.uri.br\/sites\/mestrado_direito\/wp-content\/uploads\/2013\/06\/sistemas-juridicos-a-dinamica-da-tecnica-topica-denilson-victor-machado-teixeira-jane-lucia-wilhelm-berwanger-ocelio-de-jesus-c-morais-8537521957_200x200-PU6e7e038.jpg\" alt=\"\" width=\"200\" height=\"200\"><\/a> <strong>SISTEMAS JUR\u00cdDICOS: A DIN\u00c2MICA DA T\u00c9CNICA T\u00d3PICA<\/strong> Autores(as): Denilson Victor Machado Teixeira, Jane L\u00facia Wilhelm Berwanger e Oc\u00e9lio de Jes\u00fas Carneiro de Morais Editora: Lumen J\u00faris Cidade: Rio de Janeiro Ano:2013 <a href=\"http:\/\/srvapp2s.santoangelo.uri.br\/sites\/mestrado_direito\/wp-content\/uploads\/2013\/06\/Livro-Direito-Privado-e-Constituicao-Marcelo-Schenk-Duque-2197948.jpg\"><img loading=\"lazy\" class=\"alignnone size-medium wp-image-1136\" title=\"Livro-Direito-Privado-e-Constituicao-Marcelo-Schenk-Duque-2197948\" src=\"http:\/\/srvapp2s.santoangelo.uri.br\/sites\/mestrado_direito\/wp-content\/uploads\/2013\/06\/Livro-Direito-Privado-e-Constituicao-Marcelo-Schenk-Duque-2197948-300x300.jpg\" alt=\"\" width=\"300\" height=\"300\"><\/a> <strong>DIREITO &nbsp;PRIVADO E CONSTITUI\u00c7\u00c3O<\/strong> Autor: Marcelo Schenk Duque Editora: Revista dos Tribunais LTDA Cidade: Barra Funda Ano:2013 <a href=\"http:\/\/srvapp2s.santoangelo.uri.br\/sites\/mestrado_direito\/wp-content\/uploads\/2013\/06\/DIREITO_PENAL_CONTEMPORANEO_NO_CENARIO_I_1394901380B.jpg\"><img loading=\"lazy\" class=\"alignnone size-medium wp-image-1135\" title=\"DIREITO_PENAL_CONTEMPORANEO_NO_CENARIO_I_1394901380B\" src=\"http:\/\/srvapp2s.santoangelo.uri.br\/sites\/mestrado_direito\/wp-content\/uploads\/2013\/06\/DIREITO_PENAL_CONTEMPORANEO_NO_CENARIO_I_1394901380B-196x300.jpg\" alt=\"\" width=\"196\" height=\"300\"><\/a> <strong>DIREITO PENAL CONTEMPOR\u00c2NEO NO CEN\u00c1RIO INTERNACIONAL<\/strong> Coordenadores: Andr\u00e9 Leonardo Copetti Santos e Florisbal de Souza Del&#8217;Olmo Editora: FURI Cidade: Santo \u00c2ngelo Ano:2013 &nbsp; <a href=\"http:\/\/srvapp2s.santoangelo.uri.br\/sites\/mestrado_direito\/wp-content\/uploads\/2013\/06\/cap.jpg\"><img loading=\"lazy\" class=\"alignnone size-medium wp-image-1134\" title=\"cap\" src=\"http:\/\/srvapp2s.santoangelo.uri.br\/sites\/mestrado_direito\/wp-content\/uploads\/2013\/06\/cap-300x300.jpg\" alt=\"\" width=\"300\" height=\"300\"><\/a> &nbsp; <strong>DI\u00c1LOGO E ENTENDIMENTO<\/strong> <strong>Volume 5 <\/strong> Organizadores(as): Adalberto Narciso Hommerding e Ros\u00e2ngela Angelin<\/p>\n<div>Editora: GZ Cidade: Rio de Janeiro<\/div>\n<div>Ano: 2013<\/div>\n<p>&nbsp; <a href=\"http:\/\/srvapp2s.santoangelo.uri.br\/sites\/mestrado_direito\/wp-content\/uploads\/2013\/06\/0859992469-20140207125346.jpg\"><img loading=\"lazy\" class=\"alignnone size-full wp-image-1133\" title=\"0859992469-20140207125346\" src=\"http:\/\/srvapp2s.santoangelo.uri.br\/sites\/mestrado_direito\/wp-content\/uploads\/2013\/06\/0859992469-20140207125346.jpg\" alt=\"\" width=\"140\" height=\"216\"><\/a> <strong>DIREITO E MULTICULTURALISMO: NO &nbsp;ESPA\u00c7O P\u00daBLICO BRASILEIRO<\/strong> Organizadores(as): Mauro Gaglietti e Angela Ara\u00fajo da Silveira Esp\u00edndola Editora: IMED Cidade: Passo Fundo Ano: 2013 &nbsp; <a href=\"http:\/\/srvapp2s.santoangelo.uri.br\/sites\/mestrado_direito\/wp-content\/uploads\/2013\/06\/0859992465-20140207125236.jpg\"><img loading=\"lazy\" class=\"alignnone size-full wp-image-1132\" title=\"0859992465-20140207125236\" src=\"http:\/\/srvapp2s.santoangelo.uri.br\/sites\/mestrado_direito\/wp-content\/uploads\/2013\/06\/0859992465-20140207125236.jpg\" alt=\"\" width=\"140\" height=\"215\"><\/a> <strong>DIREITO, CONFLITO E SOLU\u00c7\u00c3O<\/strong> Organizadores(as): Mauro Gaglietti e Ana Paula Motta Costa Editora: IMED Cidade: Passo Fundo Ano:2013 <a href=\"http:\/\/srvapp2s.santoangelo.uri.br\/sites\/mestrado_direito\/wp-content\/uploads\/2013\/06\/13775930_1045894835497610_265784704616966207_n.jpg\"><img loading=\"lazy\" class=\"alignnone size-medium wp-image-1131\" title=\"13775930_1045894835497610_265784704616966207_n\" src=\"http:\/\/srvapp2s.santoangelo.uri.br\/sites\/mestrado_direito\/wp-content\/uploads\/2013\/06\/13775930_1045894835497610_265784704616966207_n-200x300.jpg\" alt=\"\" width=\"200\" height=\"300\"><\/a><\/p>\n<div><strong>CIDADANIA E DIREITOS CULTURAIS: A TUTELA JUDICIAL DAS MINORIAS HIPOSSUFICIENTES NO BRASIL<\/strong><\/div>\n<div><strong>Volume 1<\/strong><\/div>\n<div>Organizadores: Jo\u00e3o Martins Bertaso e Andr\u00e9 Leonardo Copetti Santos<\/div>\n<div>Editora: FURI<\/div>\n<div>Cidade: Santo \u00c2ngelo<\/div>\n<div>Ano:2013<\/div>\n<div><a href=\"http:\/\/srvapp2s.santoangelo.uri.br\/sites\/mestrado_direito\/wp-content\/uploads\/2013\/06\/2818g.gif\"><img loading=\"lazy\" class=\"alignnone size-medium wp-image-1130\" title=\"2818g\" src=\"http:\/\/srvapp2s.santoangelo.uri.br\/sites\/mestrado_direito\/wp-content\/uploads\/2013\/06\/2818g-209x300.gif\" alt=\"\" width=\"209\" height=\"300\"><\/a><\/div>\n<div><strong>DIREITOS FUNDAMENTAIS E CIDADANIA: A BUSCA PELA EFETIVIDADE<\/strong><\/div>\n<div>Organizadores(as): Florisbal de Souza Del&#8217;Olmo, Charlise Paula Colet Gimenez e Taciana Marconatto Damo Cervi<\/div>\n<div>Editora: Milenium<\/div>\n<div>Cidade: Campinas<\/div>\n<div>Ano:2013<\/div>\n<div><a href=\"http:\/\/srvapp2s.santoangelo.uri.br\/sites\/mestrado_direito\/wp-content\/uploads\/2013\/06\/13781750_1045889508831476_885969627357070129_n.jpg\"><img loading=\"lazy\" class=\"alignnone size-medium wp-image-1129\" title=\"13781750_1045889508831476_885969627357070129_n\" src=\"http:\/\/srvapp2s.santoangelo.uri.br\/sites\/mestrado_direito\/wp-content\/uploads\/2013\/06\/13781750_1045889508831476_885969627357070129_n-224x300.jpg\" alt=\"\" width=\"224\" height=\"300\"><\/a><\/div>\n<div><strong>PODER JUDICI\u00c1RIO E CIDADANIA: A VULNERABILIDADE SOCIAL NOS TRIBUNAIS BRASILEIROS<\/strong><\/div>\n<div>Organizadores: Andr\u00e9 Leonardo Copetti Santos, Jo\u00e3o Martins Bertaso e Evelyne Freistedt<\/div>\n<div>Editora: FURI<\/div>\n<div>\n<div>Cidade: Santo \u00c2ngelo<\/div>\n<div>Ano:2012<\/div>\n<\/div>\n<div><a href=\"http:\/\/srvapp2s.santoangelo.uri.br\/sites\/mestrado_direito\/wp-content\/uploads\/2013\/06\/22687.jpg\"><img loading=\"lazy\" class=\"alignnone size-medium wp-image-1160\" title=\"22687\" src=\"http:\/\/srvapp2s.santoangelo.uri.br\/sites\/mestrado_direito\/wp-content\/uploads\/2013\/06\/22687-211x300.jpg\" alt=\"\" width=\"211\" height=\"300\"><\/a><\/div>\n<div><strong>TEOR\u00cdA DE LA LEGISLACI\u00d3N Y DERECHO COMO INTEGRIDAD<\/strong><\/div>\n<div>Autor: Adalberto Narciso Hommerding<\/div>\n<div>Editora: Juru\u00e1<\/div>\n<div>Cidade: Curitiba<\/div>\n<div>Ano:2012<\/div>\n<div><a href=\"http:\/\/srvapp2s.santoangelo.uri.br\/sites\/mestrado_direito\/wp-content\/uploads\/2013\/06\/13754704_1045893218831105_614141591456098008_n.jpg\"><img loading=\"lazy\" class=\"alignnone size-medium wp-image-1128\" title=\"13754704_1045893218831105_614141591456098008_n\" src=\"http:\/\/srvapp2s.santoangelo.uri.br\/sites\/mestrado_direito\/wp-content\/uploads\/2013\/06\/13754704_1045893218831105_614141591456098008_n-197x300.jpg\" alt=\"\" width=\"197\" height=\"300\"><\/a><\/div>\n<div><strong>MULTICULTURALISMO E DIREITO EM FOCO<\/strong><\/div>\n<div>Organizadores(as): Angelita Maria Maders e Ros\u00e2ngela Angelin<\/div>\n<div>Editora: FURI<\/div>\n<div>Cidade: Santo \u00c2ngelo<\/div>\n<div>Ano:2012<\/div>\n<div><a href=\"http:\/\/srvapp2s.santoangelo.uri.br\/sites\/mestrado_direito\/wp-content\/uploads\/2013\/06\/13710064_1045894588830968_4081769821546945497_n.jpg\"><img loading=\"lazy\" class=\"alignnone size-medium wp-image-1127\" title=\"13710064_1045894588830968_4081769821546945497_n\" src=\"http:\/\/srvapp2s.santoangelo.uri.br\/sites\/mestrado_direito\/wp-content\/uploads\/2013\/06\/13710064_1045894588830968_4081769821546945497_n-201x300.jpg\" alt=\"\" width=\"201\" height=\"300\"><\/a><\/div>\n<div>\n<div><strong>DIREITOS HUMANOS E SOCIAIS: \u00c1 LUZ DA TEORIA DA COMPLEXIDADE DE EDGAR MORIN<\/strong><\/div>\n<div><strong>Volume 1<\/strong><\/div>\n<div>Organizadores(as): Angelita Maria Maders e Ros\u00e2ngela Angelin<\/div>\n<div>Editora: EDIURI<\/div>\n<div>Cidade: Santo \u00c2ngelo<\/div>\n<div>Ano:2012<\/div>\n<\/div>\n<div><a href=\"http:\/\/srvapp2s.santoangelo.uri.br\/sites\/mestrado_direito\/wp-content\/uploads\/2013\/06\/13700187_1045893638831063_8606982469086095430_n.jpg\"><img loading=\"lazy\" class=\"alignnone size-medium wp-image-1126\" title=\"13700187_1045893638831063_8606982469086095430_n\" src=\"http:\/\/srvapp2s.santoangelo.uri.br\/sites\/mestrado_direito\/wp-content\/uploads\/2013\/06\/13700187_1045893638831063_8606982469086095430_n-197x300.jpg\" alt=\"\" width=\"197\" height=\"300\"><\/a><\/div>\n<div><strong>DIREITOS HUMANOS E SOCIAIS: \u00c1 LUZ DA TEORIA DA COMPLEXIDADE DE EDGAR MORIN<\/strong><\/div>\n<div><strong>Volume 2<\/strong><\/div>\n<div>Organizadores(as): Angelita Maria Maders e Ros\u00e2ngela Angelin<\/div>\n<div>Editora: EdiURI<\/div>\n<div>Cidade: Santo \u00c2ngelo<\/div>\n<div>Ano:2012<\/div>\n<div><a href=\"http:\/\/srvapp2s.santoangelo.uri.br\/sites\/mestrado_direito\/wp-content\/uploads\/2013\/06\/Vertentes-Do-Direito-Internacional-Contemporaneo-E-Cidadania-6991154.jpg\"><img loading=\"lazy\" class=\"alignnone size-medium wp-image-1163\" title=\"Vertentes-Do-Direito-Internacional-Contemporaneo-E-Cidadania-6991154\" src=\"http:\/\/srvapp2s.santoangelo.uri.br\/sites\/mestrado_direito\/wp-content\/uploads\/2013\/06\/Vertentes-Do-Direito-Internacional-Contemporaneo-E-Cidadania-6991154-300x300.jpg\" alt=\"\" width=\"300\" height=\"300\"><\/a><\/div>\n<div>&nbsp;<\/div>\n<div><strong>VERTENTES DO DIREITO INTERNACIONAL CONTEMPOR\u00c2NEO E CIDADANIA<\/strong><\/div>\n<div>Organizadores(as): Florisbal de Souza Del&#8217;Olmo, Mara Darcanchy e Liana Maria Feix Suski<\/div>\n<div>Editora: Millenium<\/div>\n<div>Cidade: Campinas<\/div>\n<div>Ano: 2012<\/div>\n<div>&nbsp;<\/div>\n<div><a href=\"http:\/\/srvapp2s.santoangelo.uri.br\/sites\/mestrado_direito\/wp-content\/uploads\/2013\/06\/Cidadania_capa-URI_bertaso-certa2.jpg\"><img loading=\"lazy\" class=\"alignnone size-thumbnail wp-image-201\" title=\"Cidadania_capa URI_bertaso certa\" src=\"http:\/\/srvapp2s.santoangelo.uri.br\/sites\/mestrado_direito\/wp-content\/uploads\/2013\/06\/Cidadania_capa-URI_bertaso-certa2-150x150.jpg\" alt=\"\" width=\"150\" height=\"150\"><\/a><\/div>\n<div><strong>CIDADANIA DIVERSIDADE RECONHECIMENTO<\/strong>&#8211; <strong>2\u00b0 Edi\u00e7\u00e3o Reeditada<\/strong><\/div>\n<div>Organizador: Jo\u00e3o Martins Bertaso<\/div>\n<div><span style=\"font-family: 'Times New Roman','serif'; font-size: 12pt; mso-fareast-font-family: 'Times New Roman'; mso-fareast-language: PT-BR;\">Editora: FURI<\/span><\/div>\n<div><span style=\"font-family: 'Times New Roman','serif'; font-size: 12pt; mso-fareast-font-family: 'Times New Roman'; mso-fareast-language: PT-BR;\">Cidade: Santo \u00c2ngelo<\/span><\/div>\n<div><span style=\"font-family: 'Times New Roman','serif'; font-size: 12pt; mso-fareast-font-family: 'Times New Roman'; mso-fareast-language: PT-BR;\">Ano: 2012<\/span><\/div>\n<div><!--more--><\/div>\n<div><a href=\"http:\/\/srvapp2s.santoangelo.uri.br\/sites\/mestrado_direito\/wp-content\/uploads\/2013\/06\/dialogoeentendimentovl4_173x250.jpg\"><img loading=\"lazy\" class=\"alignnone size-full wp-image-178\" title=\"dialogoeentendimentovl4_173x250\" src=\"http:\/\/srvapp2s.santoangelo.uri.br\/sites\/mestrado_direito\/wp-content\/uploads\/2013\/06\/dialogoeentendimentovl4_173x250.jpg\" alt=\"\" width=\"173\" height=\"250\"><\/a><\/div>\n<div style=\"text-align: left;\"><strong>DI\u00c1LOGO E ENTENDIMENTO<\/strong><\/div>\n<div><strong>Volume 4<\/strong><br>Direito e Multiculturalismo &amp; Pol\u00edticas de Cidadania e Resolu\u00e7\u00f5es de Conflito<br>Organizadores: Jo\u00e3o Martins Bertaso e Liliana Locatelli<br>Editora: GZ<br>Cidade: Rio de Janeiro<\/div>\n<div>Ano: 2012<\/div>\n<div><!--more--> <a title=\"Blog Media\u00e7\u00e3o e Justi\u00e7a Restaurativa\" href=\"http:\/\/mediacaojusticarestaurativa.blogspot.com.br\/\" target=\"_blank\" rel=\"noopener\"><img loading=\"lazy\" src=\"http:\/\/3.bp.blogspot.com\/-Wvk5W5KE81U\/TvndnSH-Y9I\/AAAAAAAABJc\/lfKp1yUMytA\/s1600\/Untitled-6.jpg\" alt=\" \" width=\"200\" height=\"97\" border=\"0\"><\/a><\/div>\n<div>Blog: MEDIA\u00c7\u00c3O DE CONFLITOS E JUSTI\u00c7A RESTAURATIVA, <a title=\"Blog Media\u00e7\u00e3o e Justi\u00e7a Restaurativa\" href=\"http:\/\/mediacaojusticarestaurativa.blogspot.com.br\/\" target=\"_blank\" rel=\"noopener\">clique aqui!<\/a><\/div>\n<hr>\n<div><span style=\"font-size: small;\"><strong><span style=\"color: #009900;\"><img loading=\"lazy\" src=\"http:\/\/www.urisan.tche.br\/admin\/upload\/capa%20revista%20sem%20numero.jpg\" alt=\" \" width=\"110\" height=\"173\" border=\"0\"> <\/span><\/strong><\/span><span style=\"font-size: small;\"><strong><span style=\"color: #0066cc;\"><span style=\"color: #000000;\">DIREITOS CULTURAIS<\/span><\/span><\/strong><\/span><\/div>\n<div>&nbsp;<\/div>\n<div>Revista do Programa de P\u00f3s-Gradua\u00e7\u00e3o em Direito da URI<\/div>\n<div>(Publica\u00e7\u00e3o Semestral &#8211; impressa e <a href=\"http:\/\/srvapp2s.urisan.tche.br\/seer\/index.php\/direitosculturais\" target=\"_blank\" rel=\"noopener\">on-line<\/a>)<\/div>\n<hr>\n<div style=\"text-align: center;\"><img loading=\"lazy\" title=\"REVISTA DIREITO E JUSTI\u00c7A: REFLEX\u00d5ES SOCIOJUR\u00cdDICAS\" src=\"http:\/\/srvapp2s.urisan.tche.br\/seer\/public\/journals\/3\/homepageImage_pt_BR.jpg\" alt=\"REVISTA DIREITO E JUSTI\u00c7A: REFLEX\u00d5ES SOCIOJUR\u00cdDICAS\" width=\"116\" height=\"169\" border=\"0\"><\/div>\n<h2>REVISTA DIREITO E JUSTI\u00c7A: REFLEX\u00d5ES SOCIOJUR\u00cdDICAS<\/h2>\n<div><span style=\"font-size: small;\"><span style=\"line-height: 115%; color: #000000;\"><span style=\"line-height: 115%; color: #000000;\"><span style=\"line-height: 115%; color: #000000;\">Revista Direito e Justi\u00e7a: Reflex\u00f5es Sociojur\u00eddicas, vinculada ao Curso <\/span><\/span><\/span><span style=\"line-height: 115%; color: #000000;\"><span style=\"line-height: 115%; color: #000000;\"><span style=\"line-height: 115%; color: #000000;\">de Direito da URI &#8211; <em>Campus<\/em> de Santo \u00c2ngelo &#8211; RS.<\/span><\/span><\/span><\/span><\/div>\n<div><span style=\"font-size: small;\"><span style=\"line-height: 115%; color: #000000;\"><span style=\"line-height: 115%; color: #000000;\"><span style=\"line-height: 115%; color: #000000;\">(Publica\u00e7\u00e3o semestral &#8211; impressa e <a title=\"Revista Direito e Justi\u00e7a: Reflex\u00f5es Sociojur\u00eddicas\" href=\"http:\/\/srvapp2s.urisan.tche.br\/seer\/index.php\/direito_e_justica\" target=\"_blank\" rel=\"noopener\">on-line<\/a> )<\/span><\/span><\/span><\/span><\/div>\n<div><span style=\"font-size: small;\"><span style=\"line-height: 115%; color: #000000;\"><span style=\"line-height: 115%; color: #000000;\"><span style=\"line-height: 115%; color: #000000;\">&nbsp;<\/span><\/span><\/span><\/span><\/div>\n<div>&nbsp;<\/div>\n<div><span style=\"font-size: small;\"> <a href=\"http:\/\/srvapp2s.santoangelo.uri.br\/sites\/mestrado_direito\/wp-content\/uploads\/2013\/06\/756732_Vitrine1.jpg\"><img loading=\"lazy\" class=\"alignnone size-medium wp-image-1125\" title=\"756732_Vitrine\" src=\"http:\/\/srvapp2s.santoangelo.uri.br\/sites\/mestrado_direito\/wp-content\/uploads\/2013\/06\/756732_Vitrine1-300x300.jpg\" alt=\"\" width=\"300\" height=\"300\"><\/a><\/span><\/div>\n<div><strong>A SOCIEDADE INTERNACIONAL CL\u00c1SSICA<\/strong><\/div>\n<div>Autor: Gilmar Ant\u00f4nio Bedin<\/div>\n<div>Editora: Uniju\u00ed<\/div>\n<div>Cidade: Iju\u00ed<\/div>\n<div>Ano: 2011<\/div>\n<div>\n<hr>\n<div><strong><img loading=\"lazy\" src=\"http:\/\/www.urisan.tche.br\/admin\/upload\/capa%20escolhida%20Bertaso.png\" alt=\" \" width=\"124\" height=\"175\" border=\"0\"> CIDADANIA E INTERCULTURALIDADE<\/strong><\/div>\n<div>&nbsp;<\/div>\n<div><span style=\"font-size: x-small;\">Organizador: Jo\u00e3o Martins Bertaso<\/span><\/div>\n<div>Editora: FURI<\/div>\n<div>Cidade: Santo \u00c2ngelo<\/div>\n<div>Ano: 2010<\/div>\n<div>Sum\u00e1rio: <a href=\"http:\/\/www.urisan.tche.br\/admin\/upload\/bertasosumario.pdf\" target=\"_blank\" rel=\"noopener\">clique aqui<\/a><br><strong><img loading=\"lazy\" src=\"http:\/\/www.urisan.tche.br\/admin\/upload\/multiculturalismo%20capa%20livro%20somente%20para%20visualizacao.jpg\" alt=\" \" width=\"130\" height=\"174\" border=\"0\"> MULTICULTURALISMO EM FOCO<\/strong><\/div>\n<div>&nbsp;<\/div>\n<div><span style=\"font-size: x-small;\">Organizadoras: Angelita Maria Maders e Ros\u00e2ngela Angelin<\/span><\/div>\n<div>Editora: FURI<\/div>\n<div>Cidade: Santo \u00c2ngelo<\/div>\n<div>Ano: 2010<\/div>\n<div>Sum\u00e1rio: <a href=\"http:\/\/www.urisan.tche.br\/admin\/upload\/sumario.pdf\" target=\"_blank\" rel=\"noopener\">clique aqui<\/a><\/div>\n<div>&nbsp;<\/div>\n<\/div>\n<div><strong><img loading=\"lazy\" src=\"http:\/\/www.urisan.tche.br\/admin\/upload\/capa.jpg\" alt=\" \" width=\"166\" height=\"147\" border=\"0\"> DI\u00c1LOGO E ENTENDIMENTO<\/strong><\/div>\n<div>&nbsp;<\/div>\n<div>&nbsp;<\/div>\n<div>&nbsp;<\/div>\n<div>&nbsp;<\/div>\n<div>&nbsp;<\/div>\n<div>&nbsp;<\/div>\n<p><\/p>\n<div><strong><span style=\"font-size: x-small;\">Volume 2<\/span><\/strong><\/div>\n<p><\/p>\n<p><\/p>\n<div>Direito e Multiculturalismo &amp; Cidadania e Novas Formas de Solu\u00e7\u00e3o de Conflitos<\/div>\n<div><span style=\"font-size: x-small;\">Organizadores: Andr\u00e9 Leonardo Copetti Santos e Florisbal de Souza Del\u2019Olmo<\/span><\/div>\n<div>Editora: Forense<\/div>\n<div>Cidade: Rio de Janeiro<\/div>\n<div>Ano: 2010<\/div>\n<div style=\"text-align: center;\"><strong><img loading=\"lazy\" src=\"http:\/\/www.urisan.tche.br\/admin\/upload\/dialogoeentendimento.jpg\" alt=\" \" width=\"110\" height=\"165\" border=\"0\"> DI\u00c1LOGO E ENTENDIMENTO<\/strong><\/div>\n<div>Direito e Multiculturalismo &amp; Cidadania e Novas Formas de Solu\u00e7\u00e3o de Conflitos<\/div>\n<div><span style=\"font-size: x-small;\">Organizadores: Andr\u00e9 Leonardo Copetti Santos e Florisbal de Souza Del\u2019Olmo<\/span><\/div>\n<div>Editora: Forense<\/div>\n<div>Cidade: Rio de Janeiro<\/div>\n<div>Ano: 2009<\/div>\n<div style=\"text-align: center;\"><img loading=\"lazy\" src=\"http:\/\/www.urisan.tche.br\/admin\/upload\/direito-multiculturalismo-cidadania.jpg\" alt=\" \" width=\"110\" height=\"153\" border=\"0\"> <strong>DIREITO, MULTICULTURALISMO E CIDADANIA<\/strong><\/div>\n<div><span style=\"font-size: x-small;\">Organiza\u00e7\u00e3o: Noli Bernardo Hahn e Paulo Vargas Groff<\/span><\/div>\n<div>Editora: FURI<\/div>\n<div>Cidade: Santo \u00c2ngelo<\/div>\n<div>Ano: 2009<\/div>\n<div>Sum\u00e1rio: <a href=\"http:\/\/www.urisan.tche.br\/admin\/upload\/direito-multiculturalismo-cidadania.pdf\" target=\"_blank\" rel=\"noopener\">clique aqui<\/a><\/div>\n<div style=\"text-align: center;\"><strong><img loading=\"lazy\" src=\"http:\/\/www.urisan.tche.br\/admin\/upload\/cidadania-diversidade-reconhecimento.jpg\" alt=\" \" width=\"110\" height=\"154\" border=\"0\"> CIDADANIA \u2013 DIVERSIDADE \u2013 RECONHECIMENTO<\/strong><\/div>\n<div>Produ\u00e7\u00e3o Associada ao Projeto de Pesquisa<\/div>\n<div>\u201cCidadania em Sociedades Multiculturais: Incluindo o Reconhecimento\u201d<\/div>\n<div><span style=\"font-size: x-small;\">Organizador: Jo\u00e3o Martins Bertaso<\/span><\/div>\n<div>Editora: FURI<\/div>\n<div>Cidade: Santo \u00c2ngelo<\/div>\n<div>Ano: 2009<\/div>\n<div>Sum\u00e1rio: <a href=\"http:\/\/www.urisan.tche.br\/admin\/upload\/cidadania-diversidade-reconhecimento.pdf\" target=\"_blank\" rel=\"noopener\">clique aqui<\/a><\/div>\n<div style=\"text-align: center;\"><img loading=\"lazy\" src=\"http:\/\/www.urisan.tche.br\/admin\/upload\/anais-III-congresso.jpg\" alt=\" \" width=\"110\" height=\"152\" border=\"0\"> <strong>ANAIS<\/strong><\/div>\n<div>&nbsp;<\/div>\n<div>III CONGRESSO DE DIREITO, MULTICULTURALISMO E CIDADANIA<\/div>\n<div>1\u00ba ENCONTRO INTERNACIONAL DE ANTROPOLOGIA E DIREITO<\/div>\n<div><span style=\"font-size: x-small;\">Organizadores: Andr\u00e9 Leonardo Copetti Santos, Noli Bernardo Hahn e Paulo Vanderlei Vargas Groff<\/span><\/div>\n<div>Editora: FURI<\/div>\n<div>Cidade: Santo \u00c2ngelo<\/div>\n<div>Ano: 2009<\/div>\n<div>Sum\u00e1rio: <a href=\"http:\/\/www.urisan.tche.br\/admin\/upload\/anais-III-congresso.pdf\" target=\"_blank\" rel=\"noopener\">clique aqui<\/a><\/div>\n<div style=\"text-align: center;\"><strong><img loading=\"lazy\" src=\"http:\/\/www.urisan.tche.br\/admin\/upload\/anais-II-congresso.jpg\" alt=\" \" width=\"110\" height=\"147\" border=\"0\"> ANAIS<\/strong><\/div>\n<div>&nbsp;<\/div>\n<div>II CONGRESSO DE DIREITO, MULTICULTURALISMO E CIDADANIA<\/div>\n<div><span style=\"font-size: x-small;\">Organizadores: Noli Bernardo Hahn e Paulo Vanderlei Vargas Groff<\/span><\/div>\n<div>Editora: EDIURI<\/div>\n<div>Cidade: Santo \u00c2ngelo<\/div>\n<div>Ano: 2008<\/div>\n<div>Sum\u00e1rio: <a href=\"http:\/\/www.urisan.tche.br\/admin\/upload\/anais-II-congresso.pdf\" target=\"_blank\" rel=\"noopener\">clique aqui<\/a><\/div>\n<div style=\"text-align: center;\"><strong><img loading=\"lazy\" src=\"http:\/\/www.urisan.tche.br\/admin\/upload\/faces-do-multiculturalismo.jpg\" alt=\" \" width=\"110\" height=\"162\" border=\"0\"> FACES DO MULTICULTURALISMO<\/strong><\/div>\n<div>Teoria \u2013 Pol\u00edtica \u2013 Direito<\/div>\n<div><span style=\"font-size: x-small;\">Organizador: Jos\u00e9 Alceb\u00edades de Oliveira Junior<\/span><\/div>\n<div>Editora: EDIURI<\/div>\n<div>Cidade: Santo \u00c2ngelo<\/div>\n<div>Ano: 2007<\/div>\n<div>Sum\u00e1rio: <a href=\"http:\/\/www.urisan.tche.br\/admin\/upload\/faces-do-multiculturalismo.pdf\" target=\"_blank\" rel=\"noopener\">clique aqui<\/a><\/div>\n<div>&nbsp;<\/div>\n<p>&#8211;&gt;<\/p>\n\n\n<h2 class=\"has-text-align-center\">Di\u00e1logo e Entendimento<\/h2>\n\n\n\n<figure class=\"wp-block-image size-full\"><img loading=\"lazy\" width=\"300\" height=\"416\" src=\"https:\/\/san.uri.br\/mestrado_direito\/wp-content\/uploads\/2024\/01\/WhatsApp-Image-2024-01-03-at-16.25.11.jpeg\" alt=\"\" class=\"wp-image-4361\" srcset=\"https:\/\/san.uri.br\/mestrado_direito\/wp-content\/uploads\/2024\/01\/WhatsApp-Image-2024-01-03-at-16.25.11.jpeg 300w, https:\/\/san.uri.br\/mestrado_direito\/wp-content\/uploads\/2024\/01\/WhatsApp-Image-2024-01-03-at-16.25.11-216x300.jpeg 216w\" sizes=\"(max-width: 300px) 100vw, 300px\" \/><\/figure>\n\n\n\n<p>Organizadores: Taciana Marconatto Damo Cervi e Adalberto Narciso Hommerding<\/p>\n\n\n\n<p>Editora: Ilustra\u00e7\u00e3o <\/p>\n\n\n\n<p>Ano: 2023<\/p>\n\n\n\n<p>Acesso a obra completa: https:\/\/editorailustracao.com.br\/livro\/dialogo-e-entendimento<\/p>\n","protected":false},"excerpt":{"rendered":"<p>Aten\u00e7\u00e3o: Para editar essa pagina crie um novo post Acrescente a categoria Publica\u00e7\u00f5es. &lt;!&#8211; SEGURADO ESPECIAL: NOVAS TESES E DISCUSS\u00d5ES Autor(a): Jane L\u00facia Wilhelm Berwanger Editora: Juru\u00e1 Cidade: Curitiba Ano:2016 DIREITO PENAL E HERMEN\u00caUTICA: UMA RESPOSTA CONSTITUCIONAL AO ESTADO DE EXCE\u00c7\u00c3O Autores: Adalberto Narciso Hommerding e Jos\u00e9 Francisco Dias da Costa Lyra Editora: Juru\u00e1 Cidade: [&hellip;]<\/p>\n","protected":false},"author":1,"featured_media":0,"parent":0,"menu_order":0,"comment_status":"closed","ping_status":"closed","template":"page_publicacoes.php","meta":[],"_links":{"self":[{"href":"https:\/\/san.uri.br\/mestrado_direito\/index.php\/wp-json\/wp\/v2\/pages\/96"}],"collection":[{"href":"https:\/\/san.uri.br\/mestrado_direito\/index.php\/wp-json\/wp\/v2\/pages"}],"about":[{"href":"https:\/\/san.uri.br\/mestrado_direito\/index.php\/wp-json\/wp\/v2\/types\/page"}],"author":[{"embeddable":true,"href":"https:\/\/san.uri.br\/mestrado_direito\/index.php\/wp-json\/wp\/v2\/users\/1"}],"replies":[{"embeddable":true,"href":"https:\/\/san.uri.br\/mestrado_direito\/index.php\/wp-json\/wp\/v2\/comments?post=96"}],"version-history":[{"count":3,"href":"https:\/\/san.uri.br\/mestrado_direito\/index.php\/wp-json\/wp\/v2\/pages\/96\/revisions"}],"predecessor-version":[{"id":4363,"href":"https:\/\/san.uri.br\/mestrado_direito\/index.php\/wp-json\/wp\/v2\/pages\/96\/revisions\/4363"}],"wp:attachment":[{"href":"https:\/\/san.uri.br\/mestrado_direito\/index.php\/wp-json\/wp\/v2\/media?parent=96"}],"curies":[{"name":"wp","href":"https:\/\/api.w.org\/{rel}","templated":true}]}}