{"id":4694,"date":"2025-02-05T13:44:47","date_gmt":"2025-02-05T16:44:47","guid":{"rendered":"https:\/\/san.uri.br\/mestrado_direito\/?page_id=4694"},"modified":"2025-02-10T14:12:11","modified_gmt":"2025-02-10T17:12:11","slug":"turma-2022","status":"publish","type":"page","link":"https:\/\/san.uri.br\/mestrado_direito\/index.php\/mestrado\/publicacoes-egressos\/turma-2022\/","title":{"rendered":"Turma 2022"},"content":{"rendered":"\n<h2>MAGDA HELENA FERNANDES MEDINA PEREIRA<\/h2>\n\n\n\n<p><strong>Curr\u00edculo Lattes: <\/strong><a href=\"http:\/\/lattes.cnpq.br\/4976722797820235\">http:\/\/lattes.cnpq.br\/4976722797820235<\/a><\/p>\n\n\n\n<p><strong>Produ\u00e7\u00f5es<\/strong>: <\/p>\n\n\n\n<p><strong>Produ\u00e7\u00f5es bibliogr\u00e1ficas <\/strong><\/p>\n\n\n\n<p><strong>Artigos completos publicados em peri\u00f3dicos<\/strong><\/p>\n\n\n\n<p><strong>1.<\/strong><img loading=\"lazy\" width=\"13\" height=\"13\" src=\"\" alt=\"https:\/\/buscatextual.cnpq.br\/buscatextual\/images\/curriculo\/ico_relevante.gif\">&nbsp;<a href=\"http:\/\/lattes.cnpq.br\/4976722797820235\" target=\"_blank\" rel=\"noreferrer noopener\"><strong>MEDINA PEREIRA, Magda H F<\/strong><\/a>;&nbsp;<a href=\"http:\/\/lattes.cnpq.br\/3283434447576859\" target=\"_blank\" rel=\"noreferrer noopener\">ROCHA, Leonel Severo<\/a>&nbsp;. O PARADOXO JUR\u00cdDICO DAS M\u00c3ES DE HAIA: DE V\u00cdTIMAS A SEQUESTRADORAS INTERNACIONAIS DE SEUS FILHOS. Revista CNJ, v. 8, p. 147-164, 2024.<\/p>\n\n\n\n<p><strong>Livros publicados\/organizados ou edi\u00e7\u00f5es<\/strong><\/p>\n\n\n\n<p><strong>1.<\/strong><a href=\"http:\/\/lattes.cnpq.br\/4976722797820235\" target=\"_blank\" rel=\"noreferrer noopener\"><strong>MEDINA, Magda Helena Fernandes<\/strong><\/a>. Retalhos &#8211; contos e microcontos &#8211; V\u00e1rios autores. 1. ed. S\u00e3o Paulo: Andross Editora, 2007. v. 1. 158p .<\/p>\n\n\n\n<p><strong>2.<\/strong><a href=\"http:\/\/lattes.cnpq.br\/4976722797820235\" target=\"_blank\" rel=\"noreferrer noopener\"><strong>MEDINA, Magda Helena Fernandes<\/strong><\/a>. Mosaico Antologia Po\u00e9tica. 1. ed. S\u00e3o Paulo: Andross Editora e Eventos Educacionais, 2006. v. 1. 204p .<\/p>\n\n\n\n<p><strong>3.<\/strong><a href=\"http:\/\/lattes.cnpq.br\/4976722797820235\" target=\"_blank\" rel=\"noreferrer noopener\"><strong>MEDINA, Magda Helena Fernandes<\/strong><\/a>. Terra Latina &#8211; Antologia Internacional 2005. 1. ed. Curitiba: ABRALI, 2005.<\/p>\n\n\n\n<p><strong>Cap\u00edtulos de livros publicados<\/strong><\/p>\n\n\n\n<p><strong>1.<\/strong><a href=\"http:\/\/lattes.cnpq.br\/4976722797820235\" target=\"_blank\" rel=\"noreferrer noopener\"><strong>MEDINA, Magda Helena Fernandes<\/strong><\/a>;&nbsp;<a href=\"http:\/\/lattes.cnpq.br\/3283434447576859\" target=\"_blank\" rel=\"noreferrer noopener\">ROCHA, Leonel Severo<\/a>&nbsp;. GRUPOS DE VULNER\u00c1VEIS (EXCLU\u00cdDOS) E A (BIO)POL\u00cdTICA DAS RUAS SOB AS PERSPECTIVAS DE WARAT, BUTLER E JORGE AMADO: A UNI\u00c3O DE CORPOS EM MOVIMENTO DE RESIST\u00caNCIA DEMOCR\u00c1TICA. In: Noli Bernardo Hahn &#8230; [et al.]. (Org.). Direito e cidadania em debate. 1ed.Cruz Alta\/RS: Editora Ilustra\u00e7\u00e3o, 2024, v. 2, p. 251-265.<\/p>\n\n\n\n<p><a><\/a><strong>Textos em jornais de not\u00edcias\/revistas<\/strong><\/p>\n\n\n\n<p><strong>1.<\/strong><a href=\"http:\/\/lattes.cnpq.br\/4976722797820235\" target=\"_blank\" rel=\"noreferrer noopener\"><strong>MEDINA, Magda Helena Fernandes<\/strong><\/a>. Valioso Momento &#8211; poesia. Jornal Intervalo &#8211; Curta Poesia (Ano II), Rio de Janeiro\/RS, p. 11 &#8211; 11, 02 mar. 2006.<\/p>\n\n\n\n<p><strong>Trabalhos completos publicados em anais de congressos<\/strong><\/p>\n\n\n\n<p><strong>1.<\/strong><a href=\"http:\/\/lattes.cnpq.br\/4976722797820235\" target=\"_blank\" rel=\"noreferrer noopener\"><strong>MEDINA, Magda Helena Fernandes<\/strong><\/a>;&nbsp;<a href=\"http:\/\/lattes.cnpq.br\/3283434447576859\" target=\"_blank\" rel=\"noreferrer noopener\">ROCHA, Leonel Severo<\/a>&nbsp;. ?A SENDA DO PARADOXO DAS M\u00c3ES DE HAIA E A (IM)POSSIBILIDADE DE PRODU\u00c7\u00c3O DE UM NOVO DIREITO INTERCULTURAL SOB O VI\u00c9S DO DIREITO REFLEXIVO TEUBNERIANO?. In: VII Encontro Virtual do CONPEDI, 2024, Florian\u00f3polis\/SC. VII Encontro Virtual do CONPEDI &#8211; Filosofia do direito, Hermen\u00eautica jur\u00eddica e C\u00e1tedra Lu\u00eds Alberto Warat. Florian\u00f3polis\/SC: CONPEDI, 2024. p. 70-86.<\/p>\n\n\n\n<p><strong>2.<\/strong><a href=\"http:\/\/lattes.cnpq.br\/4976722797820235\" target=\"_blank\" rel=\"noreferrer noopener\"><strong>MEDINA PEREIRA, Magda H F<\/strong><\/a>;&nbsp;<a href=\"http:\/\/lattes.cnpq.br\/3283434447576859\" target=\"_blank\" rel=\"noreferrer noopener\">ROCHA, Leonel Severo<\/a>&nbsp;; BONFADA, F. B. ; TRAMONTINA, R. ; FARIAS, Horacio U. R. ; COSTA, Bernardo L. C. . LINGUAGEM DO DIREITO: UMA BREVE AN\u00c1LISE \u00c0 LUZ DA TEORIA DE NIKLAS LUHMANN E DA CR\u00cdTICA DE LUIS ALBERTO WARAT. In: XIII ENCONTRO INTERNACIONAL DO CONPEDI, 2024, Montevide\u00fa (Uruguay). XIII ENCONTRO INTERNACIONAL DO CONPEDI URUGUAI ? MONTEVID\u00c9U FILOSOFIA DO DIREITO, HERMEN\u00caUTICA JUR\u00cdDICA, LITERATURA E LINGUAGEM I. Florian\u00f3polis\/SC: CONPEDI, 2024. p. 77-93.<\/p>\n\n\n\n<p><strong>Resumos expandidos publicados em anais de congressos<\/strong><\/p>\n\n\n\n<p><strong>1.<\/strong><a href=\"http:\/\/lattes.cnpq.br\/4976722797820235\" target=\"_blank\" rel=\"noreferrer noopener\"><strong>MEDINA, Magda Helena Fernandes<\/strong><\/a>; SHUBERT JUNIOR, REN\u00ca CARLOS . UMA LEITURA PROCEDIMENTAL DO INCIDENTE DE DESCONSIDERA\u00c7\u00c3O DA PERSONALIDADE JUR\u00cdDICA A PARTIR DO CPC\/15 E O ART. 5\u00ba, INC. LV, DA CRFB. In: XIX JORNADA DE INICIA\u00c7\u00c3O CIENT\u00cdFICA E MOSTRA DE ESTUDOS JUR\u00cdDICOS E SOCIAIS, 2020, SANTA ROSA\/RS. XIX JORNADA DE INICIA\u00c7\u00c3O CIENT\u00cdFICA E MOSTRA DE ESTUDOS JUR\u00cdDICOS E SOCIAIS. SANTA ROSA\/, 2020. p. 96-99.<\/p>\n\n\n\n<p><strong>2.<\/strong><a href=\"http:\/\/lattes.cnpq.br\/4976722797820235\" target=\"_blank\" rel=\"noreferrer noopener\"><strong>MEDINA, Magda Helena Fernandes<\/strong><\/a>; CACENOTE, ANA PAULA . DIREITO SIST\u00caMICO: O OPERADOR DO DIREITO NA ARQUITETURA HUMANIZADA DE RESOLU\u00c7\u00d5ES DE CONFLITOS. In: XIX JORNADA DE INICIA\u00c7\u00c3O CIENT\u00cdFICA E MOSTRA DE ESTUDOS JUR\u00cdDICOS E SOCIAIS, 2020, SANTA ROSA\/RS. XIX JORNADA DE INICIA\u00c7\u00c3O CIENT\u00cdFICA E MOSTRA DE ESTUDOS JUR\u00cdDICOS E SOCIAIS. SANTA ROSA\/, 2020. p. 56-60.<\/p>\n\n\n\n<p><strong>Resumos publicados em anais de congressos<\/strong><\/p>\n\n\n\n<p><strong>1.<\/strong><a rel=\"noreferrer noopener\" href=\"http:\/\/lattes.cnpq.br\/4976722797820235\" target=\"_blank\"><strong>MEDINA, Magda Helena Fernandes<\/strong><\/a>; SEGER, F. . DIREITO SIST\u00caMICO: o profissional do direito na arquitetura humanizada de resolu\u00e7\u00f5es de conflitos. In: I Congresso Internacional de Pol\u00edticas Autocompositivas do Tribunal de Justi\u00e7a do Estado de Minas Gerais, 2021, Belo Horizonte\/MG. Anais do I Congresso Internacional de Pol\u00edticas Autocompositivas do Tribunal de Justi\u00e7a do Estado de Minas Gerais. Belo Horizonte\/MG, 2021. v. 1. p. 424-436.<\/p>\n\n\n\n<h2>MILENA ALBERTI<\/h2>\n\n\n\n<p><strong>Curr\u00edculo Lattes: <\/strong><a href=\"http:\/\/lattes.cnpq.br\/6129990721470441\">http:\/\/lattes.cnpq.br\/6129990721470441<\/a><\/p>\n\n\n\n<p><strong>Produ\u00e7\u00f5es<\/strong>: <\/p>\n\n\n\n<p><strong>Produ\u00e7\u00f5es bibliogr\u00e1ficas <\/strong><\/p>\n\n\n\n<p><strong>Cap\u00edtulos de livros publicados<\/strong><\/p>\n\n\n\n<p><strong>1.<\/strong><img loading=\"lazy\" width=\"13\" height=\"13\" src=\"\" alt=\"https:\/\/buscatextual.cnpq.br\/buscatextual\/images\/curriculo\/ico_relevante.gif\">&nbsp;<a href=\"http:\/\/lattes.cnpq.br\/6129990721470441\" target=\"_blank\" rel=\"noreferrer noopener\"><strong>ALBERTI, M.<\/strong><\/a>;&nbsp;<a href=\"http:\/\/lattes.cnpq.br\/5509465540025981\" target=\"_blank\" rel=\"noreferrer noopener\">DIEHL, B. T.<\/a>&nbsp;. Viol\u00eancia Dom\u00e9stica e Familiar Contra as Mulheres: A Efic\u00e1cia Social das Medidas Protetivas sob o Vi\u00e9s da Lei n. 11.340\/06.. In: Vinicius de Melo Lima; S\u00e9rgio Roberto Abreu; Denise da Costa Dias Scheffer; Marcelo Cacinotti Costa;. (Org.). Viol\u00eancia Contra a Mulher: Pol\u00edticas P\u00fablicas de Enfrentamento. 1ed.Cruz Alta &#8211; RS: Editora Ilustra\u00e7\u00e3o, 2022, v. , p. 21-38.<\/p>\n\n\n\n<p><strong>2.<\/strong><img loading=\"lazy\" width=\"13\" height=\"13\" src=\"\" alt=\"https:\/\/buscatextual.cnpq.br\/buscatextual\/images\/curriculo\/ico_relevante.gif\">&nbsp;<a href=\"http:\/\/lattes.cnpq.br\/6129990721470441\" target=\"_blank\" rel=\"noreferrer noopener\"><strong>ALBERTI, M.<\/strong><\/a>;&nbsp;<a href=\"http:\/\/lattes.cnpq.br\/5509465540025981\" target=\"_blank\" rel=\"noreferrer noopener\">DIEHL, B. T.<\/a>&nbsp;. Mulheres e a Pobreza Menstrual: A Distribui\u00e7\u00e3o Gratuita de Absorventes como Pressuposto de Efic\u00e1cia da Dignidade Humana. In: Vinicius de Melo Lima; S\u00e9rgio Roberto Abreu; Denise da Costa Dias Scheffer; Marcelo Cacinotti Costa. (Org.). Viol\u00eancia Contra a Mulher: Pol\u00edticas P\u00fablicas e Redes de Enfrentamento. 1ed.Cruz Alta &#8211; RS: Editora Ilustra\u00e7\u00e3o, 2022, v. 1, p. 261-272.<\/p>\n\n\n\n<p><strong>Trabalhos completos publicados em anais de congressos<\/strong><\/p>\n\n\n\n<p><strong>1.<\/strong><a href=\"http:\/\/lattes.cnpq.br\/6129990721470441\" target=\"_blank\" rel=\"noreferrer noopener\"><strong>ALBERTI, M.<\/strong><\/a>;&nbsp;<a href=\"http:\/\/lattes.cnpq.br\/5509465540025981\" target=\"_blank\" rel=\"noreferrer noopener\">DIEHL, B. T.<\/a>&nbsp;. Viol\u00eancia Dom\u00e9stica e Familiar Contra as Mulheres: a efic\u00e1cia social das medidas protetivas sob o vi\u00e9s da Lei n.\u00ba 11.340\/06. In: XI Jornada Interdisciplinar de Pesquisa, 2021, Santa Rosa. Anais da XI Jornada Interdisciplinar de Pesquisa, 2021. p. 125.<\/p>\n\n\n\n<p><strong>2.<\/strong><a href=\"http:\/\/lattes.cnpq.br\/6129990721470441\" target=\"_blank\" rel=\"noreferrer noopener\"><strong>ALBERTI, M.<\/strong><\/a>;&nbsp;<a href=\"http:\/\/lattes.cnpq.br\/5509465540025981\" target=\"_blank\" rel=\"noreferrer noopener\">DIEHL, B. T.<\/a>&nbsp;. Mulheres e a pobreza menstrual: a distribui\u00e7\u00e3o gratuita de absorventes como pressuposto de dignidade humana. In: XI Jornada Interdisciplinar de Pesquisa, 2021, Santa Rosa. Anais da XI Jornada Interdisciplinar de Pesquisa, 2021. p. 632.<\/p>\n\n\n\n<p><strong>3.<\/strong><a href=\"http:\/\/lattes.cnpq.br\/6129990721470441\" target=\"_blank\" rel=\"noreferrer noopener\"><strong>ALBERTI, M.<\/strong><\/a>;&nbsp;<a href=\"http:\/\/lattes.cnpq.br\/5857986830771738\" target=\"_blank\" rel=\"noreferrer noopener\">SEGER, F.<\/a>&nbsp;. A import\u00e2ncia da representatividade feminina na pol\u00edtica brasileira. In: XI Jornada Interdisciplinar de Pesquisa, 2021, Santa Rosa. Anais da XI Jornada Interdisciplinar de Pesquisa, 2021. p. 38.<\/p>\n\n\n\n<p><strong>4.<\/strong><a href=\"http:\/\/lattes.cnpq.br\/6129990721470441\" target=\"_blank\" rel=\"noreferrer noopener\"><strong>ALBERTI, M.<\/strong><\/a>;&nbsp;<a href=\"http:\/\/lattes.cnpq.br\/5509465540025981\" target=\"_blank\" rel=\"noreferrer noopener\">DIEHL, B. T.<\/a>&nbsp;. Exposi\u00e7\u00e3o Pornogr\u00e1fica n\u00e3o Consentida na Internet &#8211; Revenge Porn: Uma nova Modalidade de Viol\u00eancia Contra a Mulher.. In: Jornada Interdisciplinar de Pesquisa, 2019, Santa Rosa\/RS. Anais da IX Jornada Interdisciplinar de Pesquisa das Faculdades Machado de Assis. Santa Rosa: Faculdades Integradas Machado de Assis, 2019. v. 9. p. 775-787.<\/p>\n\n\n\n<p><strong>5.<\/strong><a href=\"http:\/\/lattes.cnpq.br\/6129990721470441\" target=\"_blank\" rel=\"noreferrer noopener\"><strong>ALBERTI, M.<\/strong><\/a>;&nbsp;<a href=\"http:\/\/lattes.cnpq.br\/5509465540025981\" target=\"_blank\" rel=\"noreferrer noopener\">DIEHL, B. T.<\/a>&nbsp;;&nbsp;<a href=\"http:\/\/lattes.cnpq.br\/3156132296319678\" target=\"_blank\" rel=\"noreferrer noopener\">CACENOTE, A. P.<\/a>&nbsp;;&nbsp;<a href=\"http:\/\/lattes.cnpq.br\/0045454179575549\" target=\"_blank\" rel=\"noreferrer noopener\">PINZON, V.<\/a>&nbsp;. G\u00eanero e Viol\u00eancia: conceitos socialmente constru\u00eddos e a viol\u00eancia contra a mulher. In: VIII Jornada Interdisciplinar de Pesquisa, 2018, Santa Rosa\/RS. Anais da VIII Jornada Interdisciplinar de Pesquisa das Faculdades Machado de Assis. Santa Rosa\/RS: Faculdades Integradas Machado de Assis, 2018. v. 8. p. 248-258.<\/p>\n\n\n\n<p><strong>Resumos expandidos publicados em anais de congressos<\/strong><\/p>\n\n\n\n<p><strong>1.<\/strong><a rel=\"noreferrer noopener\" href=\"http:\/\/lattes.cnpq.br\/6129990721470441\" target=\"_blank\"><strong>ALBERTI, M.<\/strong><\/a>; NEUBERGER, L. N. . Os desafios e vantagens da Sustentabilidade Empresarial no S\u00e9culo XXI. In: XVII Jornada e Mostra de Estudos Jur\u00eddicos e Sociais de Inicia\u00e7\u00e3o Cient\u00edfica do Curso de Direito, 2018, SANTA ROSA. VIII Jornada Interdisciplinar de Pesquisa, 2018. p. 1278-1282.<\/p>\n\n\n\n<h2>RAFAELA WAGNER SCHAEFER<\/h2>\n\n\n\n<p><strong>Curr\u00edculo Lattes: <\/strong><a href=\"http:\/\/lattes.cnpq.br\/8714003357247588\">http:\/\/lattes.cnpq.br\/8714003357247588<\/a><\/p>\n\n\n\n<p><strong>Produ\u00e7\u00f5es<\/strong>: <\/p>\n\n\n\n<p><strong>Produ\u00e7\u00f5es bibliogr\u00e1ficas <\/strong><\/p>\n\n\n\n<p><strong>Artigos completos publicados em peri\u00f3dicos<\/strong><\/p>\n\n\n\n<p><strong>1.<\/strong><img loading=\"lazy\" width=\"13\" height=\"13\" src=\"\" alt=\"https:\/\/buscatextual.cnpq.br\/buscatextual\/images\/curriculo\/ico_relevante.gif\">&nbsp;<a href=\"http:\/\/lattes.cnpq.br\/8714003357247588\" target=\"_blank\" rel=\"noreferrer noopener\"><strong>SCHAEFER, R. W.<\/strong><\/a>; ANGELIN, R. ; HAHN, N. B. . Como uma onda no mar: Movimentos Feministas na era do Ciberfeminismo. REVISTA ELETR\u00d4NICA DE DIREITO DO CENTRO UNIVERSIT\u00c1RIO NEWTON PAIVA, v. 50, p. 91-105, 2023.<\/p>\n\n\n\n<p><strong>Cap\u00edtulos de livros publicados<\/strong><\/p>\n\n\n\n<p><strong>1.<\/strong><a href=\"http:\/\/lattes.cnpq.br\/8714003357247588\" target=\"_blank\" rel=\"noreferrer noopener\"><strong>SCHAEFER, R. W.<\/strong><\/a>. O corpo da mulher como mercadoria em tempos de modernidade l\u00edquida: a perda das identidades femininas. In: Janete Rosa Martins; Taciana Marconatto Damo Cervi; Thami Covatti Piaia. (Org.). Direito e multiculturalismo em debate. 1ed.Santo \u00c2ngelo: EdiURI, 2023, v. , p. 121-127.<\/p>\n\n\n\n<p><strong>2.<\/strong><a href=\"http:\/\/lattes.cnpq.br\/8714003357247588\" target=\"_blank\" rel=\"noreferrer noopener\"><strong>SCHAEFER, R. W.<\/strong><\/a>. Movimentos feministas e a constru\u00e7\u00e3o da subjetividade jur\u00eddica das mulheres no Brasil. In: Ros\u00e2ngela Angelin; Joice Graciele Nielsson; Liria \u00c2ngela Andrioli; Lizete Dieguez Piber; Luana M. M. de Almeida. (Org.). Direitos Humanos das Mulheres no contexto patriarcal: esperan\u00e7ar e sororisar. 1ed.Santo \u00c2ngelo: EdiURI, 2022, v. , p. 121-143.<\/p>\n\n\n\n<p><strong>3.<\/strong><img loading=\"lazy\" width=\"13\" height=\"13\" src=\"\" alt=\"https:\/\/buscatextual.cnpq.br\/buscatextual\/images\/curriculo\/ico_relevante.gif\">&nbsp;<a href=\"http:\/\/lattes.cnpq.br\/8714003357247588\" target=\"_blank\" rel=\"noreferrer noopener\"><strong>SCHAEFER, R. W.<\/strong><\/a>. Movimentos feministas e a constru\u00e7\u00e3o da subjetividade jur\u00eddica das mulheres no Brasil. In: Taciana Marconatto Damo Cervi; Janete Rosa Martins. (Org.). Direito, Multiculturalismo e Sustentabilidade. 1ed.Santo \u00c2ngelo: EdiURI, 2022, v. , p. 207-2017.<\/p>\n\n\n\n<p><strong>Resumos expandidos publicados em anais de congressos<\/strong><\/p>\n\n\n\n<p><strong>1.<\/strong><a rel=\"noreferrer noopener\" href=\"http:\/\/lattes.cnpq.br\/8714003357247588\" target=\"_blank\"><strong>SCHAEFER, R. W.<\/strong><\/a>; GARBIN, Suzana Sommer ; GIMENEZ, C. P. C. . Raz\u00f5es para a n\u00e3o legaliza\u00e7\u00e3o do aborto eug\u00eanico no Brasil. In: XIX Mostra Regional de Trabalhos Jur\u00eddicos, 2019, Santo \u00c2ngelo. Anais da XIX Mostra Regional de Trabalhos Jur\u00eddicos. Santo \u00c2ngelo: FuRi, 2019. p. 390-394.<\/p>\n\n\n\n<h2>RITIELLE DE SOUZA ZANUSO<\/h2>\n\n\n\n<p><strong>Curr\u00edculo Lattes: <\/strong><a href=\"http:\/\/lattes.cnpq.br\/4224842053346201\">http:\/\/lattes.cnpq.br\/4224842053346201<\/a><\/p>\n\n\n\n<p><strong>Produ\u00e7\u00f5es<\/strong>: <\/p>\n\n\n\n<p><strong>Produ\u00e7\u00f5es bibliogr\u00e1ficas <\/strong><\/p>\n\n\n\n<p><strong>Artigos completos publicados em peri\u00f3dicos<\/strong><\/p>\n\n\n\n<p><strong>1.<\/strong><a href=\"http:\/\/lattes.cnpq.br\/4224842053346201\" target=\"_blank\" rel=\"noreferrer noopener\"><strong>ZANUSO, R. S.<\/strong><\/a>;&nbsp;<a href=\"http:\/\/lattes.cnpq.br\/5465463793434519\" target=\"_blank\" rel=\"noreferrer noopener\">CERVI, T. M. D.<\/a>&nbsp;. MEIO AMBIENTE EQUILIBRADO E DIGNIDADE HUMANA: A IMPORT\u00c2NCIA DA CULTURA ECOL\u00d3GICA PARA A PROMO\u00c7\u00c3O DOS DIREITOS DE PERSONALIDADE. REVISTA DIREITOS SOCIAIS E POL\u00cdTICAS P\u00daBLICAS &#8211; UNIFAFIBE, v. 11, p. 245-257, 2023.<\/p>\n\n\n\n<p><strong>Cap\u00edtulos de livros publicados<\/strong><\/p>\n\n\n\n<p><strong>1.<\/strong><img loading=\"lazy\" width=\"13\" height=\"13\" src=\"\" alt=\"https:\/\/buscatextual.cnpq.br\/buscatextual\/images\/curriculo\/ico_relevante.gif\">&nbsp;<a href=\"http:\/\/lattes.cnpq.br\/4224842053346201\" target=\"_blank\" rel=\"noreferrer noopener\"><strong>ZANUSO, R. S.<\/strong><\/a>;&nbsp;<a href=\"http:\/\/lattes.cnpq.br\/5465463793434519\" target=\"_blank\" rel=\"noreferrer noopener\">CERVI, T. M. D.<\/a>&nbsp;. RECONHECIMENTO DA FILIA\u00c7\u00c3O SOCIOAFETIVA EM TEMPOS DE LIQUIDEZ: A POSSIBILIDADE DE RETOMADA DO SENTIMENTO DE PERTENCIMENTO NA MODERNIDADE L\u00cdQUIDA. In: Janete Rosa Martins; Taciana Marconatto Damo Cervi; Thami Covatti Piaia. (Org.). Direito e cidadania em debate. 3ed.Santo \u00c2ngelo: EdiURI, 2023, v. , p. 43-57.<\/p>\n\n\n\n<p><strong>2.<\/strong><img loading=\"lazy\" width=\"13\" height=\"13\" src=\"\" alt=\"https:\/\/buscatextual.cnpq.br\/buscatextual\/images\/curriculo\/ico_relevante.gif\">&nbsp;<a href=\"http:\/\/lattes.cnpq.br\/4224842053346201\" target=\"_blank\" rel=\"noreferrer noopener\"><strong>ZANUSO, R. S.<\/strong><\/a>;&nbsp;<a href=\"http:\/\/lattes.cnpq.br\/5465463793434519\" target=\"_blank\" rel=\"noreferrer noopener\">CERVI, T. M. D.<\/a>&nbsp;. DA DIGNIDADE DA PESSOA HUMANA \u00c0 EFETIVA\u00c7\u00c3O DOS DIREITOS DE PERSONALIDADE: A IMPORT\u00c2NCIA DA CULTURA ECOL\u00d3GICA PARA O MEIO AMBIENTE ECOLOGICAMENTE EQUILIBRADO. In: Vanessa Steigleder Neubauer; Tiago Anderson Brutti; Denise Tatiane Girardon dos Santos.. (Org.). Linguagens e hermen\u00eautica na contemporaneidade. IXed.Cruz Alta: Ilustra\u00e7\u00e3o, 2023, v. , p. 147-.<\/p>\n\n\n\n<p><strong>3.<\/strong><a href=\"http:\/\/lattes.cnpq.br\/4224842053346201\" target=\"_blank\" rel=\"noreferrer noopener\"><strong>ZANUSO, R. S.<\/strong><\/a>;&nbsp;<a href=\"http:\/\/lattes.cnpq.br\/5465463793434519\" target=\"_blank\" rel=\"noreferrer noopener\">CERVI, T. M. D.<\/a>&nbsp;. AFETO E FRATERNIDADE: REFLEX\u00d5ES SOBRE A EFETIVIDADE DO RECONHECIMENTO DA FILIA\u00c7\u00c3O SOCIOAFETIVA A PARTIR DO DIREITO FRATERNO. In: Noli Bernardo Hahn [et al.].. (Org.). Direito e multiculturalismo em debate. 1ed.Cruz Alta: Ilustra\u00e7\u00e3o, 2023, v. 2, p. 59-72.<\/p>\n\n\n\n<p><strong>4.<\/strong><a href=\"http:\/\/lattes.cnpq.br\/4224842053346201\" target=\"_blank\" rel=\"noreferrer noopener\"><strong>ZANUSO, R. S.<\/strong><\/a>;&nbsp;<a href=\"http:\/\/lattes.cnpq.br\/5465463793434519\" target=\"_blank\" rel=\"noreferrer noopener\">CERVI, T. M. D.<\/a>&nbsp;. O RECONHECIMENTO DA FILIA\u00c7\u00c3O SOCIOAFETIVA NO BRASIL: REFLEX\u00d5ES SOBRE IDENTIDADE E PERTENCIMENTO NA MODERNIDADE L\u00cdQUIDA. In: Taciana Marconatto Damo Cervi; Adalberto Narciso Hommerding. (Org.). Di\u00e1logo e entendimento: direito e multiculturalismo &amp; pol\u00edticas de cidadania e resolu\u00e7\u00e3o de conflitos. 12ed.Cruz Alta: Ilustra\u00e7\u00e3o, 2023, v. , p. 15-28.<\/p>\n\n\n\n<p><strong>5.<\/strong><a href=\"http:\/\/lattes.cnpq.br\/4224842053346201\" target=\"_blank\" rel=\"noreferrer noopener\"><strong>ZANUSO, R. S.<\/strong><\/a>; DIAS, A. R. P. ; ALMEIDA, L. M. M. . A CONSTITUCIONALIZA\u00c7\u00c3O DO DIREITO CIVIL E A PLURALIDADE DAS FAM\u00cdLIAS: A PROTE\u00c7\u00c3O DA FILIA\u00c7\u00c3O SOCIOAFETIVA A PARTIR DA CONSTITUI\u00c7\u00c3O FEDERAL DE 1988. In: : Janete Rosa Martins; Taciana Marconatto Damo Cervi. (Org.). Direitos humanos, cidadania, media\u00e7\u00e3o e meio ambiente. 1ed.Santo \u00c2ngelo: EdiURI, 2022, v. , p. 63-74.<\/p>\n\n\n\n<p><strong>6.<\/strong><a href=\"http:\/\/lattes.cnpq.br\/4224842053346201\" target=\"_blank\" rel=\"noreferrer noopener\"><strong>ZANUSO, R. S.<\/strong><\/a>. DIREITOS HUMANOS E A PLURALIDADE DAS FAM\u00cdLIAS BRASILEIRAS: A REPERCUSS\u00c3O DA CONSTITUCIONALIZA\u00c7\u00c3O DO DIREITO CIVIL NO DIREITO DAS FAM\u00cdLIAS. In: F\u00e1bio C\u00e9sar Junges; Sirlei de Lourdes Lauxen; Solange Beatriz Billig Garc\u00eas; Tiago Anderson Brutti. (Org.). Das fissuras hist\u00f3ricas \u00e0s quest\u00f5es atuais na perspectiva das pr\u00e1ticas socioculturais. 1ed.Cruz Alta: Ilustra\u00e7\u00e3o, 2021, v. 1, p. 127-140.<\/p>\n\n\n\n<p><strong>Textos em jornais de not\u00edcias\/revistas<\/strong><\/p>\n\n\n\n<p><strong>1.<\/strong><a href=\"http:\/\/lattes.cnpq.br\/4224842053346201\" target=\"_blank\" rel=\"noreferrer noopener\"><strong>ZANUSO, R. S.<\/strong><\/a>. Celular: encurtando dist\u00e2ncias X distanciando pessoas. O Menssageiro, Santo \u00e2ngelo, 19 dez. 2015.<\/p>\n\n\n\n<p><strong>Resumos expandidos publicados em anais de congressos<\/strong><\/p>\n\n\n\n<p><strong>1.<\/strong><a href=\"http:\/\/lattes.cnpq.br\/4224842053346201\" target=\"_blank\" rel=\"noreferrer noopener\"><strong>ZANUSO, R. S.<\/strong><\/a>; ALMEIDA, L. M. M. . A EXCE\u00c7\u00c3O DA N\u00c3O ACUMULA\u00c7\u00c3O DE CARGOS P\u00daBLICOS E A POSSIBILIDADE DE REMUNERA\u00c7\u00c3O SUPERIOR AO TETO LEGAL. In: XVIII Mostra Regional de Trabalhos Jur\u00eddicos, 2018, Santo \u00c2ngelo. ANAIS DA XVIII MOSTRA REGIONAL DE TRABALHOS JUR\u00cdDICOS. Santo \u00c2ngelo: FURI, 2018. p. 460-464.<\/p>\n\n\n\n<p><strong>2.<\/strong><a href=\"http:\/\/lattes.cnpq.br\/4224842053346201\" target=\"_blank\" rel=\"noreferrer noopener\"><strong>ZANUSO, R. S.<\/strong><\/a>; PIAIA, T. C. . CIDADANIA E PROPRIEDADE NO BRASIL: DO DIREITO FUNDAMENTAL AO SENTIMENTO DE PERTENCIMENTO \u00c0 SOCIEDADE. In: XVII Mostra Regional de Trabalhos Jur\u00eddicos, 2017, Santo \u00c2ngelo. XVII MOSTRA REGIONAL DE TRABALHOS JUR\u00cdDICOS. Santo \u00c2ngelo: FURI, 2017. p. 480-483.<\/p>\n\n\n\n<p><strong>3.<\/strong><a href=\"http:\/\/lattes.cnpq.br\/4224842053346201\" target=\"_blank\" rel=\"noreferrer noopener\"><strong>ZANUSO, R. S.<\/strong><\/a>; DELOLMO, F. S. . DEMOCRACIA, DIGNIDADE E TRABALHO: AS DIVERG\u00caNCIAS DA LEGISLA\u00c7\u00c3O CONSTITUCIONAL E REALIDADE SOCIAL. In: XVII Mostra Regional de Trabalhos Jur\u00eddicos, 2017, Santo \u00c2ngelo. XVII MOSTRA REGIONAL DE TRABALHOS JUR\u00cdDICOS. Santo \u00c2ngelo: FURI, 2017. p. 470-473.<\/p>\n\n\n\n<p><strong>4.<\/strong><a href=\"http:\/\/lattes.cnpq.br\/4224842053346201\" target=\"_blank\" rel=\"noreferrer noopener\"><strong>ZANUSO, R. S.<\/strong><\/a>; PIAIA, T. C. . MOVIMENTOS SOCIAIS E INTERNET. In: XVI Mostra Regional de Trabalhos Jur\u00eddicos, 2016, Santo \u00c2ngelo. Anais da XVI Mostra Regional de Trabalhos Jur\u00eddicos, 2016.<\/p>\n\n\n\n<p><strong>5.<\/strong>BRUM, F. P. ;\u00a0<a rel=\"noreferrer noopener\" href=\"http:\/\/lattes.cnpq.br\/4224842053346201\" target=\"_blank\"><strong>ZANUSO, R. S.<\/strong><\/a>\u00a0; VOGES, J. C. . A VENDA CASADA E O C\u00d3DIGO DE DEFESA DO CONSUMIDOR: UMA VIS\u00c3O CIDAD\u00c3. In: XVI Mostra Regional de Trabalhos Jur\u00eddicos, 2016, Santo \u00c2ngelo. Anais da XVI Mostra Regional de Trabalhos Jur\u00eddicos, 2016. p. 552-556.<\/p>\n\n\n\n<h2>TANISE ROSA KLEIN SANTOS<\/h2>\n\n\n\n<p><strong>Curr\u00edculo Lattes: <\/strong><a href=\"http:\/\/lattes.cnpq.br\/8385739177061487\">http:\/\/lattes.cnpq.br\/8385739177061487<\/a><\/p>\n\n\n\n<p><strong>Produ\u00e7\u00f5es<\/strong>: <\/p>\n\n\n\n<p><strong>Produ\u00e7\u00f5es bibliogr\u00e1ficas <\/strong><\/p>\n\n\n\n<p><strong>Artigos completos publicados em peri\u00f3dicos<\/strong><\/p>\n\n\n\n<p><strong>1.<\/strong><a href=\"http:\/\/lattes.cnpq.br\/8385739177061487\" target=\"_blank\" rel=\"noreferrer noopener\"><strong>SANTOS, T. R. K.<\/strong><\/a>; VERONESE, O. . Cultura do Consumo e suas implica\u00e7\u00f5es ao Meio Ambiente. X Congresso Brasileiro de Processo Coletivo e Cidadania, v. 10, p. 800-812, 2022.<\/p>\n\n\n\n<p><strong>Cap\u00edtulos de livros publicados<\/strong><\/p>\n\n\n\n<p><strong>1.<\/strong><img loading=\"lazy\" width=\"10\" height=\"10\" src=\"\" alt=\"https:\/\/buscatextual.cnpq.br\/buscatextual\/images\/curriculo\/ico_relevante.gif\">&nbsp;<a href=\"http:\/\/lattes.cnpq.br\/8385739177061487\" target=\"_blank\" rel=\"noreferrer noopener\"><strong>SANTOS, T. R. K.<\/strong><\/a>; DIOTTO, N. ; CEZAR, G. L. . OS DESAFIOS \u00c0 CONCEP\u00c7\u00c3O DE UMA CONSTITUI\u00c7\u00c3O DIGITAL \u00c0 LUZ DA TEORIA DE GUNTHER TEUBNER. In: Maria Augusta Perez Strelow;St\u00e9ffani das Chagas Quintana; Marli Marlene Moraes da Costa.. (Org.). Sociedade e Democracia: Interse\u00e7\u00f5es e Conflitos &#8211; Volume 4. 1ed.Formiga MG: Editora Ducere, 2024, v. 4, p. 107-120.<\/p>\n\n\n\n<p><strong>2.<\/strong><img loading=\"lazy\" width=\"10\" height=\"10\" src=\"\" alt=\"https:\/\/buscatextual.cnpq.br\/buscatextual\/images\/curriculo\/ico_relevante.gif\">&nbsp;<a href=\"http:\/\/lattes.cnpq.br\/8385739177061487\" target=\"_blank\" rel=\"noreferrer noopener\"><strong>SANTOS, T. R. K.<\/strong><\/a>; DIOTTO, N. ; COSTA, M. M. M. . REFLEX\u00d5ES ACERCA DA ADO\u00c7\u00c3O DE UM OLHAR MAIS FRATERNO NA (RE)CONSTRU\u00c7\u00c3O DA IDENTIDADE DAS MULHERES NEGRAS BRASILEIRAS. In: Maria Augusta Perez Strelow;St\u00e9ffani das Chagas Quintana; Marli Marlene Moraes da Costa.. (Org.). Sociedade e Democracia: Interse\u00e7\u00f5es e Conflitos. 1ed.Formiga MG: Editora Ducere, 2024, v. 4, p. 121-141.<\/p>\n\n\n\n<p><strong>3.<\/strong><a href=\"http:\/\/lattes.cnpq.br\/8385739177061487\" target=\"_blank\" rel=\"noreferrer noopener\"><strong>SANTOS, T. R. K.<\/strong><\/a>; BISSACOT, C. R. ; LOPES, D. W. ; ROCHA, E. D. ; MACHADO, I. R. ; CASTRO, J. M. A. Y. ; RUBIN, J. B. ; MAZZARDO, L. F. ; ROSA, M. V. ; SOARES, S. P. . As Inova\u00e7\u00f5es da Separa\u00e7\u00e3o e do Div\u00f3rcio como Instrumento de uma Dissolu\u00e7\u00e3o de Uni\u00e3o mais C\u00e9lere e Amig\u00e1vel. In: Adriane Medianeira Toaldo. (Org.). Novas Tend\u00eancias do Processo Civil. 1ed.Canoas: ULBRA, 2012, v. 1, p. 169-190.<\/p>\n\n\n\n<p><strong>Textos em jornais de not\u00edcias\/revistas<\/strong><\/p>\n\n\n\n<p><strong>1.<\/strong><a href=\"http:\/\/lattes.cnpq.br\/8385739177061487\" target=\"_blank\" rel=\"noreferrer noopener\"><strong>SANTOS, T. R. K.<\/strong><\/a>; DIOTTO, N. . FEMINIZA\u00c7\u00c3O E RACIALIZA\u00c7\u00c3O DA POBREZA: A REALIDADE DAS MULHERES NEGRAS NO CONTEXTO BRASILEIRO. Revista Jur\u00eddica Luso Brasileira, Universidade de Lisboa, p. 907 &#8211; 932, 18 nov. 2024.<\/p>\n\n\n\n<p><strong>Trabalhos completos publicados em anais de congressos<\/strong><\/p>\n\n\n\n<p><strong>1.<\/strong><img loading=\"lazy\" width=\"10\" height=\"10\" src=\"\" alt=\"https:\/\/buscatextual.cnpq.br\/buscatextual\/images\/curriculo\/ico_relevante.gif\">&nbsp;<a href=\"http:\/\/lattes.cnpq.br\/8385739177061487\" target=\"_blank\" rel=\"noreferrer noopener\"><strong>SANTOS, T. R. K.<\/strong><\/a>; VERONESE, O. . Cultura do Consumo e suas implica\u00e7\u00f5es ao Meio Ambiente. In: X Congresso Brasileiro de Processo Coletivo e Cidadania, 2022, Ribeir\u00e3o Preto SP. X Congresso Brasileiro de Processo Coletivo e Cidadania, 2022.<\/p>\n","protected":false},"excerpt":{"rendered":"<p>MAGDA HELENA FERNANDES MEDINA PEREIRA Curr\u00edculo Lattes: http:\/\/lattes.cnpq.br\/4976722797820235 Produ\u00e7\u00f5es: Produ\u00e7\u00f5es bibliogr\u00e1ficas Artigos completos publicados em peri\u00f3dicos 1.&nbsp;MEDINA PEREIRA, Magda H F;&nbsp;ROCHA, Leonel Severo&nbsp;. O PARADOXO JUR\u00cdDICO DAS M\u00c3ES DE HAIA: DE V\u00cdTIMAS A SEQUESTRADORAS INTERNACIONAIS DE SEUS FILHOS. Revista CNJ, v. 8, p. 147-164, 2024. Livros publicados\/organizados ou edi\u00e7\u00f5es 1.MEDINA, Magda Helena Fernandes. Retalhos &#8211; [&hellip;]<\/p>\n","protected":false},"author":1,"featured_media":0,"parent":224,"menu_order":0,"comment_status":"closed","ping_status":"closed","template":"","meta":[],"_links":{"self":[{"href":"https:\/\/san.uri.br\/mestrado_direito\/index.php\/wp-json\/wp\/v2\/pages\/4694"}],"collection":[{"href":"https:\/\/san.uri.br\/mestrado_direito\/index.php\/wp-json\/wp\/v2\/pages"}],"about":[{"href":"https:\/\/san.uri.br\/mestrado_direito\/index.php\/wp-json\/wp\/v2\/types\/page"}],"author":[{"embeddable":true,"href":"https:\/\/san.uri.br\/mestrado_direito\/index.php\/wp-json\/wp\/v2\/users\/1"}],"replies":[{"embeddable":true,"href":"https:\/\/san.uri.br\/mestrado_direito\/index.php\/wp-json\/wp\/v2\/comments?post=4694"}],"version-history":[{"count":3,"href":"https:\/\/san.uri.br\/mestrado_direito\/index.php\/wp-json\/wp\/v2\/pages\/4694\/revisions"}],"predecessor-version":[{"id":4738,"href":"https:\/\/san.uri.br\/mestrado_direito\/index.php\/wp-json\/wp\/v2\/pages\/4694\/revisions\/4738"}],"up":[{"embeddable":true,"href":"https:\/\/san.uri.br\/mestrado_direito\/index.php\/wp-json\/wp\/v2\/pages\/224"}],"wp:attachment":[{"href":"https:\/\/san.uri.br\/mestrado_direito\/index.php\/wp-json\/wp\/v2\/media?parent=4694"}],"curies":[{"name":"wp","href":"https:\/\/api.w.org\/{rel}","templated":true}]}}