{"id":371,"date":"2013-07-19T13:49:44","date_gmt":"2013-07-19T16:49:44","guid":{"rendered":"http:\/\/srvapp2s.santoangelo.uri.br\/sites\/mestrado_direito\/?page_id=371"},"modified":"2024-06-27T09:44:35","modified_gmt":"2024-06-27T12:44:35","slug":"turma-2011","status":"publish","type":"page","link":"https:\/\/san.uri.br\/mestrado_direito\/index.php\/mestrado\/publicacoes-egressos\/turma-2011\/","title":{"rendered":"Turma 2011"},"content":{"rendered":"\n<h2><strong>Aline Andrighetto<\/strong><\/h2>\n\n\n\n<p><strong>Curr\u00edculo Lattes:<\/strong> <a href=\"http:\/\/lattes.cnpq.br\/9951845659674589\">http:\/\/lattes.cnpq.br\/9951845659674589<\/a><\/p>\n\n\n\n<p><strong>Produ\u00e7\u00f5es<\/strong><\/p>\n\n\n\n<p><strong>Produ\u00e7\u00f5es bibliogr\u00e1ficas<\/strong><\/p>\n\n\n\n<p><strong>Artigos completos publicados em peri\u00f3dicos<\/strong><\/p>\n\n\n\n<p><strong>1.<\/strong><strong><a href=\"http:\/\/lattes.cnpq.br\/9951845659674589\" target=\"_blank\" rel=\"noreferrer noopener\">ANDRIGHETTO, ALINE<\/a><\/strong>; SOUZA, L. S. S. . A aplicabilidade das normas brasileiras para pessoas com defici\u00eancia e prote\u00e7\u00e3o \u00e0 fam\u00edlia: busca incessante pelo cumprimento de direitos. Revista Direitos Humanos &amp; Sociedade<sup><\/sup>, v. 5, p. 56-82, 2024.<\/p>\n\n\n\n<p><strong>2.<\/strong><a href=\"http:\/\/dx.doi.org\/10.46901\/revistadadpu.i19.p167-196\" target=\"_blank\" rel=\"noreferrer noopener\"><\/a><strong><a href=\"http:\/\/lattes.cnpq.br\/9951845659674589\" target=\"_blank\" rel=\"noreferrer noopener\">ANDRIGHETTO, ALINE<\/a><\/strong>; KRAEMER, THA\u00cdS ALESSANDRA . Combate ao tr\u00e1fico de animais silvestres do Brasil: an\u00e1lise da gest\u00e3o ambiental brasileira. REVISTA DA DEFENSORIA P\u00daBLICA DA UNI\u00c3O<sup><\/sup>, v. 19, p. 167-196, 2023.<\/p>\n\n\n\n<p><strong>3.<\/strong><a href=\"http:\/\/dx.doi.org\/10.30612\/videre.%20v15i32.17004\" target=\"_blank\" rel=\"noreferrer noopener\"><\/a><strong><a href=\"http:\/\/lattes.cnpq.br\/9951845659674589\" target=\"_blank\" rel=\"noreferrer noopener\">ANDRIGHETTO, ALINE<\/a><\/strong>; SILVEIRA FILHO, A. S. . SOBRE O ?ATIVISMO JUDICIAL \u00c0 BRASILEIRA? E SEUS IMPACTOS NA EFETIVA\u00c7\u00c3O DE DIREITOS GARANTIDOS CONSTITUCIONALMENTE: O Caso da ?Tese do Marco Temporal? no Julgamento da Pet 3.388\/RR pelo Supremo Tribunal Federal. REVISTA VIDERE (ON LINE)<sup><\/sup>, v. 15, p. 182-200, 2023.<\/p>\n\n\n\n<p><strong>4.<\/strong><a href=\"http:\/\/dx.doi.org\/10.11606\/issn.2316-9044.rdisan.2023.188611\" target=\"_blank\" rel=\"noreferrer noopener\"><\/a><strong><a href=\"http:\/\/lattes.cnpq.br\/9951845659674589\" target=\"_blank\" rel=\"noreferrer noopener\">ANDRIGHETTO, ALINE<\/a><\/strong>; REINHEIMER, C. S. . Viol\u00eancia obst\u00e9trica: urg\u00eancia de regula\u00e7\u00e3o legislativa no Brasil. REVISTA DE DIREITO SANIT\u00c1RIO<sup><\/sup>, v. 23, p. 1-18, 2023.<\/p>\n\n\n\n<p><strong>5.<\/strong><a href=\"http:\/\/dx.doi.org\/10.22409\/rcj.v10i26\" target=\"_blank\" rel=\"noreferrer noopener\"><\/a><strong><a href=\"http:\/\/lattes.cnpq.br\/9951845659674589\" target=\"_blank\" rel=\"noreferrer noopener\">ANDRIGHETTO, ALINE<\/a><\/strong>. A defini\u00e7\u00e3o dos discursos de \u00f3dio e os padr\u00f5es internacionais dos Direitos Humanos. REVISTA CULTURAS JUR\u00cdDICAS<sup><\/sup>, v. 10, p. 182-205, 2023.<\/p>\n\n\n\n<p><strong>6.<\/strong><strong><a href=\"http:\/\/lattes.cnpq.br\/9951845659674589\" target=\"_blank\" rel=\"noreferrer noopener\">ANDRIGHETTO, ALINE<\/a><\/strong>; SILVA, D. S. . A judicializa\u00e7\u00e3o da sa\u00fade durante a Pandemia de COVID-19: Uma an\u00e1lise acerca da obten\u00e7\u00e3o de leitos de Unidade de Terapia Intensiva no Tribunal de Justi\u00e7a do Estado do Rio Grande do Sul. REVISTA DA FACULDADE DE DIREITO (UFU)<sup><\/sup>, v. 51, p. 00-000, 2023.<\/p>\n\n\n\n<p><strong>7.<\/strong><strong><a href=\"http:\/\/lattes.cnpq.br\/9951845659674589\" target=\"_blank\" rel=\"noreferrer noopener\">ANDRIGHETTO, ALINE<\/a><\/strong>; ELSNER, L. O. . O direito \u00e0 acessibilidade das pessoas com defici\u00eancia para uma sociedade justa e igualit\u00e1ria em tempos de pandemia de COVID-19. REVISTA INTERESSE P\u00daBLICO<sup><\/sup>, v. 24, p. 63-90, 2022.<\/p>\n\n\n\n<p><strong>8.<\/strong><a href=\"http:\/\/dx.doi.org\/10.18623\/rvd.v19i45.2412\" target=\"_blank\" rel=\"noreferrer noopener\"><\/a><strong><a href=\"http:\/\/lattes.cnpq.br\/9951845659674589\" target=\"_blank\" rel=\"noreferrer noopener\">ANDRIGHETTO, ALINE<\/a><\/strong>; MARTINS, L. N. . Ka?ahe?\u1ebc Guarani: a (des)prote\u00e7\u00e3o jur\u00eddica da biodiversidade e dos etnossaberes dos povos ind\u00edgenas brasileiros. Revista Veredas do Direito<sup><\/sup>, v. 19, p. 37-61, 2022.<\/p>\n\n\n\n<p><strong>9.<\/strong><a href=\"http:\/\/dx.doi.org\/10.14393\/RFADIR-v48n1a2020-52277\" target=\"_blank\" rel=\"noreferrer noopener\"><\/a><strong><a href=\"http:\/\/lattes.cnpq.br\/9951845659674589\" target=\"_blank\" rel=\"noreferrer noopener\">ANDRIGHETTO, A.<\/a><\/strong>; GOMES, F. F. R. . Direitos do Portador de Transtorno do Espectro Autista. REVISTA DA FACULDADE DE DIREITO (UFU)<sup><\/sup>, v. 48, p. 339-365, 2020.<\/p>\n\n\n\n<p><strong>10.<\/strong><a href=\"http:\/\/dx.doi.org\/10.22409\/rcj.v7i16\" target=\"_blank\" rel=\"noreferrer noopener\"><\/a>BARBOSA, S. S. ;&nbsp;<strong>ANDRIGHETTO, A.<\/strong>&nbsp;. A import\u00e2ncia da afirma\u00e7\u00e3o de direitos para o empoderamento da mulher negra. REVISTA CULTURAS JUR\u00cdDICAS<sup><\/sup>, v. 7, p. 288-319, 2020.<\/p>\n\n\n\n<p><strong>11.<\/strong>CURTINOVI, S. P. B. ;&nbsp;<strong>ANDRIGHETTO, A.<\/strong>&nbsp;. Atua\u00e7\u00e3o do Estado Brasileiro para com os refugiados e o conflito entre a normativa internacional e brasileira. INTER: Revista de Direito Internacional e Direitos Humanos da UFRJ<sup><\/sup>, v. 3, p. 01-34, 2020.<\/p>\n\n\n\n<p><strong>12.<\/strong><a href=\"http:\/\/dx.doi.org\/10.6084\/m9.figshare.9795092\" target=\"_blank\" rel=\"noreferrer noopener\"><\/a><strong><a href=\"http:\/\/lattes.cnpq.br\/9951845659674589\" target=\"_blank\" rel=\"noreferrer noopener\">ANDRIGHETTO, ALINE<\/a><\/strong>; ENGELMANN, W. . Direitos Humanos e o Plano de Validade na Teoria do Fato Jur\u00eddico de Pontes de Miranda: uma an\u00e1lise a partir dos Tratados de Direitos Humanos ratificados pelo Brasil. Revista Jur\u00eddica- Unicuritiba<sup><\/sup>, v. 03, p. 294-325, 2019.<\/p>\n\n\n\n<p><strong>13.<\/strong><a href=\"http:\/\/dx.doi.org\/10.12957\/rqi.2018.30131\" target=\"_blank\" rel=\"noreferrer noopener\"><\/a><strong><a href=\"http:\/\/lattes.cnpq.br\/9951845659674589\" target=\"_blank\" rel=\"noreferrer noopener\">ANDRIGHETTO, ALINE<\/a><\/strong>; BARRETTO, VICENTE DE PAULO . DIREITO E MORAL: CONCEP\u00c7\u00d5ES SOBRE N\u00c3O- VIOL\u00caNCIA. REVISTA QUAESTIO IURIS<sup><\/sup>, v. 11, p. 899-922, 2018.<\/p>\n\n\n\n<p><strong>14.<\/strong><strong><a href=\"http:\/\/lattes.cnpq.br\/9951845659674589\" target=\"_blank\" rel=\"noreferrer noopener\">ANDRIGHETTO, A.<\/a><\/strong>. Os Direitos Humanos como instrumento de prote\u00e7\u00e3o contra o discurso de inferioriza\u00e7\u00e3o. Intersticios de la pol\u00edtica y la cultura. Intervenciones latinoamericanas<sup><\/sup>, v. 06, p. 49-68, 2017.<\/p>\n\n\n\n<p><strong>15.<\/strong><strong><a href=\"http:\/\/lattes.cnpq.br\/9951845659674589\" target=\"_blank\" rel=\"noreferrer noopener\">ANDRIGHETTO, A.<\/a><\/strong>; CENCI, D. R. . Prote\u00e7\u00e3o das terras ind\u00edgenas no Brasil. Ecologia politica e a efetiva\u00e7\u00e3o da justi\u00e7a ambiental. Revista Nuevo Humanismo<sup><\/sup>, v. 5, p. 21-44, 2017.<\/p>\n\n\n\n<p><strong>16.<\/strong><a href=\"http:\/\/dx.doi.org\/10.6084\/m9.figshare.3219487\" target=\"_blank\" rel=\"noreferrer noopener\"><\/a><strong><a href=\"http:\/\/lattes.cnpq.br\/9951845659674589\" target=\"_blank\" rel=\"noreferrer noopener\">ANDRIGHETTO, A.<\/a><\/strong>; CENCI, D. R. ; SAAVEDRA, J. F. E. . Governan\u00e7a Ambiental Internacional e Sustentabilidade: construindo o socioambientalismo. REVISTA JUR\u00cdDICA<sup><\/sup>, v. 02, p. 72-92, 2016.<\/p>\n\n\n\n<p><strong>17.<\/strong>ADAMATTI, B. ;&nbsp;<strong>ANDRIGHETTO, A.<\/strong>&nbsp;. A lei como instrumento de Poder no Nazismo: Uma an\u00e1lise a partir da cr\u00edtica de Franz Neumann. Revista Brasileira de Hist\u00f3ria do Direito<sup><\/sup>, v. 2, p. 60-76, 2016.<\/p>\n\n\n\n<p><strong>18.<\/strong><strong><a href=\"http:\/\/lattes.cnpq.br\/9951845659674589\" target=\"_blank\" rel=\"noreferrer noopener\">ANDRIGHETTO, A.<\/a><\/strong>. Coment\u00e1rio ao AgRg no RMS 38.966 da 5\u00aa T. do STJ. Revista dos Tribunais (S\u00e3o Paulo. Impresso)<sup><\/sup>, v. 952, p. 377-384, 2015.<\/p>\n\n\n\n<p><strong>19.<\/strong><strong><a href=\"http:\/\/lattes.cnpq.br\/9951845659674589\" target=\"_blank\" rel=\"noreferrer noopener\">ANDRIGHETTO, A.<\/a><\/strong>; CENCI, D. R. . Resenha da obra: Hist\u00f3ria do debate ambiental na pol\u00edtica mundial 1945 &#8211; 1992: a perspectiva latino- americana. Revista Internacional de Direito Ambiental<sup><\/sup>, v. 00, p. 327-332, 2015.<\/p>\n\n\n\n<p><strong>20.<\/strong><strong><a href=\"http:\/\/lattes.cnpq.br\/9951845659674589\" target=\"_blank\" rel=\"noreferrer noopener\">ANDRIGHETTO, A.<\/a><\/strong>. Di\u00e1logo Intercultural para a prote\u00e7\u00e3o dos Direitos Humanos. Revista do curso de direito da FSG<sup><\/sup>, v. 09, p. 70-85, 2015.<\/p>\n\n\n\n<p><strong>21.<\/strong><a href=\"http:\/\/dx.doi.org\/10.14210\/nej.v20n3.p1079-1107\" target=\"_blank\" rel=\"noreferrer noopener\"><\/a>CENCI, DANIEL RUBENS ;&nbsp;<strong>ANDRIGHETTO, ALINE<\/strong>&nbsp;. PRECONCEITO CULTURAL E O (RE)CONHECIMENTO DE DIREITOS. Novos Estudos Jur\u00eddicos (UNIVALI) (Cessou em 2007. Cont. ISSN 2175-0491 Novos Estudos Jur\u00eddicos (Online))<sup><\/sup>, v. 20, p. 1079-1107, 2015.<\/p>\n\n\n\n<p><strong>22.<\/strong><strong><a href=\"http:\/\/lattes.cnpq.br\/9951845659674589\" target=\"_blank\" rel=\"noreferrer noopener\">ANDRIGHETTO, A.<\/a><\/strong>; OLSSON, G. A. . Igualdade e prote\u00e7\u00e3o aos Direitos das minorias no Brasil. Revista Espa\u00e7o Jur\u00eddico<sup><\/sup>, v. 15, p. 443-460, 2014.<\/p>\n\n\n\n<p><strong>23.<\/strong><img src=\"https:\/\/buscatextual.cnpq.br\/buscatextual\/images\/curriculo\/ico_relevante.gif\"><a href=\"http:\/\/lattes.cnpq.br\/5939164234639660\" target=\"_blank\" rel=\"noreferrer noopener\">Jo\u00e3o Martins Bertaso<\/a>&nbsp;;&nbsp;<strong><a href=\"http:\/\/lattes.cnpq.br\/9951845659674589\" target=\"_blank\" rel=\"noreferrer noopener\">ANDRIGHETTO, A.<\/a><\/strong>&nbsp;. Cidadania e direitos humanos: reflex\u00f5es interculturais. Direitos Culturais<sup><\/sup>, v. 07, p. 60-75, 2013.<\/p>\n\n\n\n<p><strong>24.<\/strong><strong><a href=\"http:\/\/lattes.cnpq.br\/9951845659674589\" target=\"_blank\" rel=\"noreferrer noopener\">ANDRIGHETTO, A.<\/a><\/strong>. Direitos das minorias: prote\u00e7\u00e3o e reconhecimento. Revista Amicus Curiae<sup><\/sup>, v. 10, p. 01-19, 2013.<\/p>\n\n\n\n<p><strong>25.<\/strong><strong><a href=\"http:\/\/lattes.cnpq.br\/9951845659674589\" target=\"_blank\" rel=\"noreferrer noopener\">ANDRIGHETTO, A.<\/a><\/strong>. An\u00e1lise Econ\u00f4mica do Direito e algumas contribui\u00e7\u00f5es.. Revista de Direito Econ\u00f4mico e Socioambiental<sup><\/sup>, v. 04, p. 76-91, 2013.<\/p>\n\n\n\n<p><strong>26.<\/strong><strong><a href=\"http:\/\/lattes.cnpq.br\/9951845659674589\" target=\"_blank\" rel=\"noreferrer noopener\">ANDRIGHETTO, A.<\/a><\/strong>. Reconhecimento em \u00e2mbito multicultural. Revista do Curso de Direito da Faculdade da Serra Ga\u00facha<sup><\/sup>, v. 11, p. 25-35, 2012.<\/p>\n\n\n\n<p><strong>27.<\/strong><strong><a href=\"http:\/\/lattes.cnpq.br\/9951845659674589\" target=\"_blank\" rel=\"noreferrer noopener\">ANDRIGHETTO, A.<\/a><\/strong>; NASCIMENTO, V. R. . As transforma\u00e7\u00f5es do mundo atual e o direito: cidadania e globaliza\u00e7\u00e3o. Revista do Direito (Santa Cruz do Sul. Online)<sup><\/sup>, v. jul-dez, p. 131-148, 2012.<\/p>\n\n\n\n<p><strong>28.<\/strong><strong><a href=\"http:\/\/lattes.cnpq.br\/9951845659674589\" target=\"_blank\" rel=\"noreferrer noopener\">ANDRIGHETTO, A.<\/a><\/strong>. Direito e Responsabilidade do Cidad\u00e3o Ecol\u00f3gico. Veredas do Direito (Belo Horizonte)<sup><\/sup>, v. 08, p. 169-187, 2011.<\/p>\n\n\n\n<p><strong>29.<\/strong><strong><a href=\"http:\/\/lattes.cnpq.br\/9951845659674589\" target=\"_blank\" rel=\"noreferrer noopener\">ANDRIGHETTO, A.<\/a><\/strong>. A Constru\u00e7\u00e3o da Cidadania Ambiental. Direitos Culturais<sup><\/sup>, v. 5, p. 75-85, 2010.<\/p>\n\n\n\n<p><strong><a><\/a>Livros publicados\/organizados ou edi\u00e7\u00f5es<\/strong><br><strong>1.<\/strong><strong><a href=\"http:\/\/lattes.cnpq.br\/9951845659674589\" target=\"_blank\" rel=\"noreferrer noopener\">ANDRIGHETTO, A.<\/a><\/strong>; STURZA, J. M. (Org.) ; GRANDO, J. B. (Org.) . Direitos Fundamentais e Garantias Sociais: Contributos \u00e0 luz dos Direitos Humanos. 01. ed. Bento Gon\u00e7alves: Refletindo o Direito, 2015. v. 01. 175p .<\/p>\n\n\n\n<p><strong><a><\/a>Cap\u00edtulos de livros publicados<\/strong><br><strong>1.<\/strong><strong><a href=\"http:\/\/lattes.cnpq.br\/9951845659674589\" target=\"_blank\" rel=\"noreferrer noopener\">ANDRIGHETTO, ALINE<\/a><\/strong>. A produ\u00e7\u00e3o do conhecimento a partir das narrativas do Sul sob a perspectiva de g\u00eanero. In: Fabr\u00edcio Pereira da Silva. (Org.). The Idea of South. Perspectives from the Global South. about its meaning. 01ed.Santiago &#8211; Chile: Ariadna Ediciones, 2024, v. 01, p. 187-199.<\/p>\n\n\n\n<p><strong>2.<\/strong><strong><a href=\"http:\/\/lattes.cnpq.br\/9951845659674589\" target=\"_blank\" rel=\"noreferrer noopener\">ANDRIGHETTO, ALINE<\/a><\/strong>. Discurso de \u00f3dio no Brasil: an\u00e1lise a partir da leitura p\u00f3s-colonial. In: DEVES, Eduardo; SILVA, Fabr\u00edcio Pereira da; THISHIBAMBE, Germain Ngoie; BALTAR, Paula.. (Org.). Di\u00e1logos Sur-Sur Reflexiones sobre el Sur, las desigualdades epist\u00e9micas y la democratizaci\u00f3n global de los saberes. 01ed.Chile: Ariadna Ediciones, 2022, v. 0, p. 232-235.<\/p>\n\n\n\n<p><strong>3.<\/strong><strong><a href=\"http:\/\/lattes.cnpq.br\/9951845659674589\" target=\"_blank\" rel=\"noreferrer noopener\">ANDRIGHETTO, ALINE<\/a><\/strong>. Direito ao Recurso Efetivo. In: Fernanda Frizzo Bragato. (Org.). O conte\u00fado jur\u00eddico dos direitos humanos: direitos civis e pol\u00edticos nos instrumentos internacionais. 00ed.Bras\u00edlia: Escola da Defensoria P\u00fablica da Uni\u00e3o, 2022, v. 01, p. 120-139.<\/p>\n\n\n\n<p><strong>4.<\/strong><strong><a href=\"http:\/\/lattes.cnpq.br\/9951845659674589\" target=\"_blank\" rel=\"noreferrer noopener\">ANDRIGHETTO, A.<\/a><\/strong>. Colonialidade nos discursos: an\u00e1lise para a prote\u00e7\u00e3o de direitos humanos. In: Jo\u00e3o Paulo Allain Teixeira. (Org.). Direito, cr\u00edtica e decolonialidade: perspectivas contempor\u00e2neas. 00ed.Andradina- SP: Meraki, 2021, v. 01, p. 30-48.<\/p>\n\n\n\n<p><strong>5.<\/strong><strong><a href=\"http:\/\/lattes.cnpq.br\/9951845659674589\" target=\"_blank\" rel=\"noreferrer noopener\">ANDRIGHETTO, A.<\/a><\/strong>; SILVA, B. M. . MEDIDAS PARA O COMBATE AO DISCURSO DE \u00d3DIO: poss\u00edveis contribui\u00e7\u00f5es desde o Direito Internacional dos Direitos Humanos. In: TEIXEIRA, Anderson Vichinkeski; JAQUES, Marcelo Dias; COPELLI, Giancarlo Montagner.. (Org.). Pol\u00edticas P\u00fablicas no brasil. IIed.Blumenau\/SC: Dom Modesto, 2020, v. II, p. 107-126.<\/p>\n\n\n\n<p><strong>6.<\/strong><strong><a href=\"http:\/\/lattes.cnpq.br\/9951845659674589\" target=\"_blank\" rel=\"noreferrer noopener\">ANDRIGHETTO, A.<\/a><\/strong>; HABLICH, P. H. C. . DIREITOS HUMANOS: A CONSTRU\u00c7\u00c3O HIST\u00d3RICA DO CONCEITO NO MUNDO. In: ASENSI, Felipe; GUEDES, Mauricio Pires; MORAES, Renato Jos\u00e9 de; REIS, Velasco Hernandes Brito (orgs). (Org.). Teoria e empiria dos direitos humanos. 01ed.Rio de Janeiro- RJ: PEMBROKE COLLINS, 2020, v. 1, p. 347-361.<\/p>\n\n\n\n<p><strong>7.<\/strong><strong><a href=\"http:\/\/lattes.cnpq.br\/9951845659674589\" target=\"_blank\" rel=\"noreferrer noopener\">ANDRIGHETTO, A.<\/a><\/strong>; SILVA, B. M. ; ELSNER, L. O. . Desigualdades de g\u00eanero e viola\u00e7\u00f5es das pol\u00edticas p\u00fablicas de enfrentamento. In: DOWBOR, Monika Weronika; Ruscheinsky, Aloisio; L\u00f3pez, Laura Cec\u00edlia.. (Org.). Anais do VII Simp\u00f3sio Internacional Desigualdades, direitos e pol\u00edticas p\u00fablicas: sa\u00fade, corpos e poder na Am\u00e9rica Latina. 00ed.S\u00e3o Leopoldo: Casa Leiria, 2020, v. 01, p. 919-933.<\/p>\n\n\n\n<p><strong>8.<\/strong><strong><a href=\"http:\/\/lattes.cnpq.br\/9951845659674589\" target=\"_blank\" rel=\"noreferrer noopener\">ANDRIGHETTO, A.<\/a><\/strong>; SILVA, B. M. ; ELSNER, L. O. . Pol\u00edticas P\u00fablicas Brasileiras e Educa\u00e7\u00e3o em Direitos Humanos: um Estudo sobre as Viola\u00e7\u00f5es ao PNDH-3 e a Inobserv\u00e2ncia das Normativas de Direito Internacional dos Direitos Humanos. In: Dowbor, Monika Weronika;. (Org.). Anais do VII Simp\u00f3sio Internacional Desigualdades, Direitos e Pol\u00edticas P\u00fablicas: Sa\u00fade, Corpos e Poder na Am\u00e9rica Latina. 00ed.S\u00e3o Leopoldo: Casa Leiria, 2020, v. 01, p. 4023-4038.<\/p>\n\n\n\n<p><strong>9.<\/strong><strong><a href=\"http:\/\/lattes.cnpq.br\/9951845659674589\" target=\"_blank\" rel=\"noreferrer noopener\">ANDRIGHETTO, ALINE<\/a><\/strong>. Informa\u00e7\u00e3o Ambiental para a preserva\u00e7\u00e3o do Meio Ambiente Cultural. In: ADAMATTI, Bianka; SILVA, D\u00e9bora B\u00f3s e. (Org.). Li\u00e7\u00f5es cr\u00edticas: Direitos Fundamentais. 01ed.Porto Alegre: Vis\u00e3o, 2018, v. 01, p. 56-75.<\/p>\n\n\n\n<p><strong>10.<\/strong><strong><a href=\"http:\/\/lattes.cnpq.br\/9951845659674589\" target=\"_blank\" rel=\"noreferrer noopener\">ANDRIGHETTO, A.<\/a><\/strong>. Os enfrentamentos de Nina Simone: reflex\u00f5es a partir da perspectiva descolonial. In: Raquel Fabiana Lopes Sparemberger; Camila Belinaso; Sophie Dall&#8217; Olmo. (Org.). Cinema e Feminismo: interpreta\u00e7\u00f5es cr\u00edticas sobre o papel social da mulher. 01ed.Porto Alegre: Editora Fi, 2018, v. 01, p. 19-34.<\/p>\n\n\n\n<p><strong>11.<\/strong><strong><a href=\"http:\/\/lattes.cnpq.br\/9951845659674589\" target=\"_blank\" rel=\"noreferrer noopener\">ANDRIGHETTO, A.<\/a><\/strong>. Combate ao racismo a partir do pensamento descolonial. In: Alvarez, Alejandro Montiel; Feloniuk, Wagner Silveira; Teixeira, Anderson Vichinkeski.. (Org.). Perspectivas do Discurso Jur\u00eddico: novos desafios culturais do s\u00e9culo XXI. 01ed.Porto Alegre: Editora DM, 2017, v. 01, p. 92-107.<\/p>\n\n\n\n<p><strong>12.<\/strong>VOGES, A. C. ;&nbsp;<strong>ANDRIGHETTO, A.<\/strong>&nbsp;. &#8220;Mulheres Invis\u00edveis&#8221;: G\u00eanero, ra\u00e7a e colonialidade no caso das imigrantes negras residentes no Rio Grande do Sul. In: Adamatti, Bianka; Silva, D\u00e9bora B\u00f3s e. (Org.). Li\u00e7\u00f5es cr\u00edticas: Direito, Estado e Sociedade. 01ed.: Vis\u00e3o, 2017, v. 02, p. 40-54.<\/p>\n\n\n\n<p><strong>13.<\/strong><strong><a href=\"http:\/\/lattes.cnpq.br\/9951845659674589\" target=\"_blank\" rel=\"noreferrer noopener\">ANDRIGHETTO, A.<\/a><\/strong>. A efetiva\u00e7\u00e3o dos direitos humanos atrav\u00e9s do pacto internacional dos direitos econ\u00f4micos, sociais e culturais. In: Isabel Corr\u00eaa da Silva; Marina Pignatelli; Susana de Matos Viegas. (Org.). Livro de Atas do 1\u00ba Congresso da Associa\u00e7\u00e3o Internacional de Ci\u00eancias Sociais e Humanas em L\u00edngua Portuguesa 2015. 01ed.Lisboa: , 2015, v. 01, p. 5248-5258.<\/p>\n\n\n\n<p><strong>14.<\/strong><strong><a href=\"http:\/\/lattes.cnpq.br\/9951845659674589\" target=\"_blank\" rel=\"noreferrer noopener\">ANDRIGHETTO, A.<\/a><\/strong>; GRANDO, J. B. . Direitos fundamentais e desigualdades sociais: o papel das pol\u00edticas p\u00fablicas sociais. In: Aline Andrighetto; Jana\u00edna Machado Sturza; Juliana Bedin Grando. (Org.). Direitos fundamentais e desigualdades sociais: o papel das pol\u00edticas p\u00fablicas sociais.. 01ed.Bento Gon\u00e7alves: Refletindo o Direito, 2015, v. 01, p. 15-30.<\/p>\n\n\n\n<p><strong>15.<\/strong><strong><a href=\"http:\/\/lattes.cnpq.br\/9951845659674589\" target=\"_blank\" rel=\"noreferrer noopener\">ANDRIGHETTO, A.<\/a><\/strong>; PINTO, J. M. S. . Di\u00e1logo intercultural: desafios e limites na efetiva\u00e7\u00e3o de direitos universais no cen\u00e1rio cultural global. In: Alejandro Montiel Alvarez; Anderson Vichinkeski Teixeira; Wagner Silveira Feloniuk. (Org.). Perspectivas do discurso jur\u00eddico : argumenta\u00e7\u00e3o, hermen\u00eautica e cultura. 01ed.Porto Alegre: DM Editora, 2015, v. 01, p. 53-68.<\/p>\n\n\n\n<p><strong>16.<\/strong><strong><a href=\"http:\/\/lattes.cnpq.br\/9951845659674589\" target=\"_blank\" rel=\"noreferrer noopener\">ANDRIGHETTO, A.<\/a><\/strong>; OLSSON, G. A. . Concep\u00e7\u00f5es universalistas de comunica\u00e7\u00e3o dos direitos humanos. In: Bianka Adamatti; Andr\u00e9 Luiz Silveira de Lima J\u00fanior. (Org.). Li\u00e7\u00f5es cr\u00edticas: direito, estado e sociedade. 1ed.Novo Hamburgo: Gr\u00e1fica Vis\u00e3o, 2015, v. 1, p. 00-00.<\/p>\n\n\n\n<p><strong>17.<\/strong><strong><a href=\"http:\/\/lattes.cnpq.br\/9951845659674589\" target=\"_blank\" rel=\"noreferrer noopener\">ANDRIGHETTO, A.<\/a><\/strong>. Direitos Humanos: Desenvolvimento humano, social e cultural. In: Bruno Manoel Viana De Araujo; Kiwonghi Bizawu; Margareth Anne.. (Org.). Direito Internacional dos Direitos Humanos II- UFMG\/FUMEC\/Dom Helder C\u00e2mara.. 00ed.Belo Horizonte: CONPEDI, 2015, v. 00, p. 241-258.<\/p>\n\n\n\n<p><strong>18.<\/strong><strong><a href=\"http:\/\/lattes.cnpq.br\/9951845659674589\" target=\"_blank\" rel=\"noreferrer noopener\">ANDRIGHETTO, A.<\/a><\/strong>. Discrimina\u00e7\u00e3o, cultura e religiosidade: reconhecimento de direitos. In: Isabel Corr\u00eaa da Silva; Marina Pignatelli; Susana de Matos Viegas. (Org.). Livro de Atas do 1\u00ba Congresso da Associa\u00e7\u00e3o Internacional de Ci\u00eancias Sociais e Humanas em L\u00edngua Portuguesa 2015. 01ed.Lisboa &#8211; Portugal: , 2015, v. 01, p. 8838-8848.<\/p>\n\n\n\n<p><strong>19.<\/strong><strong><a href=\"http:\/\/lattes.cnpq.br\/9951845659674589\" target=\"_blank\" rel=\"noreferrer noopener\">ANDRIGHETTO, A.<\/a><\/strong>; SILVA, R. S. . A prote\u00e7\u00e3o de grupos minorit\u00e1rios no Brasil para a efetiva\u00e7\u00e3o dos Direitos Humanos. In: Direito internacional dos direitos humanos I CONPEDI\/UNINOVE; Coordenadores: Florisbal de Souza Del Olmo, Antonio Marcio da Cunha Guimar\u00e3es, Val\u00e9ria Silva Galdino Cardin.. (Org.). Direito internacional dos direitos humanos I. 01ed.Florian\u00f3polis: FUNJAB, 2014, v. 01, p. 158-176.<\/p>\n\n\n\n<p><strong>20.<\/strong><strong><a href=\"http:\/\/lattes.cnpq.br\/9951845659674589\" target=\"_blank\" rel=\"noreferrer noopener\">ANDRIGHETTO, A.<\/a><\/strong>; DIAS, M. P. . Direitos humanos e a luta pela efetiva\u00e7\u00e3o dos direitos das minorias. In: Enzo Bello, Martonio Mont&#8217; Alverne Barreto Lima, Sergio Augustin. (Org.). Direito e Marxismo: transforma\u00e7\u00f5es na America Latina contempor\u00e2nea.. 2ed.Caxias do Sul: Educs, 2014, v. 3, p. 13-22.<\/p>\n\n\n\n<p><strong>21.<\/strong><strong><a href=\"http:\/\/lattes.cnpq.br\/9951845659674589\" target=\"_blank\" rel=\"noreferrer noopener\">ANDRIGHETTO, A.<\/a><\/strong>. Garantias Constitucionais e Direitos Fundamentais das Minorias. In: Edinilson Donisete Machado; Jo\u00e3o Martins Bertaso; Leandro Reinaldo da Cunha. (Org.). XXIII Encontro Nacional do CONPEDI- UFSC (Re) Pensando o Direito: Desafios para a constru\u00e7\u00e3o de novos Paradigmas. 01ed.Florian\u00f3polis: CONPEDI, 2014, v. 01, p. 443-459.<\/p>\n\n\n\n<p><strong>22.<\/strong><strong><a href=\"http:\/\/lattes.cnpq.br\/9951845659674589\" target=\"_blank\" rel=\"noreferrer noopener\">ANDRIGHETTO, A.<\/a><\/strong>. Direitos humanos e a prote\u00e7\u00e3o das minorias no Brasil. In: Florisbal de Souza Del&#8217;Olmo; Gilmar Antonio Bedin; Marigley Leite de Ara\u00fajo. (Org.). Direito e intera\u00e7\u00e3o na Am\u00e9rica Latina. 01ed.Campinas- SP: Millennium, 2014, v. 01, p. 01-11.<\/p>\n\n\n\n<p><strong>23.<\/strong><strong><a href=\"http:\/\/lattes.cnpq.br\/9951845659674589\" target=\"_blank\" rel=\"noreferrer noopener\">ANDRIGHETTO, A.<\/a><\/strong>;&nbsp;<a href=\"http:\/\/lattes.cnpq.br\/5939164234639660\" target=\"_blank\" rel=\"noreferrer noopener\">Jo\u00e3o Martins Bertaso<\/a>&nbsp;. Cidadania e Direitos Humanos: Refl ex\u00f5es Interculturais. In: Bedin, Gilmar Antonio; Estenssoro, Fernando; Tybusch, Jer\u00f4nimo.. (Org.). Direitos humanos, pol\u00edtica internacional e ecologia pol\u00edtica. 01ed.Santa Cruz do Sul: Essere nel Mondo, 2014, v. 01, p. 34-47.<\/p>\n\n\n\n<p><strong>24.<\/strong><strong><a href=\"http:\/\/lattes.cnpq.br\/9951845659674589\" target=\"_blank\" rel=\"noreferrer noopener\">ANDRIGHETTO, A.<\/a><\/strong>. Afirma\u00e7\u00f5es de Direitos Humanos: prote\u00e7\u00e3o de Direitos Econ\u00f4micos, Sociais e Culturais. In: Bianka Adamanti; D\u00e9bora B\u00f3s e Silva; Camila Paese Fedrigo.. (Org.). Refletindo o Direito II. 2\u00aaed.Novo Hamburgo: Vis\u00e3o, 2014, v. 01, p. 24-45.<\/p>\n\n\n\n<p><strong>25.<\/strong><strong><a href=\"http:\/\/lattes.cnpq.br\/9951845659674589\" target=\"_blank\" rel=\"noreferrer noopener\">ANDRIGHETTO, A.<\/a><\/strong>; ZEIFERT, A. P. B. . Ampliando o conceito de cidadania para o desenvolvimento de uma sociedade inclusiva: em busca de pol\u00edticas garantidoras dos Direitos fundamentais. In: Josirene Candido Londero (ORGANIZADORA); Carlos Andr\u00e9 H\u00fcning Birnfeld (ORGANIZADOR). (Org.). Direitos sociais fundamentais: contributo interdisciplinar para a redefini\u00e7\u00e3o das garantias de efetividade. 00ed.Rio Grande: Editora FURG, 2013, v. 01, p. 00-00.<\/p>\n\n\n\n<p><strong>26.<\/strong><strong><a href=\"http:\/\/lattes.cnpq.br\/9951845659674589\" target=\"_blank\" rel=\"noreferrer noopener\">ANDRIGHETTO, A.<\/a><\/strong>; DIAS, M. P. . Direitos Humanos e Liberdades Fundamentais ind\u00edgenas. In: S\u00e9rgio Augustin e Mara de Oliveira. (Org.). Direitos Humanos: Emancipa\u00e7\u00e3o e Ruptura. 01ed.Caxias do Sul: Afiliada, 2013, v. 01, p. 512-522.<\/p>\n\n\n\n<p><strong>27.<\/strong><strong><a href=\"http:\/\/lattes.cnpq.br\/9951845659674589\" target=\"_blank\" rel=\"noreferrer noopener\">ANDRIGHETTO, A.<\/a><\/strong>. Direitos humanos e a busca por reconhecimento da diversidade. In: S\u00e9rgio Augustin e Mara de Oliveira. (Org.). Direitos Humanos: Emancipa\u00e7\u00e3o e Ruptura. 01ed.Caxias do Sul: Afiliada, 2013, v. 01, p. 552-562.<\/p>\n\n\n\n<p><strong><a><\/a>Trabalhos completos publicados em anais de congressos<\/strong><br><strong>1.<\/strong><strong><a href=\"http:\/\/lattes.cnpq.br\/9951845659674589\" target=\"_blank\" rel=\"noreferrer noopener\">ANDRIGHETTO, ALINE<\/a><\/strong>; SILVEIRA FILHO, A. S. . O discurso \u00e9tnico como fundamento para viola\u00e7\u00f5es de direitos ind\u00edgenas: an\u00e1lise do caso Comunidades ind\u00edgenas membros da Associa\u00e7\u00e3o Lhaka Honhat (Nuestra Tierra) vs. Argentina. In: XXX Congresso Nacional do CONPEDI Fortaleza &#8211; CE, 2023, Fortaleza. Direitos humanos e efetividade: fundamenta\u00e7\u00e3o e processos participativos. Florian\u00f3polis: CONPEDI, 2023. v. 3. p. 224-240.<\/p>\n\n\n\n<p><strong>2.<\/strong><strong><a href=\"http:\/\/lattes.cnpq.br\/9951845659674589\" target=\"_blank\" rel=\"noreferrer noopener\">ANDRIGHETTO, ALINE<\/a><\/strong>; ELSNER, L. O. . O medo das minorias e a discrimina\u00e7\u00e3o das pessoas com defici\u00eancia. In: V Encontro virtual do CONPEDI, 2022, Florian\u00f3polis. Anais do V Encontro virtual do CONPEDI &#8211; Direito Internacional dos Direitos Humanos. Florian\u00f3polis: CONPEDI, 2022. v. 0. p. 44-63.<\/p>\n\n\n\n<p><strong>3.<\/strong><strong><a href=\"http:\/\/lattes.cnpq.br\/9951845659674589\" target=\"_blank\" rel=\"noreferrer noopener\">ANDRIGHETTO, A.<\/a><\/strong>; ZEIFERT, A. P. B. . Socioambientalismo: considera\u00e7\u00f5es a partir de uma teoria da justi\u00e7a. In: I Encontro virtual do CONPEDI &#8211; Tema: Constitui\u00e7\u00e3o, cidades e crise, 2020, Florian\u00f3polis. Direito ambiental e socioambientalismo II. Florian\u00f3polis: CONPEDI, 2020. v. II. p. 64-79.<\/p>\n\n\n\n<p><strong>4.<\/strong><strong><a href=\"http:\/\/lattes.cnpq.br\/9951845659674589\" target=\"_blank\" rel=\"noreferrer noopener\">ANDRIGHETTO, A.<\/a><\/strong>; ELSNER, L. O. . Direito Humano \u00e0 Educa\u00e7\u00e3o em tempos de pandemia de COVID- 19. In: II Encontro Virtual do CONPEDI, 2020, Florian\u00f3polis. Direito internacional dos direitos humanos [Recurso eletr\u00f4nico on-line] organiza\u00e7\u00e3o CONPEDI. Florian\u00f3polis: CONPEDI, 2020. v. 00. p. 65-82.<\/p>\n\n\n\n<p><strong>5.<\/strong><strong><a href=\"http:\/\/lattes.cnpq.br\/9951845659674589\" target=\"_blank\" rel=\"noreferrer noopener\">ANDRIGHETTO, A.<\/a><\/strong>; ELSNER, L. O. . Uma proposta de di\u00e1logo: releitura dos conceitos de Paulo Freire pela perspectiva da Interculturalidade Cr\u00edtica. In: Semin\u00e1rio Internacional em Direitos Humanos e Sociedade, 2019, Crici\u00fama. Anais do Semin\u00e1rio Internacional. Crici\u00fama: UNESC, 2019. v. 2. p. 01-17.<\/p>\n\n\n\n<p><strong>6.<\/strong><strong><a href=\"http:\/\/lattes.cnpq.br\/9951845659674589\" target=\"_blank\" rel=\"noreferrer noopener\">ANDRIGHETTO, A.<\/a><\/strong>; ADAMATTI, B. . O Estado soberano como entrave na pol\u00edtica migrat\u00f3ria: um desafio para o Direito Internacional. In: Congresso Nacional de Pesquisa e P\u00f3s- gradua\u00e7\u00e3o em Direito &#8211; CONPEDI, 2018, Salvador &#8211; Bahia. Direito internacional II. Salvador: UFBA, 2018. v. 01. p. 65-82.<\/p>\n\n\n\n<p><strong>7.<\/strong><strong><a href=\"http:\/\/lattes.cnpq.br\/9951845659674589\" target=\"_blank\" rel=\"noreferrer noopener\">ANDRIGHETTO, A.<\/a><\/strong>. Direitos Territoriais ind\u00edgenas no Brasil: um paradigma de resist\u00eancia. In: Congresso Nacional de Pesquisa e P\u00f3s- gradua\u00e7\u00e3o em Direito &#8211; CONPEDI, 2018, Salvador. Direito ambiental e socioambientalismo I. Salvador &#8211; Bahia: UFBA, 2018. v. 01. p. 199-215.<\/p>\n\n\n\n<p><strong>8.<\/strong><strong><a href=\"http:\/\/lattes.cnpq.br\/9951845659674589\" target=\"_blank\" rel=\"noreferrer noopener\">ANDRIGHETTO, A.<\/a><\/strong>. Direito, Estado Socioambiental e Controle Social. In: XXVII Congresso Nacional do CONPEDI, 2018, PORTO ALEGRE. Direito Ambiental e Socioambientalismo III. PORTO ALEGRE: CONPEDI, 2018. v. 01. p. 252-268.<\/p>\n\n\n\n<p><strong>9.<\/strong><strong><a href=\"http:\/\/lattes.cnpq.br\/9951845659674589\" target=\"_blank\" rel=\"noreferrer noopener\">ANDRIGHETTO, ALINE<\/a><\/strong>. Discurso e poder: considera\u00e7\u00f5es a partir da l\u00f3gica colonial. In: Congresso Internacional de Direito e Contemporaneidade, 2017, Santa Maria. Anais do 4\u00ba Congresso Internacional de Direito e Contemporaneidade. Santa Maria: UFSM, 2017. v. 01. p. 01-14.<\/p>\n\n\n\n<p><strong>10.<\/strong><strong><a href=\"http:\/\/lattes.cnpq.br\/9951845659674589\" target=\"_blank\" rel=\"noreferrer noopener\">ANDRIGHETTO, A.<\/a><\/strong>. Di\u00e1logo Cultural e Meio Ambiente. In: Semin\u00e1rio Internacional de Direitos Humanos e Democracia e II Mostra de trabalhos cient\u00edficos, 2014, Iju\u00ed. Semin\u00e1rio Internacional de Direitos Humanos e Democracia: Pensando a Am\u00e9rica Latina e II Mostra de trabalhos cient\u00edficos. Iju\u00ed: Editora Uniju\u00ed, 2014. v. 01. p. 612-626.<\/p>\n\n\n\n<p><strong>11.<\/strong><strong><a href=\"http:\/\/lattes.cnpq.br\/9951845659674589\" target=\"_blank\" rel=\"noreferrer noopener\">ANDRIGHETTO, A.<\/a><\/strong>; DIAS, M. P. . Direitos humanos e a luta pela efetiva\u00e7\u00e3o dos direitos das minorias. In: II CONGRESSO INTERNACIONAL DE DIREITO E MARXISMO ? As novas tend\u00eancias constitucionais da Am\u00e9rica Latina., 2013, Caxias do Sul. Anais do II CONGRESSO INTERNACIONAL DE DIREITO E MARXISMO ? As novas tend\u00eancias constitucionais da Am\u00e9rica Latina.. Caxias do Sul, 2013.<\/p>\n\n\n\n<p><strong>12.<\/strong><strong><a href=\"http:\/\/lattes.cnpq.br\/9951845659674589\" target=\"_blank\" rel=\"noreferrer noopener\">ANDRIGHETTO, A.<\/a><\/strong>. A prote\u00e7\u00e3o das minorias \u00e9tnico- culturais sob a \u00f3tica dos Direitos Humanos. In: I Semin\u00e1rio Internacional de Direitos Humanos e Democracia, 2013, Iju\u00ed. I Semin\u00e1rio Internacional de Direitos Humanos e Democracia, 2013.<\/p>\n\n\n\n<p><strong>13.<\/strong><strong><a href=\"http:\/\/lattes.cnpq.br\/9951845659674589\" target=\"_blank\" rel=\"noreferrer noopener\">ANDRIGHETTO, A.<\/a><\/strong>; Scholze, Martha. . Educa\u00e7\u00e3o ambiental como pr\u00e1tica fundamental ao direito de desenvolvimento sustent\u00e1vel. In: II Congresso Internacional Florense de Direito e Ambiente &#8211; Preparat\u00f3rio para Rio + 20, 2012, Caxias do Sul. Mostra de Trabalhos. Caxias do Sul, 2012.<\/p>\n\n\n\n<p><strong>14.<\/strong><strong><a href=\"http:\/\/lattes.cnpq.br\/9951845659674589\" target=\"_blank\" rel=\"noreferrer noopener\">ANDRIGHETTO, A.<\/a><\/strong>. Identidade Cutural e reconhecimento de direitos multiculturais. In: IX Semin\u00e1rio Internacional de Demandas Sociais e Pol\u00edticas P\u00fablicas na Sociedade Contempor\u00e2nea, 2012, Santa Cruz do Sul. Anais do VIII Semin\u00e1rio Internacional de Demandas Sociais e politicas Publicas na Sociedade contempor\u00e2nea. Santa Cruz do Sul: EDUNISC, 2012.<\/p>\n\n\n\n<p><strong>15.<\/strong><strong><a href=\"http:\/\/lattes.cnpq.br\/9951845659674589\" target=\"_blank\" rel=\"noreferrer noopener\">ANDRIGHETTO, A.<\/a><\/strong>; DIAS, M. P. . A prote\u00e7\u00e3o dos direitos ind\u00edgenas sob a \u00f3tica dos direitos humanos. In: IX Semin\u00e1rio Internacional de Demandas Sociais e Pol\u00edticas P\u00fablicas na Sociedade Contempor\u00e2nea, 2012, Santa Cruz do Sul. Anais do VIII Semin\u00e1rio Internacional de Demandas Sociais e politicas Publicas na Sociedade contempor\u00e2nea. Santa Cruz do Sul: EDUNISC, 2012.<\/p>\n\n\n\n<p><strong>16.<\/strong><strong><a href=\"http:\/\/lattes.cnpq.br\/9951845659674589\" target=\"_blank\" rel=\"noreferrer noopener\">ANDRIGHETTO, A.<\/a><\/strong>; DIAS, M. P. . Direitos humanos e liberdades fundamentais ind\u00edgenas. In: I Congresso Internacional de Direitos Humanos &#8211; Emancipa\u00e7\u00e3o e Ruptura, 2012, Caxias do Sul. Anais do I Congresso Internacional de Direitos Humanos- Emancipa\u00e7\u00e3o e Ruptura. Caxias do Sul, 2012.<\/p>\n\n\n\n<p><strong>17.<\/strong><strong><a href=\"http:\/\/lattes.cnpq.br\/9951845659674589\" target=\"_blank\" rel=\"noreferrer noopener\">ANDRIGHETTO, A.<\/a><\/strong>. Direitos Humanos e a busca por reconhecimento da diversidade. In: I Congresso Internacional de Direitos Humanos- Emancipa\u00e7\u00e3o e Ruptura, 2012, Caxias do Sul. Anais do I Congresso Internacional de Direitos Humanos- Emancipa\u00e7\u00e3o e Ruptura. Caxias do Sul, 2012.<\/p>\n\n\n\n<p><strong>18.<\/strong><strong><a href=\"http:\/\/lattes.cnpq.br\/9951845659674589\" target=\"_blank\" rel=\"noreferrer noopener\">ANDRIGHETTO, A.<\/a><\/strong>; POPPE, L. L. F. . Diversidade Cultural sob a \u00f3tica dos direitos humanos. In: IV CONSULTAIS- do local ao global: Sinergias para uma cultura de paz e respeito aos direitos humanos., 2012, Rio Grande. IV CONSULTAIS- do local ao global: Sinergias para uma cultura de paz e respeito aos direitos humanos.. Rio Grande, 2012.<\/p>\n\n\n\n<p><strong>19.<\/strong><strong><a href=\"http:\/\/lattes.cnpq.br\/9951845659674589\" target=\"_blank\" rel=\"noreferrer noopener\">ANDRIGHETTO, A.<\/a><\/strong>; LUZ, J. F. . Diversidade e Reconhecimento de Direitos Humanos. In: Mostra de inicia\u00e7\u00e3o cient\u00edfica &#8211; IMED, 2012, Passo Fundo- RS. MIC- IMED. Passo Fundo- RS, 2012.<\/p>\n\n\n\n<p><strong>20.<\/strong><strong><a href=\"http:\/\/lattes.cnpq.br\/9951845659674589\" target=\"_blank\" rel=\"noreferrer noopener\">ANDRIGHETTO, A.<\/a><\/strong>;&nbsp;<a href=\"http:\/\/lattes.cnpq.br\/0661346004702683\" target=\"_blank\" rel=\"noreferrer noopener\">TONET, F.<\/a>&nbsp;. Direito &amp; Literatura: e o julgamento Skakespeariano. In: VIII Semin\u00e1rio Internacional de Demandas Sociais e Pol\u00edticas P\u00fablicas na Sociedade Contempor\u00e2nea, 2011, Santa Cruz do Sul. IV Mostra de Trabalhos Jur\u00eddicos Cient\u00edficos. Santa Cruz do Sul: UNISC, 2011.<\/p>\n\n\n\n<p><strong>21.<\/strong><strong><a href=\"http:\/\/lattes.cnpq.br\/9951845659674589\" target=\"_blank\" rel=\"noreferrer noopener\">ANDRIGHETTO, A.<\/a><\/strong>. Meio Ambiente e Educa\u00e7\u00e3o Ambiental. In: VIII Semin\u00e1rio Internacional de Demandas Sociais e Pol\u00edticas P\u00fablicas na Sociedade Contempor\u00e2nea, 2011, Santz Cruz do Sul. IV Mostra de Trabalhos Jur\u00eddicos Cient\u00edficos. Santa Cruz do Sul: UNISC, 2011.<\/p>\n\n\n\n<p><strong>22.<\/strong><strong><a href=\"http:\/\/lattes.cnpq.br\/9951845659674589\" target=\"_blank\" rel=\"noreferrer noopener\">ANDRIGHETTO, A.<\/a><\/strong>. Direito, Cidadania e Responsabilidade Ambiental. In: VIII Semin\u00e1rio Internacional de Demandas Sociais e Pol\u00edticas P\u00fablicas na Sociedade Contempor\u00e2nea, 2011, Santa Cruz do Sul. IV Mostra de Trabalhos Jur\u00eddicos Cient\u00edficos. Santa Cruz do Sul: UNISC, 2011.<\/p>\n\n\n\n<p><strong>23.<\/strong><strong><a href=\"http:\/\/lattes.cnpq.br\/9951845659674589\" target=\"_blank\" rel=\"noreferrer noopener\">ANDRIGHETTO, A.<\/a><\/strong>. A forma\u00e7\u00e3o do cidad\u00e3o ecol\u00f3gico atrav\u00e9s da educa\u00e7\u00e3o ambiental. In: I Congresso Internacional Florense de Direito e Ambiente, 2011, Caxias do Sul. I Congresso Internacional Florense de Direito e Ambiente. Caxias do Sul: Editora Plenum, 2011. v. 1.<\/p>\n\n\n\n<p><strong>24.<\/strong><strong><a href=\"http:\/\/lattes.cnpq.br\/9951845659674589\" target=\"_blank\" rel=\"noreferrer noopener\">ANDRIGHETTO, A.<\/a><\/strong>; OLIVEIRA, F. R. . A complexidade da problem\u00e1tica do meio ambiente e a prote\u00e7\u00e3o internacional do meio ambiente. In: I Congresso Internacional Florense de Direito e Ambiente preserva\u00e7\u00e3o e gest\u00e3o das florestas, 2011, Caxias do Sul. I Congresso Internacional Florense de Direito e Ambiente preserva\u00e7\u00e3o e gest\u00e3o das florestas. Caxias do Sul: Editora Plenum, 2011.<\/p>\n\n\n\n<p><strong>25.<\/strong><strong><a href=\"http:\/\/lattes.cnpq.br\/9951845659674589\" target=\"_blank\" rel=\"noreferrer noopener\">ANDRIGHETTO, A.<\/a><\/strong>; Fell T. E. ; Tremea E. . Pr\u00e1ticas interdisciplinares e direito \u00e0 Educa\u00e7\u00e3o Ambiental:o di\u00e1logo de saberes entre docentes e discentes. In: 5\u00ba Semin\u00e1rio Nacional Estado e Pol\u00edticas Sociais, 2011, Cascavel. As pol\u00edticas sociais nas transi\u00e7\u00f5es latinoamericanas no s\u00e9culo XXI: tend\u00eancias e desafios. Cascavel, 2011.<\/p>\n\n\n\n<p><strong>26.<\/strong><strong><a href=\"http:\/\/lattes.cnpq.br\/9951845659674589\" target=\"_blank\" rel=\"noreferrer noopener\">ANDRIGHETTO, A.<\/a><\/strong>. Prote\u00e7\u00e3o Ambiental como Direito Fundamental. In: V Mostra de Inicia\u00e7\u00e3o Cient\u00edfica, IV Mostra de Pesquisa de P\u00f3s-gradua\u00e7\u00e3o, V Exposi\u00e7\u00e3o de Atividades de Extens\u00e3o Comunit\u00e1ria da IMED, 2011, Passo Fundo -RS. V Mostra de Inicia\u00e7\u00e3o Cient\u00edfica, IV Mostra de Pesquisa de P\u00f3s-gradua\u00e7\u00e3o, V Exposi\u00e7\u00e3o de Atividades de Extens\u00e3o Comunit\u00e1ria da IMED, 2011.<\/p>\n\n\n\n<p><strong><a><\/a>Resumos expandidos publicados em anais de congressos<\/strong><br><strong>1.<\/strong><strong><a href=\"http:\/\/lattes.cnpq.br\/9951845659674589\" target=\"_blank\" rel=\"noreferrer noopener\">ANDRIGHETTO, ALINE<\/a><\/strong>. Colonialidade e a garantia de direitos das mulheres. In: IV SEMIN\u00c1RIO INTERNACIONAL EM DIREITOS HUMANOS E SOCIEDADE, VI JORNADA DE PRODU\u00c7\u00c3O CIENT\u00cdFICA EM DIREITOS FUNDAMENTAIS E ESTADO E I JORNADA DE DIREITOS HUMANOS COM A SOCIEDADE., 2023, Crici\u00fama. v. 4 (2023): Anais do Semin\u00e1rio Internacional em Direitos. Crici\u00fama: UNESC, 2023. v. 04. p. 1-4.<\/p>\n\n\n\n<p><strong>2.<\/strong><strong><a href=\"http:\/\/lattes.cnpq.br\/9951845659674589\" target=\"_blank\" rel=\"noreferrer noopener\">ANDRIGHETTO, ALINE<\/a><\/strong>; SILVA, B. M. ; ELSNER, L. O. . O CASO ATALA RIFFO E CRIAN\u00c7AS VS. CHILE: UMA AN\u00c1LISE \u00c0 LUZ DA CATEGORIA DA COLONIALIDADE DE G\u00caNERO. In: Anais do Semin\u00e1rio Internacional em Direitos Humanos e Sociedade, 2022, Crici\u00fama. Anais do Semin\u00e1rio Internacional em Direitos Humanos e Sociedade. Crici\u00fama: Unesc, 2022. v. 0. p. 1-4.<\/p>\n\n\n\n<p><strong>3.<\/strong><strong><a href=\"http:\/\/lattes.cnpq.br\/9951845659674589\" target=\"_blank\" rel=\"noreferrer noopener\">ANDRIGHETTO, A.<\/a><\/strong>. Multiculturalismo e o Reconhecimento de Direitos culturais. In: II Congresso Brasileiro de Filosofia da Liberta\u00e7\u00e3o: historicidade e sentidos da liberta\u00e7\u00e3o hoje, 2014, Porto Alegre. Anais Filosofia da Liberta\u00e7\u00e3o: historicidade e sentidos da liberta\u00e7\u00e3o hoje [e-book]. Nova Petr\u00f3polis: Nova Harmonia, 2014. v. 01. p. 234-238.<\/p>\n\n\n\n<p><strong><a><\/a>Resumos publicados em anais de congressos<\/strong><br><strong>1.<\/strong>SPERANDIR, L. R. ; GEBERT, A. M. ;&nbsp;<strong>ANDRIGHETTO, ALINE<\/strong>&nbsp;. Prote\u00e7\u00e3o \u00e0s mulheres no sistema interamericano de direitos humanos. In: II Semin\u00e1rio Internacional de Direito Internacional Cr\u00edtico, 2023, Uberl\u00e2ndia. II Semin\u00e1rio Internacional de Direito Internacional Cr\u00edtico. Uberl\u00e2ndia: DICRI, 2023. v. 1. p. 24-28.<\/p>\n\n\n\n<p><strong>2.<\/strong><strong><a href=\"http:\/\/lattes.cnpq.br\/9951845659674589\" target=\"_blank\" rel=\"noreferrer noopener\">ANDRIGHETTO, ALINE<\/a><\/strong>; OLIVEIRA, B. P. . Efetividade nas pol\u00edticas p\u00fablicas de cotas como articula\u00e7\u00e3o essencial para a participa\u00e7\u00e3o e igualdade de g\u00eanero na pol\u00edtica brasileira. In: XIII Mostra Integrada de Inicia\u00e7\u00e3o Cient\u00edfica, 2023, Os\u00f3rio. Anais da XIII Mostra Integrada de Inicia\u00e7\u00e3o Cient\u00edfica. UNICNEC: UNICNEC, 2023. v. 0. p. 14-14.<\/p>\n\n\n\n<p><strong>3.<\/strong><strong><a href=\"http:\/\/lattes.cnpq.br\/9951845659674589\" target=\"_blank\" rel=\"noreferrer noopener\">ANDRIGHETTO, ALINE<\/a><\/strong>; GEBERT, A. M. . O impacto da regulamenta\u00e7\u00e3o de cotas para v\u00edtimas de viol\u00eancia dom\u00e9stica em contratos com a Administra\u00e7\u00e3o P\u00fablica na interrup\u00e7\u00e3o do ciclo de viol\u00eancia. In: XIII Mostra Integrada de Inicia\u00e7\u00e3o Cient\u00edfica, 2023, Os\u00f3rio. Anais da XIII Mostra Integrada de Inicia\u00e7\u00e3o Cient\u00edfica. UNICNEC: UNICNEC, 2023. v. 0. p. 19-20.<\/p>\n\n\n\n<p><strong>4.<\/strong><strong><a href=\"http:\/\/lattes.cnpq.br\/9951845659674589\" target=\"_blank\" rel=\"noreferrer noopener\">ANDRIGHETTO, ALINE<\/a><\/strong>; BERNARDES, T. N. ; BRIZOLA, L. . Habeas Corpus 143.998: Superlota\u00e7\u00e3o nas unidades socioeducativas. In: XIII Mostra Integrada de Inicia\u00e7\u00e3o Cient\u00edfica, 2023, Os\u00f3rio- RS. Anais da XIII Mostra Integrada de Inicia\u00e7\u00e3o Cient\u00edfica. UNICNEC: UNICNEC, 2023. v. 0. p. 65-66.<\/p>\n\n\n\n<p><strong>5.<\/strong><strong><a href=\"http:\/\/lattes.cnpq.br\/9951845659674589\" target=\"_blank\" rel=\"noreferrer noopener\">ANDRIGHETTO, ALINE<\/a><\/strong>; SPERANDIR, L. R. . Hist\u00f3ria do movimento LGBTQIAP+ : representa\u00e7\u00f5es estigmatizadas e constru\u00e7\u00e3o social. In: XIII Mostra Integrada de Inicia\u00e7\u00e3o Cient\u00edfica, 2023, Os\u00f3rio- RS. Anais da XIII Mostra Integrada de Inicia\u00e7\u00e3o Cient\u00edfica. Os\u00f3rio- RS: UNICNEC. v. 0. p. 121-121.<\/p>\n\n\n\n<p><strong>6.<\/strong><strong><a href=\"http:\/\/lattes.cnpq.br\/9951845659674589\" target=\"_blank\" rel=\"noreferrer noopener\">ANDRIGHETTO, ALINE<\/a><\/strong>; COUTINHO, M. A. S. . Os direitos humanos e os impactos ambientais da Mina Gua\u00edba. In: As empresas sustent\u00e1veis em face do Direito Ambiental Brasileiro [recurso eletr\u00f4nico] : anais do IV Encontro Nacional de Pesquisadores em Direito Ambiental e Desenvolvimento Sustent\u00e1vel, 2022, Caxias do Sul. Encontro Nacional de Pesquisadores em Direito Ambiental e Desenvolvimento Sustent\u00e1vel. Caxias do Sul: Educs, 2022. v. 1. p. 69-70.<\/p>\n\n\n\n<p><strong>7.<\/strong><strong><a href=\"http:\/\/lattes.cnpq.br\/9951845659674589\" target=\"_blank\" rel=\"noreferrer noopener\">ANDRIGHETTO, ALINE<\/a><\/strong>; ANTUNES, A. ; VIEIRA, E. ; SILVEIRA, J. P. C. ; KROTH, V. ; AZEVEDO, V. V. . Direito \u00e0 educa\u00e7\u00e3o &#8211; Homeschooling. In: XII Mostra Integrada de Inicia\u00e7\u00e3o Cient\u00edfica &#8211; 6\u00ba Sal\u00e3o de Pesquisa, 2022, Os\u00f3rio. Anais da XII Mostra Integrada de Inicia\u00e7\u00e3o Cient\u00edfica &#8211; 6\u00ba Sal\u00e3o de pesquisa. Os\u00f3rio, 2022. v. 01. p. 00-00.<\/p>\n\n\n\n<p><strong>8.<\/strong><strong><a href=\"http:\/\/lattes.cnpq.br\/9951845659674589\" target=\"_blank\" rel=\"noreferrer noopener\">ANDRIGHETTO, ALINE<\/a><\/strong>; VIEIRA, E. A. ; DAVID, C. M. S. ; PAIVA, E. G. S. ; GRILLO, L. C. K. . Mulheres no processo eleitoral. In: XII Mostra Integrada de Inicia\u00e7\u00e3o Cient\u00edfica &#8211; 6\u00ba Sal\u00e3o de Pesquisa, 2022, Os\u00f3rio- RS. Anais da XII Mostra Integrada de Inicia\u00e7\u00e3o Cient\u00edfica &#8211; 6\u00ba Sal\u00e3o de pesquisa. Os\u00f3rio: UNICNEC, 2022. v. 01. p. 0-0.<\/p>\n\n\n\n<p><strong>9.<\/strong>KRAEMER, T. A. ;&nbsp;<strong>ANDRIGHETTO, A.<\/strong>&nbsp;. Combate ao Tr\u00e1fico de Animais Silvestres do Brasil. In: XI Mostra Integrada de Inicia\u00e7\u00e3o Cient\u00edfica UNICNEC Os\u00f3rio, 2021, Os\u00f3rio. Anais da XI Mostra Integrada de Inicia\u00e7\u00e3o Cient\u00edfica, 2021. v. 0. p. 0-0.<\/p>\n\n\n\n<p><strong>10.<\/strong><strong><a href=\"http:\/\/lattes.cnpq.br\/9951845659674589\" target=\"_blank\" rel=\"noreferrer noopener\">ANDRIGHETTO, A.<\/a><\/strong>; CZIMIKOSKI, V. L. . PESSOA IDOSA E OS DESAFIOS DA ?MELHOR IDADE?. In: XI Mostra Integrada de Inicia\u00e7\u00e3o Cient\u00edfica UNICNEC Os\u00f3rio, 2021, Os\u00f3rio. Anais da XI Mostra Integrada de Inicia\u00e7\u00e3o Cient\u00edfica, 2021. v. 0. p. 0-0.<\/p>\n\n\n\n<p><strong>11.<\/strong><strong><a href=\"http:\/\/lattes.cnpq.br\/9951845659674589\" target=\"_blank\" rel=\"noreferrer noopener\">ANDRIGHETTO, A.<\/a><\/strong>; ELSNER, L. O. ; SILVA, B. M. . AUS\u00caNCIAS QUE IMPORTAM: a Relev\u00e2ncia da Interseccionalidade ao Enfrentamento da Colonialidade do Saber no Direito. In: II Col\u00f3quio Decolonialidade e Direitos Humanos na Am\u00e9rica Latina (UFPEL, UCPEL e FURG), 2020, Pelotas. Anais do II Descolonialidade e direitos humanos na Am\u00e9rica Latina. Pelotas: UCPEL, 2020. v. 01. p. 16-17.<\/p>\n\n\n\n<p><strong>12.<\/strong>SPENCER, C. M. ; SOARES, D. ; MONGELO, M. S. ;&nbsp;<strong>ANDRIGHETTO, A.<\/strong>&nbsp;. Morte anunciada: uso indiscriminado de agrot\u00f3xicos no Brasil. In: IX Mostra Integrada de Inicia\u00e7\u00e3o Cient\u00edfica, III Sal\u00e3o Jovem e III Sal\u00e3o de Pesquisa, 2018, Os\u00f3rio &#8211; RS. Anais da IX Mostra Integrada de Inicia\u00e7\u00e3o Cient\u00edfica, III Sal\u00e3o Jovem e III Sal\u00e3o de Pesquisa. Os\u00f3rio: UNICNEC, 2018. v. 01. p. 13-14.<\/p>\n\n\n\n<p><strong>13.<\/strong>CURTINOVI, S. P. B. ;&nbsp;<strong>ANDRIGHETTO, A.<\/strong>&nbsp;; RODRIGUES, P. D. M. . Direito e Responsabilidade do Estado para a prote\u00e7\u00e3o dos migrantes. In: IX Mostra Integrada de Inicia\u00e7\u00e3o Cient\u00edfica, III Sal\u00e3o Jovem e III Sal\u00e3o de Pesquisa, 2018, Os\u00f3rio &#8211; RS. Anais da IX Mostra Integrada de Inicia\u00e7\u00e3o Cient\u00edfica, III Sal\u00e3o Jovem e III Sal\u00e3o de Pesquisa. Os\u00f3rio: UNICNEC, 2018. v. 001. p. 0000-0000.<\/p>\n\n\n\n<p><strong>14.<\/strong>COSTA, C. L. ; PORTAL, L. ; PORTELLA, M. ;&nbsp;<strong>ANDRIGHETTO, A.<\/strong>&nbsp;. A responsabiliza\u00e7\u00e3o por abandono afetivo de idoso. In: IX Mostra Integrada de Inicia\u00e7\u00e3o Cient\u00edfica, III Sal\u00e3o Jovem e III Sal\u00e3o de Pesquisa, 2018, Os\u00f3rio &#8211; RS. Anais da IX Mostra Integrada de Inicia\u00e7\u00e3o Cient\u00edfica, III Sal\u00e3o Jovem e III Sal\u00e3o de Pesquisa. Os\u00f3rio &#8211; RS: UNICNEC, 2018. v. 001. p. 0000-0000.<\/p>\n\n\n\n<p><strong>15.<\/strong><strong><a href=\"http:\/\/lattes.cnpq.br\/9951845659674589\" target=\"_blank\" rel=\"noreferrer noopener\">ANDRIGHETTO, A.<\/a><\/strong>. O discurso racista como desafio para os Direitos Humanos. In: II SEMIN\u00c1RIO INTERNACIONAL P\u00d3SCOLONIALISMO, PENSAMENTO DESCOLONIAL E DIREITOS HUMANOS NA AM\u00c9RICA LATINA, 2018, S\u00e3o Leopoldo. II SEMIN\u00c1RIO INTERNACIONAL P\u00d3SCOLONIALISMO, PENSAMENTO DESCOLONIAL E DIREITOS HUMANOS NA AM\u00c9RICA LATINA. S\u00e3o Leopoldo: Vis\u00e3o, 2017. v. 01. p. 144-144.<\/p>\n\n\n\n<p><strong>16.<\/strong><strong><a href=\"http:\/\/lattes.cnpq.br\/9951845659674589\" target=\"_blank\" rel=\"noreferrer noopener\">ANDRIGHETTO, A.<\/a><\/strong>; SCHROEDER, P. V. S. . A\u00c7\u00d5ES AFIRMATIVAS: uma an\u00e1lise do discurso de fundamenta\u00e7\u00e3o da ADPF 186 do STF. In: IX CONGRESSO DA REDE LATINOAMERICANA DE ANTROPOLOGIA JUR\u00cdDICA SOCIEDADES PLURAIS E ESTADOS NACIONAIS limites e desafios para a efetividade de direitos, 2015, Piren\u00f3polis. ANAIS DO IX CONGRESSO DA REDE LATINOAMERICANA DE ANTROPOLOGIA JUR\u00cdDICA SOCIEDADES PLURAIS E ESTADOS NACIONAIS limites e desafios para a efetividade de direitos. Bras\u00edlia: UNB, 2015. v. 01. p. 62-63.<\/p>\n\n\n\n<p><strong>17.<\/strong><strong><a href=\"http:\/\/lattes.cnpq.br\/9951845659674589\" target=\"_blank\" rel=\"noreferrer noopener\">ANDRIGHETTO, A.<\/a><\/strong>. Direito, Cidadania e Responsabilidade Ambiental. In: XI Mostra de Trabalhos Jur\u00eddicos da URI, 2011, Santo \u00c2ngelo. XI Mostra de Trabalhos Jur\u00eddicos. Santo \u00c2ngelo: FURI, 2011. p. 121-121.<\/p>\n\n\n\n<p><strong>18.<\/strong><img src=\"https:\/\/buscatextual.cnpq.br\/buscatextual\/images\/curriculo\/ico_relevante.gif\"><strong><a href=\"http:\/\/lattes.cnpq.br\/9951845659674589\" target=\"_blank\" rel=\"noreferrer noopener\">ANDRIGHETTO, A.<\/a><\/strong>. Direito a Informa\u00e7\u00e3o e Educa\u00e7\u00e3o Ambiental: na busca pela constru\u00e7\u00e3o da cidadania. In: XVI Semin\u00e1rio de Inicia\u00e7\u00e3o Cient\u00edfica XIII Jornada de Pesquisa IX Jornada de Extens\u00e3o, 2008, Iju\u00ed. Energia e Alimentos, 2008.<\/p>\n\n\n\n<h2><strong>Carlos Eduardo Rodrigues Lima<\/strong><\/h2>\n\n\n\n<p><strong>Curr\u00edculo Lattes:<\/strong><a href=\"http:\/\/lattes.cnpq.br\/7720985854647990\">http:\/\/lattes.cnpq.br\/7720985854647990<\/a><\/p>\n\n\n\n<p><strong>Produ\u00e7\u00f5es<\/strong><\/p>\n\n\n\n<p><strong>Produ\u00e7\u00f5es bibliogr\u00e1ficas<\/strong><\/p>\n\n\n\n<p><strong>Cap\u00edtulos de livros publicados<\/strong><\/p>\n\n\n\n<p><strong>1.<\/strong><img src=\"https:\/\/buscatextual.cnpq.br\/buscatextual\/images\/curriculo\/ico_relevante.gif\"><strong><a href=\"http:\/\/lattes.cnpq.br\/7720985854647990\" target=\"_blank\" rel=\"noreferrer noopener\">LIMA, C. E. R.<\/a><\/strong>. As Classes sociais menos favorecidas e a busca do princ\u00edpio da inclus\u00e3o social nos contratos de seguros em um Estado democr\u00e1tico de direitos. In: GAGLIETTI, Mauro; GAGLIETTI, Nat\u00e1lia. (Org.). Direito Contempor\u00e2neo em Pauta. Santo \u00c2ngelo: URI, 2012, v. 1, p. 277-287.<\/p>\n\n\n\n<p><strong>2.<\/strong>TONET, F. ;&nbsp;<strong><a href=\"http:\/\/lattes.cnpq.br\/7720985854647990\" target=\"_blank\" rel=\"noreferrer noopener\">LIMA, C. E. R.<\/a><\/strong>&nbsp;; LIRA, C. R. S. . A Teoria Sist\u00eamica como possibilidade de resposta \u00e0s quest\u00f5es multiculturais. In: Jo\u00e3o Martins Bertaso e Liliana Locatelli. (Org.). Di\u00e1logo e Entendimento: Direito e multiculturalismo &amp; pol\u00edticas de cidadania e resolu\u00e7\u00e3o de conflitos. 1\u00aaed.Rio de Janeiro: GZ Editora, 2012, v. 4, p. 181-190.<\/p>\n\n\n\n<p><strong>3.<\/strong><img src=\"https:\/\/buscatextual.cnpq.br\/buscatextual\/images\/curriculo\/ico_relevante.gif\"><strong><a href=\"http:\/\/lattes.cnpq.br\/7720985854647990\" target=\"_blank\" rel=\"noreferrer noopener\">LIMA, C. E. R.<\/a><\/strong>. Contratos de Seguros: princ\u00edpios e a vis\u00e3o de Charles Teylor, no tocante a boa-f\u00e9. In: Angelita Maria Maders, Ros\u00e2ngelo Angelin. (Org.). Multiculturalismo Em Foco. 01ed.Santo \u00c2ngelo: FURI, 2011, v. 01, p. 73-84.<\/p>\n\n\n\n<p><strong><a><\/a>Trabalhos completos publicados em anais de congressos<\/strong><br><strong>1.<\/strong>VENTURINI, S. M. ;&nbsp;<strong><a href=\"http:\/\/lattes.cnpq.br\/7720985854647990\" target=\"_blank\" rel=\"noreferrer noopener\">LIMA, C. E. R.<\/a><\/strong>&nbsp;. INTERESSE RECURSAL E O PRECEDENTE JUDICIAL: Na perspectiva do Novo CPC. In: 9\u00aa Exposi\u00e7\u00e3o Cient\u00edfica da Faculdade Anhanguera de Passo Fundo, 2013, Passo Fundo. 9\u00aa Exposi\u00e7\u00e3o Cient\u00edfica da Faculdade Anhanguera de Passo Fundo. Passo Fundo: Anhanguera &#8211; N\u00facleo de Inform\u00e1tica, 2013.<\/p>\n\n\n\n<p><strong>2.<\/strong><strong><a href=\"http:\/\/lattes.cnpq.br\/7720985854647990\" target=\"_blank\" rel=\"noreferrer noopener\">LIMA, C. E. R.<\/a><\/strong>. A Arbitragem como meio alternativo de solu\u00e7\u00e3o de conflitos. In: 7\u00aa Exposi\u00e7\u00e3o Cient\u00edfica da Faculdade Anhanguera Passo Fundo, 2012, Passo Fundo. VII Exposi\u00e7\u00e3o Cient\u00edfica da Faculdade Anhanguera passo Fundo. Passo Fundo: N\u00facleo de Inform\u00e1tica &#8211; Faculdade Anhanguera, 2012. v. I. p. 2176-7807(01)-2176-7807(24).<\/p>\n\n\n\n<p><strong>3.<\/strong><strong><a href=\"http:\/\/lattes.cnpq.br\/7720985854647990\" target=\"_blank\" rel=\"noreferrer noopener\">LIMA, C. E. R.<\/a><\/strong>. A Media\u00e7\u00e3o como forma alternativa para resolu\u00e7\u00e3o de conflitos. In: 7\u00aa Mostra de Inicia\u00e7\u00e3o Cient\u00edfica da Faculdade Anhanguera Passo Fundo, 2012, Passo Fundo &#8211; RS. VII Mostra de Inicia\u00e7\u00e3o Cient\u00edfica da Faculdade Anhanguera Passo Fundo. Passo Fundo: N\u00facleo de Inform\u00e1tica da Faculdade Anhanguera Passo Fundo, 2012. v. I. p. 2176-7807 (01)-2176-7807 (23).<\/p>\n\n\n\n<p><strong>4.<\/strong><strong><a href=\"http:\/\/lattes.cnpq.br\/7720985854647990\" target=\"_blank\" rel=\"noreferrer noopener\">LIMA, C. E. R.<\/a><\/strong>. A (in)aplicabilidade do princ\u00edpio da insignific\u00e2ncia nos crimes de contrabando de agrot\u00f3xicos: Reflexos na Sa\u00fade P\u00fablica e no Meio Ambiente. In: 7\u00aa Exposi\u00e7\u00e3o Cient\u00edfica da Faculdade Anhanguera Passo Fundo &#8211; RS, 2012, Passo Fundo. VII Exposi\u00e7\u00e3o Cient\u00edfica da Faculdade Anhanguera Passo Fundo. Passo Fundo: N\u00facleo de Inform\u00e1tica da Faculdade Anhanguera Passo Fundo, 2012. v. I. p. 2176-7807(01)-2176-7807(22).<\/p>\n\n\n\n<h2><strong>Claudio Rogerio Sousa Lira<\/strong><\/h2>\n\n\n\n<p><strong>Curr\u00edculo Lattes:<\/strong><a href=\"http:\/\/lattes.cnpq.br\/3164053514411563\">http:\/\/lattes.cnpq.br\/3164053514411563<\/a><\/p>\n\n\n\n<p><strong>Produ\u00e7\u00f5es<\/strong><\/p>\n\n\n\n<p><strong>Produ\u00e7\u00f5es bibliogr\u00e1ficas<\/strong><\/p>\n\n\n\n<p><strong>Artigos completos publicados em peri\u00f3dicos<\/strong><\/p>\n\n\n\n<p><strong>1.<\/strong><strong><a href=\"http:\/\/lattes.cnpq.br\/3164053514411563\" target=\"_blank\" rel=\"noreferrer noopener\">SOUSA LIRA, CL\u00c1UDIO ROG\u00c9RIO<\/a><\/strong>; LYRA, J. F. D. C. . O direito fundamental a n\u00e3o ser castigado injustamente: um esbo\u00e7o a partir das teorias da determina\u00e7\u00e3o da pena. REVISTA BRASILEIRA DE CI\u00caNCIAS CRIMINAIS<sup><\/sup>, v. 133, p. 335, 2017.<\/p>\n\n\n\n<p><strong>2.<\/strong><strong><a href=\"http:\/\/lattes.cnpq.br\/3164053514411563\" target=\"_blank\" rel=\"noreferrer noopener\">SOUSA LIRA, CL\u00c1UDIO ROG\u00c9RIO<\/a><\/strong>; BACKES, J. D. . A JUSTI\u00c7A E O DIREITO DE PUNIR. Jornada Interdisciplinar de Pesquisa das Faculdades Machado de Assis<sup><\/sup>, v. 7, p. 867-879, 2017.<\/p>\n\n\n\n<p><strong>3.<\/strong><strong><a href=\"http:\/\/lattes.cnpq.br\/3164053514411563\" target=\"_blank\" rel=\"noreferrer noopener\">LIRA, C. R.<\/a><\/strong>; HOMMERDING, A. N. . DIREITOS FUNDAMENTAIS: O LIMITE DA LIBERDADE DE CREN\u00c7A E DE CONSCI\u00caNCIA RELIGIOSA A PARTIR DA CR\u00cdTICA HERMEN\u00caUTICA DO DIREITO. Direitos Fundamentais &amp; Justi\u00e7a<sup><\/sup>, v. 9, p. 52-72, 2016.<\/p>\n\n\n\n<p><strong>4.<\/strong><img src=\"https:\/\/buscatextual.cnpq.br\/buscatextual\/images\/curriculo\/ico_relevante.gif\"><a href=\"http:\/\/dx.doi.org\/10.18593\/ejjl.v17i1.7046\" target=\"_blank\" rel=\"noreferrer noopener\"><\/a><strong><a href=\"http:\/\/lattes.cnpq.br\/3164053514411563\" target=\"_blank\" rel=\"noreferrer noopener\">SOUSA LIRA, CL\u00c1UDIO ROG\u00c9RIO<\/a><\/strong>; BARRETO, VICENTE DE PAULO . POL\u00cdTICA ANTITERROR: OS DIREITOS HUMANOS NA ENCRUZILHADA DA PREVEN\u00c7\u00c3O E DA REPRESS\u00c3O AOS ATOS TERRORISTAS &#8212; ANTI TERROR POLICY: HUMAN RIGHTS AT THE CROSSROADS OF PREVENTION AND REPRESSION TO TERRORIST ACTS. Revista Espa\u00e7o Jur\u00eddico<sup><\/sup>, v. 17, p. 65-82, 2016.<\/p>\n\n\n\n<p><strong>5.<\/strong><strong><a href=\"http:\/\/lattes.cnpq.br\/3164053514411563\" target=\"_blank\" rel=\"noreferrer noopener\">LIRA, C. R.<\/a><\/strong>; STURMER, J. C. M. . TEORIA DOS SISTEMAS: A COMUNICA\u00c7\u00c3O E A LINGUAGEM COMO ABERTURA CAUSAL PARA GARANTIA DA CLAUSURA OPERACIONAL DOS SISTEMAS SOCIAIS. Revista Eletr\u00f4nica Direito e Sociedade (REDES)<sup><\/sup>, v. 3, p. 25-41, 2015.<\/p>\n\n\n\n<p><strong>6.<\/strong><strong><a href=\"http:\/\/lattes.cnpq.br\/3164053514411563\" target=\"_blank\" rel=\"noreferrer noopener\">LIRA, C. R.<\/a><\/strong>; HOMMERDING, A. N. . A TEORIA DO DIREITO COMO INTEGRIDADE DE RONALD DWORKIN COMO CONDI\u00c7\u00c3O PARA A POSITIVA\u00c7\u00c3O DO DIREITO. Revista da Faculdade de Direito do Sul de Minas<sup><\/sup>, v. 31, p. 97-122, 2015.<\/p>\n\n\n\n<p><strong>7.<\/strong><img src=\"https:\/\/buscatextual.cnpq.br\/buscatextual\/images\/curriculo\/ico_relevante.gif\"><a href=\"http:\/\/dx.doi.org\/10.5020\/2317-2150.2015.v20n3p710\" target=\"_blank\" rel=\"noreferrer noopener\"><\/a><strong><a href=\"http:\/\/lattes.cnpq.br\/3164053514411563\" target=\"_blank\" rel=\"noreferrer noopener\">LIRA, C. R.<\/a><\/strong>; CALLEGARI, A. L. . Direito Penal antiterror: abertura sem\u00e2ntica e a necessidade de defini\u00e7\u00e3o jur\u00eddico-penal para a tipifica\u00e7\u00e3o de terrorismo. Pensar (UNIFOR)<sup><\/sup>, v. 20, p. 710-745, 2015.<\/p>\n\n\n\n<p><strong>8.<\/strong><strong><a href=\"http:\/\/lattes.cnpq.br\/3164053514411563\" target=\"_blank\" rel=\"noreferrer noopener\">LIRA, C. R.<\/a><\/strong>; ORTIZ, L. C. V. ; MACHADO, F. M. . Os institutos jur\u00eddicos e os custos de transa\u00e7\u00e3o: uma abordagem da an\u00e1lise econ\u00f4mica do direito. Revista Direito em Debate<sup><\/sup>, v. 22, p. 27-45, 2013.<\/p>\n\n\n\n<p><strong>9.<\/strong><img src=\"https:\/\/buscatextual.cnpq.br\/buscatextual\/images\/curriculo\/ico_relevante.gif\"><strong><a href=\"http:\/\/lattes.cnpq.br\/3164053514411563\" target=\"_blank\" rel=\"noreferrer noopener\">LIRA, C. R.<\/a><\/strong>; HOMMERDING, A. N. . RACIONALIDADE LEGISLATIVA: UMA ?PONTE? ENTRE A TEORIA DA LEGISLA\u00c7\u00c3O E A TEORIA DO DIREITO COMO INTEGRIDADE. Direitos Culturais<sup><\/sup>, v. 8, p. 111-128, 2013.<\/p>\n\n\n\n<p><strong>10.<\/strong><strong><a href=\"http:\/\/lattes.cnpq.br\/3164053514411563\" target=\"_blank\" rel=\"noreferrer noopener\">LIRA, C. R.<\/a><\/strong>; SOARES, C. G. ; BERG, C. L. ; PEROTTI, D. R. . A carga tribut\u00e1ria e os seus reflexos na economia brasileira. Revista FEMA: Gest\u00e3o e Controladoria<sup><\/sup>, v. 2, p. 7-22, 2012.<\/p>\n\n\n\n<p><strong>11.<\/strong><strong><a href=\"http:\/\/lattes.cnpq.br\/3164053514411563\" target=\"_blank\" rel=\"noreferrer noopener\">LIRA, C. R.<\/a><\/strong>; BUCHHOLZ, C. ; RUTZEN, E. A. ; PERES, P. R. ; CHRISTMANN, S. . TRIBUTOS PATRONAIS: O CUSTO DO EMPREGADO EM RAZ\u00c3O DOS TRIBUTOS. Revista Eletr\u00f4nica de Inicia\u00e7\u00e3o Cient\u00edfica<sup><\/sup>, v. 02, p. 141-152, 2012.<\/p>\n\n\n\n<p><strong>12.<\/strong><strong><a href=\"http:\/\/lattes.cnpq.br\/3164053514411563\" target=\"_blank\" rel=\"noreferrer noopener\">LIRA, C. R.<\/a><\/strong>; TREVISOL, C. . GUANT\u00c1NAMO: UMA AFIRMA\u00c7\u00c3O DO DIREITO PENAL DO INIMIGO. Revista Direito e Sociedade<sup><\/sup>, v. 3, p. 108-132, 2012.<\/p>\n\n\n\n<p><strong><a><\/a>Livros publicados\/organizados ou edi\u00e7\u00f5es<\/strong><br><strong>1.<\/strong><img src=\"https:\/\/buscatextual.cnpq.br\/buscatextual\/images\/curriculo\/ico_relevante.gif\"><strong><a href=\"http:\/\/lattes.cnpq.br\/3164053514411563\" target=\"_blank\" rel=\"noreferrer noopener\">LIRA, C. R.<\/a><\/strong>; CALLEGARI, A. L. ; REGHELIN, E. M. ; CANCIO MELIA, M. ; LINHARES, R. M. . O crime de terrorismo: reflex\u00f5es cr\u00edticas e coment\u00e1rios \u00e0 Lei de Terrorismo (Lei n\u00ba 13.260\/16). 1. ed. Porto Alegre (RS): Livraria do Advogado Editora, 2016. v. 1. 136p .<\/p>\n\n\n\n<p><strong>2.<\/strong><img src=\"https:\/\/buscatextual.cnpq.br\/buscatextual\/images\/curriculo\/ico_relevante.gif\"><strong><a href=\"http:\/\/lattes.cnpq.br\/3164053514411563\" target=\"_blank\" rel=\"noreferrer noopener\">LIRA, C. R.<\/a><\/strong>. Direito Penal na P\u00f3s-Modernidade &#8211; A Racionalidade Legislativa para uma Sociedade de Risco &#8211; 2\u00aa Edi\u00e7\u00e3o &#8211; Revista e Atualizada com a Nova Lei do Feminic\u00eddio &#8211; Lei 13.104 de 09.03.2015. 2. ed. Curitiba: Juru\u00e1 Editora, 2015. v. 1. 198p .<\/p>\n\n\n\n<p><strong>3.<\/strong><strong><a href=\"http:\/\/lattes.cnpq.br\/3164053514411563\" target=\"_blank\" rel=\"noreferrer noopener\">LIRA, C. R.<\/a><\/strong>. DIREITO PENAL NA P\u00d3S-MODERNIDADE: A Racionalidade Legislativa para uma Sociedade de Risco. 1. ed. Curitiba (PR): Juru\u00e1 Editora, 2013. v. 1. 158p .<\/p>\n\n\n\n<p><strong><a><\/a>Cap\u00edtulos de livros publicados<\/strong><br><strong>1.<\/strong><strong><a href=\"http:\/\/lattes.cnpq.br\/3164053514411563\" target=\"_blank\" rel=\"noreferrer noopener\">SOUSA LIRA, CL\u00c1UDIO ROG\u00c9RIO<\/a><\/strong>; STURMER, J. C. M. . LEVANDO O DIREITO PENAL A S\u00c9RIO: A INSTITUCIONALIZA\u00c7\u00c3O DO MEDO COMO COMBUST\u00cdVEL PARA UMA ILEG\u00cdTIMA EXPANS\u00c3O E TRANSFORMA\u00c7\u00c3O DA NORMA PENAL. In: Alessandra Monteiro Machado; Clarissa Tassinari. (Org.). A Globaliza\u00e7\u00e3o dos Problemas Fundamentais Dos Estados Contempor\u00e2neos no S\u00e9c. XXI. 1ed.Lisboa: Rei dos Livros, 2019, v. 1, p. 98-120.<\/p>\n\n\n\n<p><strong>2.<\/strong><strong><a href=\"http:\/\/lattes.cnpq.br\/3164053514411563\" target=\"_blank\" rel=\"noreferrer noopener\">SOUSA LIRA, CL\u00c1UDIO ROG\u00c9RIO<\/a><\/strong>; STURMER, J. C. M. . O Minist\u00e9rio P\u00fablico e a preserva\u00e7\u00e3o ambiental-local. In: Wambert Gomes Di Lorenzo; Patr\u00edcia Noll; Cristiane Velasque da Silva. (Org.). Lei natural e direito ambiental. 1ed.Caxias do Sul: Edcus, 2018, v. 1, p. 433-458.<\/p>\n\n\n\n<p><strong>3.<\/strong>HOMMERDING, A. N. ;&nbsp;<strong>LIRA, C. R.<\/strong>&nbsp;. Os novos rumos do Direito Penal: da necessidade de incorpora\u00e7\u00e3o de n\u00edveis de racionalidade legislativa como resposta epist\u00eamica ao simbolismo da norma penal. In: Charlise Paula COlet Gimenez e Jos\u00e9 Francisco Dias da Costa Lyra. (Org.). Di\u00e1logo e entendimento: direito e multiculturalismo &amp; pol\u00edticas de cidadania e resolu\u00e7\u00e3o de conflitos. 7ed.Campinas, SP: Millennium Editora, 2016, v. 7, p. 159-178.<\/p>\n\n\n\n<p><strong>4.<\/strong><strong><a href=\"http:\/\/lattes.cnpq.br\/3164053514411563\" target=\"_blank\" rel=\"noreferrer noopener\">LIRA, C. R.<\/a><\/strong>; HOMMERDING, A. N. . A isen\u00e7\u00e3o de tributos para pessoas com defici\u00eancia e o problema da applicatio: como os princ\u00edpios podem fechar a &#8220;porosidade&#8221; da regras?. In: Jo\u00e3o Martins Bertaso; Osmar Veronese; Thami Covatti Piaia. (Org.). Di\u00e1logo e entendimento: direito e multiculturalismo &amp; pol\u00edticas de cidadania e resolu\u00e7\u00f5es de conflito. 6ed.Campinas: Millennium, 2015, v. 1, p. 227-250.<\/p>\n\n\n\n<p><strong>5.<\/strong><strong><a href=\"http:\/\/lattes.cnpq.br\/3164053514411563\" target=\"_blank\" rel=\"noreferrer noopener\">LIRA, C. R.<\/a><\/strong>. OS DESAFIOS DA PEDAGODIA E O PROCESSO SELETIVO PARA O INGRESSO NO ENSINO SUPERIOR EM UMA SOCIEDADE MULTICULTURAL: UM DI\u00c1LOGO CR\u00cdTICO COM EDGAR MORIN, PAULO FREIRE E N\u00c9STOR GARC\u00cdA CANCLINI. In: Ros\u00e2ngela Angelin; Angelita Maria Maders. (Org.). Direitos humanos e sociais \u00e0 luz da teoria da complexidade de Edgar Moein: Discuss\u00f5es acerca de sua efetiva\u00e7\u00e3o. 2ed.Santo \u00c2ngelo (RS): EDIURI, 2012, v. 1, p. 80-90.<\/p>\n\n\n\n<p><strong>6.<\/strong><strong><a href=\"http:\/\/lattes.cnpq.br\/3164053514411563\" target=\"_blank\" rel=\"noreferrer noopener\">LIRA, C. R.<\/a><\/strong>. VULNERABILIDADE CULTURAL: AS HOSTILIDADES SECTARISTAS AO MIGRANTE NORDESTINO E A NECESSIDADE DO RECONHECIMENTO DESSA MINORIA EM UMA SOCIEDADE PLURALISTA E DE IDENTIDADES DIVERSIFICADAS. In: Angelita Maria Maders; Isabel Cristina Brettas Duarte. (Org.). O que \u00e9 isto ? o Multiculturalismo?. 1ed.Santo Angelo: EDIURI, 2012, v. 1, p. 43-72.<\/p>\n\n\n\n<p><strong>7.<\/strong><strong><a href=\"http:\/\/lattes.cnpq.br\/3164053514411563\" target=\"_blank\" rel=\"noreferrer noopener\">LIRA, C. R.<\/a><\/strong>; TONET, F. ; LIMA, C. E. R. . A TEORIA SIST\u00caMICA COMO POSSIBILIDADE DE RESPOSTA \u00c0S QUEST\u00d5ES MULTICULTURAIS. In: Jo\u00e3o Martins Bertaso. Liliana Locatelli. (Org.). Di\u00e1logo e entendimento: direito e multiculturalismo &amp; pol\u00edticas de cidadania e resolu\u00e7\u00f5es de conflitos. 1ed.Rio de Janeiro: Editora GZ, 2012, v. 4, p. 181-190.<\/p>\n\n\n\n<p><strong>8.<\/strong><strong><a href=\"http:\/\/lattes.cnpq.br\/3164053514411563\" target=\"_blank\" rel=\"noreferrer noopener\">LIRA, C. R.<\/a><\/strong>. O DIREITO CONSTITUCIONAL \u00c0 LIBERDADE DE EXPRESS\u00c3O DA MANIFESTA\u00c7\u00c3O DO PENSAMENTO EM RELA\u00c7\u00c3O \u00c0 MACONHA E A GARANTIA DE SEU EXERC\u00cdCIO SOB A \u00d3TICA DA TEORIA DO DISCURSO DE ROBERT ALEXY. In: Mauro Jos\u00e9 Gaglietti; Jo\u00e3o Martins Bertaso. (Org.). Di\u00e1logo e Entendimento &#8211; Direito e multiculturalismo &amp; Cidadania e novas formas de solu\u00e7\u00e3o de conflitos. 3ed.Rio de Janeiro: Editora GZ, 2011, v. 1, p. 147-158.<\/p>\n\n\n\n<p><strong><a><\/a>Textos em jornais de not\u00edcias\/revistas<\/strong><br><strong>1.<\/strong><strong><a href=\"http:\/\/lattes.cnpq.br\/3164053514411563\" target=\"_blank\" rel=\"noreferrer noopener\">LIRA, C. R.<\/a><\/strong>. Ficha Limpa!. Jornal Noroeste, Santa Rosa (RS), , v. 2288, p. 2 &#8211; 2, 23 mar. 2012.<\/p>\n\n\n\n<p><strong><a><\/a>Trabalhos completos publicados em anais de congressos<\/strong><br><strong>1.<\/strong><strong><a href=\"http:\/\/lattes.cnpq.br\/3164053514411563\" target=\"_blank\" rel=\"noreferrer noopener\">LIRA, C. R.<\/a><\/strong>. A CULTURA E A GLOBALIZA\u00c7\u00c3O EM TEMPOS DE SOCIEDADES COSMOPOLITAS. In: V SIMP\u00d3SIO IBEROAMERICANO EM COM\u00c9RCIO INTERNACIONAL, DESENVOLVIMENTO E INTEGRA\u00c7\u00c3O REGIONAL, 2012, Santa Rosa (RS). V SIMP\u00d3SIO IBEROAMERICANO EM COM\u00c9RCIO INTERNACIONAL, DESENVOLVIMENTO E INTEGRA\u00c7\u00c3O REGIONAL, 2012.<\/p>\n\n\n\n<p><strong>2.<\/strong><strong><a href=\"http:\/\/lattes.cnpq.br\/3164053514411563\" target=\"_blank\" rel=\"noreferrer noopener\">LIRA, C. R.<\/a><\/strong>. LIBERDADE DE EXPRESS\u00c3O: A GARANTIA DE SEU EXERC\u00cdCIO SOB A \u00d3TICA DA TEORIA DO DISCURSO DE ROBERT ALEXY. In: V SIMP\u00d3SIO IBEROAMERICANO EM COM\u00c9RCIO INTERNACIONAL, DESENVOLVIMENTO E INTEGRA\u00c7\u00c3O REGIONAL, 2012, Santa Rosa. V SIMP\u00d3SIO IBEROAMERICANO EM COM\u00c9RCIO INTERNACIONAL, DESENVOLVIMENTO E INTEGRA\u00c7\u00c3O REGIONAL, 2012.<\/p>\n\n\n\n<h2><strong>Daniel Pedroso de Oliveira<\/strong><\/h2>\n\n\n\n<p><strong>Curr\u00edculo Lattes: <\/strong><a href=\" http:\/\/lattes.cnpq.br\/9143704925246952\">http:\/\/lattes.cnpq.br\/9143704925246952<\/a><\/p>\n\n\n\n<h2><strong>Estela Maria Trem\u00e9a<\/strong><\/h2>\n\n\n\n<p><strong>Curr\u00edculo Lattes: <\/strong><a href=\"http:\/\/lattes.cnpq.br\/4823840764291891\">http:\/\/lattes.cnpq.br\/4823840764291891<\/a><\/p>\n\n\n\n<p><strong>Produ\u00e7\u00f5es<\/strong><\/p>\n\n\n\n<p><strong>Produ\u00e7\u00f5es bibliogr\u00e1ficas<\/strong><\/p>\n\n\n\n<p><strong>Cap\u00edtulos de livros publicados<\/strong><\/p>\n\n\n\n<p><strong>1.<\/strong><strong><a href=\"http:\/\/lattes.cnpq.br\/4823840764291891\" target=\"_blank\" rel=\"noreferrer noopener\">TREM\u00c9A, E. M.<\/a><\/strong>; FELL, E. T. . Responsabilidade Civil Prospectiva e Desenvolvimento Rural Sustent\u00e1vel: a potencialidade de risco e o dano. In: F\u00e1bio da Silva Veiga; Denise Pires Fincato. (Org.). Estudos de Direito, Desenvolvimento e Novas Tecnologias;. 1ed.Porto: Instituto Iberoamericano de Estudos Jur\u00eddicos\/Universidade Lus\u00f3fona do Porto, 2020, v. 1, p. 404-418.<\/p>\n\n\n\n<p><strong>2.<\/strong><strong><a href=\"http:\/\/lattes.cnpq.br\/4823840764291891\" target=\"_blank\" rel=\"noreferrer noopener\">TREM\u00c9A, E. M.<\/a><\/strong>. Direito \u00e0 educa\u00e7\u00e3o intercultural no ensino superior como alicerce para combater o racismo ambiental. In: Angelita Maria Maders, Liliana Locatelli e Ros\u00e2ngela Angelin. (Org.). Multiculturalismo e Direito. 1ed.Santo Angelo: Furi, 2012, v. 128, p. 95-125.<\/p>\n\n\n\n<p><strong><a><\/a>Trabalhos completos publicados em anais de congressos<\/strong><br><strong>1.<\/strong>FELL, E. T. ;&nbsp;<strong><a href=\"http:\/\/lattes.cnpq.br\/4823840764291891\" target=\"_blank\" rel=\"noreferrer noopener\">TREM\u00c9A, E. M.<\/a><\/strong>&nbsp;. Os Movimentos Sociais Contempor\u00e2neos Ambientais e Ind\u00edgenas: A busca pela subsist\u00eancia das comunidades tradicionais. In: IX Convenci\u00f3n Internacional sobre Medio Ambiente Y Desarrollo, 2013, Havana. Anais da IX Convenci\u00f3n Internacional sobre Medio Ambiente Y Desarrollo, 2013, Havana. IX Convenci\u00f3n Internacional sobre Medio Ambiente Y Desarrollo, 2013, Havana. Anais da IX Convenci\u00f3n Internacional sobre Medio Ambiente Y Desarrollo, 2013.<\/p>\n\n\n\n<p><strong>2.<\/strong><strong><a href=\"http:\/\/lattes.cnpq.br\/4823840764291891\" target=\"_blank\" rel=\"noreferrer noopener\">TREM\u00c9A, E. M.<\/a><\/strong>; FELL, E. T. ; ANDRIGHETTO, A. . Pr\u00e1ticas interdisciplinares e direito \u00e0 educa\u00e7\u00e3o ambiental: o di\u00e1logo de saberes entre docentes e discentes. In: V Semin\u00e1rio Nacional Estado e Pol\u00edticas Sociais, 2011, Cascavel. As Pol\u00edticas Sociais nas transi\u00e7oes latinoamericanas no s\u00e9culo XXI: tend\u00eancias e desafios, 2011.<\/p>\n\n\n\n<p><strong>3.<\/strong><strong><a href=\"http:\/\/lattes.cnpq.br\/4823840764291891\" target=\"_blank\" rel=\"noreferrer noopener\">TREM\u00c9A, E. M.<\/a><\/strong>; FELL, E. T. . Projeto Pedag\u00f3gico: disseminador do di\u00e1logo Intercultural Hermen\u00eautico. In: VI encontro Cientifico de Ci\u00eancias Sociais Aplicadas Marechal Candido Rondon, 2011, marechal candido rondon. VI encontro Cientifico de Ci\u00eancias Sociais Aplicadas Marechal Candido Rondon, 2011.<\/p>\n\n\n\n<p><strong>4.<\/strong><img src=\"https:\/\/buscatextual.cnpq.br\/buscatextual\/images\/curriculo\/ico_relevante.gif\"><strong><a href=\"http:\/\/lattes.cnpq.br\/4823840764291891\" target=\"_blank\" rel=\"noreferrer noopener\">TREM\u00c9A, E. M.<\/a><\/strong>; FELL, E. T. ;&nbsp;<a href=\"http:\/\/lattes.cnpq.br\/1275535624435246\" target=\"_blank\" rel=\"noreferrer noopener\">Sparemberger, R. F. L<\/a>&nbsp;. Racismo Ambiental e A\u00e7\u00e3o Civil P\u00fablica: A luta pela preserva\u00e7\u00e3o dos direitos humanos e ambientais por meio desse mecanismo jur\u00eddico. In: V Encontro Cient\u00edfico de Ci\u00eancias Sociais Aplicadas de Marechal C\u00e2ndido Rondon- Desafios na Constru\u00e7\u00e3o da Cidadania, 2010, Marechal C\u00e2ndido Rondon. Desafios na Constru\u00e7\u00e3o da Cidadania, 2010.<\/p>\n\n\n\n<p><strong>5.<\/strong><img src=\"https:\/\/buscatextual.cnpq.br\/buscatextual\/images\/curriculo\/ico_relevante.gif\"><strong><a href=\"http:\/\/lattes.cnpq.br\/4823840764291891\" target=\"_blank\" rel=\"noreferrer noopener\">TREM\u00c9A, E. M.<\/a><\/strong>; FELL, E. T. . Comunidades Tradicionais Brasileiras Ind\u00edgenas e n\u00e3o Ind\u00edgenas; a luta pelo reconhecimento. In: IV Encontro Cient\u00edfico de Ci\u00eancias Sociasi Aplicadas de Marechal C\u00e2ndido Rondon &#8211; Di\u00e1logo de Saberes para o Desenvolvimento das Organiza\u00e7\u00f5es e Sociedades, 2009, Marechal C\u00e2ndido Rondon\/Pr. Di\u00e1logo de Saberes para o Desenvolvimento das Organiza\u00e7\u00f5es e Sociedades, 2009.<\/p>\n\n\n\n<p><strong>6.<\/strong><img src=\"https:\/\/buscatextual.cnpq.br\/buscatextual\/images\/curriculo\/ico_relevante.gif\">&nbsp;FELL, E. T. ;&nbsp;<strong><a href=\"http:\/\/lattes.cnpq.br\/4823840764291891\" target=\"_blank\" rel=\"noreferrer noopener\">TREM\u00c9A, E. M.<\/a><\/strong>&nbsp;. Pr\u00e1ticas de Pol\u00edticas P\u00fablicas Ambientais: o Programa Proambiente e sua compensa\u00e7\u00e3o financeira com base no Princ\u00edpio do Protetor-Recebedor. In: I Semin\u00e1rio Internacional de Ci\u00eancia, Tecnologia e Ambiente, 2009, Cascavel\/Pr. I Semin\u00e1rio Internacional de Ci\u00eancia, Tecnologia e Ambiente, 2009.<\/p>\n\n\n\n<p><strong>7.<\/strong><img src=\"https:\/\/buscatextual.cnpq.br\/buscatextual\/images\/curriculo\/ico_relevante.gif\"><strong><a href=\"http:\/\/lattes.cnpq.br\/4823840764291891\" target=\"_blank\" rel=\"noreferrer noopener\">TREM\u00c9A, E. M.<\/a><\/strong>; FELL, E. T. . Direito Tribut\u00e1rio: Protagonista da compensa\u00e7\u00e3o financeira para servi\u00e7os prestados ao meio ambiente. In: I Semin\u00e1rio Internacional de Ci\u00eancia, Tecnologia e Ambiente, 2009, Cascavel\/Pr. I Semin\u00e1rio Internacional de Ci\u00eancia, Tecnologia e Ambiente, 2009.<\/p>\n\n\n\n<p><strong>8.<\/strong><img src=\"https:\/\/buscatextual.cnpq.br\/buscatextual\/images\/curriculo\/ico_relevante.gif\"><strong><a href=\"http:\/\/lattes.cnpq.br\/4823840764291891\" target=\"_blank\" rel=\"noreferrer noopener\">TREM\u00c9A, E. M.<\/a><\/strong>; Vettorazzi, K. M . O Princ\u00edpio do Protetor-Recebedor como fundamento de justi\u00e7a ambiental: o caso do Paran\u00e1. In: IV Encontro Paranaense de Pesquisa e Extens\u00e3o em Ci\u00eancias Sociais Aplicadas &#8211; ENPPEX, 2008, Ponta Grossa\/Pr. IV Encontro Paranaense de Pesquisa e Extens\u00e3o em Ci\u00eancias Sociais Aplicadas &#8211; ENPPEX, 2008.<\/p>\n\n\n\n<p><strong><a><\/a>Resumos expandidos publicados em anais de congressos<\/strong><br><strong>1.<\/strong><strong><a href=\"http:\/\/lattes.cnpq.br\/4823840764291891\" target=\"_blank\" rel=\"noreferrer noopener\">TREM\u00c9A, E. M.<\/a><\/strong>; FELL, E. T. . Racionalidade Ambiental e Diversidade Cultural: em busca de redes de solidariedade. In: XVI Jornada de Pesquisa da Uniju\u00ed, 2011, Iju\u00ed. Sal\u00e3o do Conhecimento &#8211; Mudan\u00e7as Clim\u00e1ticas, Desastres Naturais, Preven\u00e7ao de Riscos, 2011.<\/p>\n\n\n\n<p><strong><a><\/a>Resumos publicados em anais de congressos<\/strong><br><strong>1.<\/strong><strong><a href=\"http:\/\/lattes.cnpq.br\/4823840764291891\" target=\"_blank\" rel=\"noreferrer noopener\">TREM\u00c9A, E. M.<\/a><\/strong>. Racismo Ambiental e Socioambientalismo: A luta pela preserva\u00e7\u00e3o dos direitos humanos e ambientais por meio de mecanismos jur\u00eddicos. In: XIV Simp\u00f3sio de Estudos Jur\u00eddicos, XI Encontro de Egressos e XI Mostra de Trabalhos Jur\u00eddicos, 2011, Santo Angelo. XIV Simp\u00f3sio de Estudos Jur\u00eddicos, XI Encontro de Egressos e XI Mostra de Trabalhos Jur\u00eddicos, 2011.<\/p>\n\n\n\n<p><strong>2.<\/strong><strong><a href=\"http:\/\/lattes.cnpq.br\/4823840764291891\" target=\"_blank\" rel=\"noreferrer noopener\">TREM\u00c9A, E. M.<\/a><\/strong>. O princ\u00edpio do protetor &#8211; recebedor como fundamento de justi\u00e7a ambiental: o caso do Paran\u00e1. In: VI Jornada Cient\u00edfica, 2008, Cascavel. VI Jornada Cient\u00edfica, 2008.<\/p>\n\n\n\n<h2><strong>Fernanda Ajnhorn<\/strong><\/h2>\n\n\n\n<p><strong>Curr\u00edculo Lattes: <\/strong><a href=\"http:\/\/lattes.cnpq.br\/9139191307036114\">http:\/\/lattes.cnpq.br\/9139191307036114<\/a><\/p>\n\n\n\n<p><strong>Produ\u00e7\u00f5es<\/strong><\/p>\n\n\n\n<p><strong>Produ\u00e7\u00f5es bibliogr\u00e1ficas<\/strong><\/p>\n\n\n\n<p><strong>Artigos completos publicados em peri\u00f3dicos<\/strong><\/p>\n\n\n\n<p><strong>1.<\/strong><img src=\"https:\/\/buscatextual.cnpq.br\/buscatextual\/images\/curriculo\/ico_relevante.gif\"><strong><a href=\"http:\/\/lattes.cnpq.br\/9139191307036114\" target=\"_blank\" rel=\"noreferrer noopener\">AJNHORN, F.<\/a><\/strong>. Postular em ju\u00edzo: do direito comparado ao novo C\u00f3digo de Processo Civil brasileiro. REVISTA DE PROCESSO<sup><\/sup>, v. 329, p. 411, 2022.<\/p>\n\n\n\n<p><strong><a><\/a>Livros publicados\/organizados ou edi\u00e7\u00f5es<\/strong><br><strong>1.<\/strong><img src=\"https:\/\/buscatextual.cnpq.br\/buscatextual\/images\/curriculo\/ico_relevante.gif\"><strong><a href=\"http:\/\/lattes.cnpq.br\/9139191307036114\" target=\"_blank\" rel=\"noreferrer noopener\">AJNHORN, F.<\/a><\/strong>. A colis\u00e3o entre os princ\u00edpios constitucionais do direito de propriedade e da prote\u00e7\u00e3o ao patrim\u00f4nio hist\u00f3rico e cultural ? uma an\u00e1lise a partir da teoria alexyana. 1a. ed. Porto Alegre: Editora Funda\u00e7\u00e3o F\u00eanix, 2021. v. 1. 179p .<\/p>\n\n\n\n<p><strong><a><\/a>Cap\u00edtulos de livros publicados<\/strong><br><strong>1.<\/strong><img src=\"https:\/\/buscatextual.cnpq.br\/buscatextual\/images\/curriculo\/ico_relevante.gif\"><strong><a href=\"http:\/\/lattes.cnpq.br\/9139191307036114\" target=\"_blank\" rel=\"noreferrer noopener\">AJNHORN, F.<\/a><\/strong>. A a\u00e7\u00e3o de improbidade administrativa como meio de prote\u00e7\u00e3o ao patrim\u00f4nio hist\u00f3rico e cultural. In: Ingo Wolfang Sarlet; Roberto Jos\u00e9 Ludwing. (Org.). A prote\u00e7\u00e3o judicial da probidade p\u00fablica e da sustentabilidade. 1ed.Porto Alegre: Livraria do Advogado Editora, 2017, v. 1, p. 116-133.<\/p>\n\n\n\n<h2><strong>Fernanda Rodighero de Oliveira<\/strong><\/h2>\n\n\n\n<p><strong>Curr\u00edculo Lattes: <\/strong><a href=\"http:\/\/lattes.cnpq.br\/2736413163133386\">http:\/\/lattes.cnpq.br\/2736413163133386<\/a><\/p>\n\n\n\n<h2><strong>Fernando Tonet Silva<\/strong><\/h2>\n\n\n\n<p><strong>Curr\u00edculo Lattes: <\/strong><a href=\"http:\/\/lattes.cnpq.br\/0661346004702683\">http:\/\/lattes.cnpq.br\/0661346004702683<\/a><\/p>\n\n\n\n<p><strong>Produ\u00e7\u00f5es<\/strong><\/p>\n\n\n\n<p><strong>Produ\u00e7\u00f5es bibliogr\u00e1ficas<\/strong><\/p>\n\n\n\n<p><strong>Artigos completos publicados em peri\u00f3dicos<\/strong><\/p>\n\n\n\n<p><strong>1.<\/strong><strong><a href=\"http:\/\/lattes.cnpq.br\/0661346004702683\" target=\"_blank\" rel=\"noreferrer noopener\">TONET, Fernando<\/a><\/strong>; Matheus Figueiredo Nunes de Souza . O PAPEL DA CONSTITUI\u00c7\u00c3O NAS TEORIAS CONSTITUCIONAIS DE MATRIZ SIST\u00caMICA. Revista da Faculdade de Direito do Sul de Minas<sup><\/sup>, v. 01, p. 177-195, 2022.<\/p>\n\n\n\n<p><strong>2.<\/strong><strong><a href=\"http:\/\/lattes.cnpq.br\/0661346004702683\" target=\"_blank\" rel=\"noreferrer noopener\">TONET, Fernando<\/a><\/strong>;&nbsp;<a href=\"http:\/\/lattes.cnpq.br\/3283434447576859\" target=\"_blank\" rel=\"noreferrer noopener\">Leonel Severo Rocha<\/a>&nbsp;. Constitucionalismo sist\u00eamico como possibilidade de (re) estrutura\u00e7\u00e3o dos direitos humanos e fundamentais. Revista REDES<sup><\/sup>, v. 9, p. 119-136, 2021.<\/p>\n\n\n\n<p><strong>3.<\/strong><strong><a href=\"http:\/\/lattes.cnpq.br\/0661346004702683\" target=\"_blank\" rel=\"noreferrer noopener\">TONET, Fernando<\/a><\/strong>; Matheus Figueiredo Nunes de Souza . OUTLINE OF A GENERAL THEORY OF SYSTEMIC CONSTITUCIONALISM FOR WORLD SOCIETY. REVISTA ELETR\u00d4NICA DIREITO E POL\u00cdTICA<sup><\/sup>, v. 15, p. 192-218, 2020.<\/p>\n\n\n\n<p><strong>4.<\/strong><strong><a href=\"http:\/\/lattes.cnpq.br\/0661346004702683\" target=\"_blank\" rel=\"noreferrer noopener\">TONET, Fernando<\/a><\/strong>; Matheus Figueiredo Nunes de Souza . Tr\u00eas conceitos-chave para compreens\u00e3o da sociologia do Direito de Niklas Luhmann. http:\/\/dx.doi.org\/10.5935\/2317-2622\/direitomackenzie.v14n314113<sup><\/sup>, v. 14, p. 01-22, 2020.<\/p>\n\n\n\n<p><strong>5.<\/strong><strong><a href=\"http:\/\/lattes.cnpq.br\/0661346004702683\" target=\"_blank\" rel=\"noreferrer noopener\">TONET, Fernando<\/a><\/strong>; Matheus Figueiredo Nunes de Souza . AUTOCONSTITUCIONALIZA\u00c7\u00c3O COMO SOLU\u00c7\u00c3O ALTERNATIVA AOS PROBLEMAS ECOL\u00d3GICOS NA SOCIEDADE MUNDIAL. Revista Direito &amp; Desenvolvimento da UNICAT\u00d3LICA<sup><\/sup>, v. 2, p. 01-44, 2019.<\/p>\n\n\n\n<p><strong>6.<\/strong><a href=\"http:\/\/lattes.cnpq.br\/3283434447576859\" target=\"_blank\" rel=\"noreferrer noopener\">Leonel Severo Rocha<\/a>&nbsp;;&nbsp;<strong><a href=\"http:\/\/lattes.cnpq.br\/0661346004702683\" target=\"_blank\" rel=\"noreferrer noopener\">TONET, Fernando<\/a><\/strong>&nbsp;. POR QUEM CANTAM AS SEREIAS DE HOMERO E O PARADOXO SIST\u00caMICO DA DECIS\u00c3O. REVISTA DA FACULDADE DE DIREITO DA UFG<sup><\/sup>, v. 42, p. 129-144, 2018.<\/p>\n\n\n\n<p><strong>7.<\/strong><strong><a href=\"http:\/\/lattes.cnpq.br\/0661346004702683\" target=\"_blank\" rel=\"noreferrer noopener\">TONET, Fernando<\/a><\/strong>; Matheus Figueiredo Nunes de Souza . A insufici\u00eancia de diferencia\u00e7\u00e3o funcional observada a partir da crise no cen\u00e1rio brasileiro. REVISTA BRASILEIRA DE SOCIOLOGIA DO DIREITO<sup><\/sup>, v. 5, p. 180-202, 2018.<\/p>\n\n\n\n<p><strong>8.<\/strong><strong><a href=\"http:\/\/lattes.cnpq.br\/0661346004702683\" target=\"_blank\" rel=\"noreferrer noopener\">TONET, Fernando<\/a><\/strong>; Matheus Figueiredo Nunes de Souza . PROBLEMAS JUR\u00cdDICOS MULTIFACETADOS: COMO CONCILIAR O DI\u00c1LOGO ENTRE CORTES EM M\u00daLTIPLOS N\u00cdVEIS?. CADERNO DE RELA\u00c7\u00d5ES INTERNACIONAIS<sup><\/sup>, v. 09, p. 121-145, 2018.<\/p>\n\n\n\n<p><strong>9.<\/strong><a href=\"http:\/\/dx.doi.org\/10.12957\/rqi.2017.23476\" target=\"_blank\" rel=\"noreferrer noopener\"><\/a><strong><a href=\"http:\/\/lattes.cnpq.br\/0661346004702683\" target=\"_blank\" rel=\"noreferrer noopener\">TONET, Fernando<\/a><\/strong>; Henrique Aniceto Kujawa . DIREITO TERRITORIAL IND\u00cdGENA: ENTRE A OCUPA\u00c7\u00c3O TRADICIONAL E A PRODU\u00c7\u00c3O DO SUSTENTO. REVISTA QUAESTIO IURIS<sup><\/sup>, v. 10, p. 1316-1331, 2017.<\/p>\n\n\n\n<p><strong>10.<\/strong><a href=\"http:\/\/dx.doi.org\/10.18316\/redes.v5i1.3338\" target=\"_blank\" rel=\"noreferrer noopener\"><\/a><strong><a href=\"http:\/\/lattes.cnpq.br\/0661346004702683\" target=\"_blank\" rel=\"noreferrer noopener\">TONET, Fernando<\/a><\/strong>; Matheus Figueiredo Nunes de Souza . O paradigma latino americano da jurisdi\u00e7\u00e3o ind\u00edgena e o panorama brasileiro. REDES &#8211; REVISTA ELETR\u00d4NICA DIREITO E SOCIEDADE<sup><\/sup>, v. 5, p. 41-53, 2017.<\/p>\n\n\n\n<p><strong>11.<\/strong><strong><a href=\"http:\/\/lattes.cnpq.br\/0661346004702683\" target=\"_blank\" rel=\"noreferrer noopener\">TONET, Fernando<\/a><\/strong>. A NECESSIDADE INTERPRETATIVA DOS PARADOXOS FUNDAMENTAIS DO DIREITO. REVISTA DIREITO EM DEBATE<sup><\/sup>, v. 26, p. 01-18, 2017.<\/p>\n\n\n\n<p><strong>12.<\/strong><a href=\"http:\/\/dx.doi.org\/10.9732\/P.0034-7191.2017V115P473\" target=\"_blank\" rel=\"noreferrer noopener\"><\/a><a href=\"http:\/\/lattes.cnpq.br\/3283434447576859\" target=\"_blank\" rel=\"noreferrer noopener\">Leonel Severo Rocha<\/a>&nbsp;;&nbsp;<strong><a href=\"http:\/\/lattes.cnpq.br\/0661346004702683\" target=\"_blank\" rel=\"noreferrer noopener\">TONET, Fernando<\/a><\/strong>&nbsp;. A interconstitucionalidade como produ\u00e7\u00e3o jur\u00eddica descentralizada dentro das novas observa\u00e7\u00f5es estatais. REVISTA BRASILEIRA DE ESTUDOS POL\u00cdTICOS<sup><\/sup>, v. 115, p. 473-496, 2017.<\/p>\n\n\n\n<p><strong>13.<\/strong><a href=\"http:\/\/dx.doi.org\/10.18316\/2318-8081.16.11\" target=\"_blank\" rel=\"noreferrer noopener\"><\/a><strong><a href=\"http:\/\/lattes.cnpq.br\/0661346004702683\" target=\"_blank\" rel=\"noreferrer noopener\">TONET, Fernando<\/a><\/strong>. Os direitos fundamentais e o conceito de democracia. REDES &#8211; REVISTA ELETR\u00d4NICA DIREITO E SOCIEDADE<sup><\/sup>, v. 4, p. 45-61, 2016.<\/p>\n\n\n\n<p><strong>14.<\/strong><strong><a href=\"http:\/\/lattes.cnpq.br\/0661346004702683\" target=\"_blank\" rel=\"noreferrer noopener\">TONET, Fernando<\/a><\/strong>; Matheus Figueiredo Nunes de Souza . Sistemas Autopoi\u00e9ticos &#8211; Transconstitucionalismo e Policontexturalidade: um olhar te\u00f3rico. Revista do Curso de Direito da Faculdade da Serra Ga\u00facha<sup><\/sup>, v. 10, p. 22-35, 2016.<\/p>\n\n\n\n<p><strong>15.<\/strong><strong><a href=\"http:\/\/lattes.cnpq.br\/0661346004702683\" target=\"_blank\" rel=\"noreferrer noopener\">TONET, Fernando<\/a><\/strong>; Gabriel Zanatta Tocchetto . LIMITES CONSTITUCIONAIS A APLICABILIDADE DO VETO AO ANONIMATO NO MUNDO CIBERN\u00c9TICO. Revista do Curso de Direito &#8211; FSG<sup><\/sup>, v. 09, p. 01-15, 2015.<\/p>\n\n\n\n<p><strong>16.<\/strong><strong><a href=\"http:\/\/lattes.cnpq.br\/0661346004702683\" target=\"_blank\" rel=\"noreferrer noopener\">TONET, Fernando<\/a><\/strong>. Institui\u00e7\u00f5es totais: Hospital\/Col\u00f4nia Santa Teresa e sua manifesta\u00e7\u00e3o policontextural. Revista Eletr\u00f4nica Direito e Sociedade &#8211; REDES<sup><\/sup>, v. 3, p. 43-54, 2015.<\/p>\n\n\n\n<p><strong>17.<\/strong><strong><a href=\"http:\/\/lattes.cnpq.br\/0661346004702683\" target=\"_blank\" rel=\"noreferrer noopener\">TONET, Fernando<\/a><\/strong>. TRANSFORMA\u00c7\u00d5ES AUTOPOIETICAS E A VIRAGEM TE\u00d3RICA SIST\u00caMICA ESTAMINAIS. Revista REDES<sup><\/sup>, v. 02, p. 07-17, 2014.<\/p>\n\n\n\n<p><strong>18.<\/strong><strong><a href=\"http:\/\/lattes.cnpq.br\/0661346004702683\" target=\"_blank\" rel=\"noreferrer noopener\">TONET, Fernando<\/a><\/strong>; Priscila Formigheri Feldens . INTOLER\u00c2NCIA RELIGIOSA: LIMITES \u00c0 LIBERDADE DE EXPRESS\u00c3O DIANTE DA JURISPRUD\u00caNCIA\u200f. Revista Espa\u00e7o Jur\u00eddico<sup><\/sup>, v. 14, p. 127-147, 2013.<\/p>\n\n\n\n<p><strong>19.<\/strong><strong><a href=\"http:\/\/lattes.cnpq.br\/0661346004702683\" target=\"_blank\" rel=\"noreferrer noopener\">TONET, Fernando<\/a><\/strong>. O DIREITO CRIMINAL SIMB\u00d3LICO. Revista Legis Augustus<sup><\/sup>, v. 3, p. 52-59, 2013.<\/p>\n\n\n\n<p><strong>20.<\/strong><strong><a href=\"http:\/\/lattes.cnpq.br\/0661346004702683\" target=\"_blank\" rel=\"noreferrer noopener\">TONET, Fernando<\/a><\/strong>; NUNES, Luiz Felipe . A necess\u00e1ria observ\u00e2ncia da \u00f3ptica linear horizontal do princ\u00edpio da igualdade nas a\u00e7\u00f5es afirmativas. Revista do Curso de Direito da Faculdade da Serra Ga\u00facha<sup><\/sup>, v. 12, p. 95-108, 2012.<\/p>\n\n\n\n<p><strong>21.<\/strong><strong><a href=\"http:\/\/lattes.cnpq.br\/0661346004702683\" target=\"_blank\" rel=\"noreferrer noopener\">TONET, Fernando<\/a><\/strong>; BORTOLOTI, Jos\u00e9 C. Kraemer . A linguagem jur\u00eddica e a verossimilhan\u00e7a com a literatura. Revista do Curso de Direito da Faculdade da Serra Ga\u00facha<sup><\/sup>, v. 05, p. 93-104, 2011.<\/p>\n\n\n\n<p><strong>22.<\/strong><strong><a href=\"http:\/\/lattes.cnpq.br\/0661346004702683\" target=\"_blank\" rel=\"noreferrer noopener\">TONET, Fernando<\/a><\/strong>; BORTOLOTI, Jos\u00e9 C. Kraemer . Simboliza\u00e7\u00e3o e a realidade constitucional. Revista ABRASD<sup><\/sup>, v. 1, p. 63-85, 2011.<\/p>\n\n\n\n<p><strong>23.<\/strong><strong><a href=\"http:\/\/lattes.cnpq.br\/0661346004702683\" target=\"_blank\" rel=\"noreferrer noopener\">TONET, Fernando<\/a><\/strong>;&nbsp;<a href=\"http:\/\/lattes.cnpq.br\/3283434447576859\" target=\"_blank\" rel=\"noreferrer noopener\">MATZENBACHER, A.<\/a>&nbsp;. Pol\u00edticas Criminais, Am\u00e9rica e Kafka. Revista de Estudos Criminais<sup><\/sup>, v. 28, p. 161-170, 2008.<\/p>\n\n\n\n<p><strong><a><\/a>Livros publicados\/organizados ou edi\u00e7\u00f5es<\/strong><br><strong>1.<\/strong><strong><a href=\"http:\/\/lattes.cnpq.br\/0661346004702683\" target=\"_blank\" rel=\"noreferrer noopener\">TONET, Fernando<\/a><\/strong>. RECONFIGURA\u00c7\u00d5ES DO CONSTITUCIONALISMO: evolu\u00e7\u00e3o e modelos constitucionais sist\u00eamicos na p\u00f3s-modernidade. 04. ed. Rio de Janeiro: Lumen Juris, 2021. v. 01. 256p .<\/p>\n\n\n\n<p><strong>2.<\/strong><strong><a href=\"http:\/\/lattes.cnpq.br\/0661346004702683\" target=\"_blank\" rel=\"noreferrer noopener\">TONET, Fernando<\/a><\/strong>. RECONFIGURA\u00c7\u00d5ES DO CONSTITUCIONALISMO: evolu\u00e7\u00e3o e modelos sist\u00eamicos na p\u00f3s-modernidade. 3. ed. Rio de Janeiro: Lumen Juris, 2019. v. 1. 244p .<\/p>\n\n\n\n<p><strong>3.<\/strong><img src=\"https:\/\/buscatextual.cnpq.br\/buscatextual\/images\/curriculo\/ico_relevante.gif\"><strong><a href=\"http:\/\/lattes.cnpq.br\/0661346004702683\" target=\"_blank\" rel=\"noreferrer noopener\">TONET, Fernando<\/a><\/strong>. ENTRE CILA E CAR\u00cdBDIS: O \u00e1rduo caminho do constitucionalismo sist\u00eamico. 01. ed. S\u00e3o Leopoldo: Editora Unisinos, 2019. v. 01. 264p .<\/p>\n\n\n\n<p><strong>4.<\/strong><strong><a href=\"http:\/\/lattes.cnpq.br\/0661346004702683\" target=\"_blank\" rel=\"noreferrer noopener\">TONET, Fernando<\/a><\/strong>. RECONFIGURA\u00c7\u00d5ES DO CONSTITUCIONALISMO: evolu\u00e7\u00e3o e modelos constitucionais sist\u00eamicos na p\u00f3s-modernidade. 2\u00b0. ed. Rio de Janeiro: Lumen Juris, 2016. 253p .<\/p>\n\n\n\n<p><strong>5.<\/strong><strong><a href=\"http:\/\/lattes.cnpq.br\/0661346004702683\" target=\"_blank\" rel=\"noreferrer noopener\">TONET, Fernando<\/a><\/strong>. RECONFIGURA\u00c7\u00d5ES DO CONSTITUCIONALISMO: evolu\u00e7\u00e3o e modelos constitucionais sist\u00eamicos na p\u00f3s-modernidade. 01. ed. Rio de Janeiro: Lumen Juris, 2013. 209p .<\/p>\n\n\n\n<p><strong><a><\/a>Cap\u00edtulos de livros publicados<\/strong><br><strong>1.<\/strong><strong><a href=\"http:\/\/lattes.cnpq.br\/0661346004702683\" target=\"_blank\" rel=\"noreferrer noopener\">TONET, Fernando<\/a><\/strong>; Matheus Figueiredo Nunes de Souza ; Gabriel Zanatta Tocchetto . DIREITOS FUNDAMENTAIS: UM OLHAR ENTRE A TEORIA DISCURSIVA DE HABERMAS E A AUTOPOI\u00c9SE SIST\u00caMICA EM NIKLAS LUHMANN. In: Marli M. Moraes da Costa e M\u00f4nia Clarissa Hennig Leal. (Org.). Pol\u00edticas P\u00fablicas no Constitucionalismo Contempor\u00e2neo. VIed.Curitiba: Multideia, 2015, v. VI, p. 143-160.<\/p>\n\n\n\n<p><strong>2.<\/strong><strong><a href=\"http:\/\/lattes.cnpq.br\/0661346004702683\" target=\"_blank\" rel=\"noreferrer noopener\">TONET, Fernando<\/a><\/strong>; Mateus Marques . HOSPITAL\/COL\u00d4NIA SANTA TERESA: uma vis\u00e3o jur\u00eddica policontextural. In: Jos\u00e9 Carlos Kraemer Bortoloti; Andr\u00e9 Karan Trindade. (Org.). Direitos Fundamentais e Democracia Constitucional. 01ed.Passo Fundo: Imed, 2013, v. 01, p. 281-295.<\/p>\n\n\n\n<p><strong>3.<\/strong><strong><a href=\"http:\/\/lattes.cnpq.br\/0661346004702683\" target=\"_blank\" rel=\"noreferrer noopener\">TONET, Fernando<\/a><\/strong>; BORTOLOTI, Jos\u00e9 C. Kraemer . Proje\u00e7\u00f5es sobre burocracia e tributa\u00e7\u00e3o versus o real acesso \u00e0 cidadania ativa. In: Mauro Gaglietti, Nat\u00e1lia Formagini Gaglietti. (Org.). Direito Contempor\u00e2neo em Pauta. Santo \u00c2ngelo: Editora URI, 2012, v. 01, p. 01-455.<\/p>\n\n\n\n<p><strong>4.<\/strong><strong><a href=\"http:\/\/lattes.cnpq.br\/0661346004702683\" target=\"_blank\" rel=\"noreferrer noopener\">TONET, Fernando<\/a><\/strong>;&nbsp;<a href=\"http:\/\/lattes.cnpq.br\/3283434447576859\" target=\"_blank\" rel=\"noreferrer noopener\">Jo\u00e3o Gilberto Engelmann<\/a>&nbsp;. Imperialismo dos direitos humanos: a jurisdicionaliza\u00e7\u00e3o da vida como ultima ratio no direito. In: Jos\u00e9 Carlos Kraemer Bortoloti; Jo\u00e3o Gilberto Engelmann; Jana\u00edna Leite Portella. (Org.). Direito Constitucional e a ratifica\u00e7\u00e3o dos direitos fundamentais. Passo Fundo &#8211; RS: Editora M\u00e9todos, 2012, v. , p. 77-100.<\/p>\n\n\n\n<p><strong>5.<\/strong><strong><a href=\"http:\/\/lattes.cnpq.br\/0661346004702683\" target=\"_blank\" rel=\"noreferrer noopener\">TONET, Fernando<\/a><\/strong>; NUNES, Luiz Felipe . PONDERA\u00c7\u00d5ES ACERCA DO SISTEMA CONSTITUCIONAL EUROPEU FRENTE \u00c0 GLOBALIZA\u00c7\u00c3O: as organiza\u00e7\u00f5es internacionais, econ\u00f4micas e sociais. In: M\u00f4nica Clarissa Hennig Leal; Clovis Gorczevski. (Org.). Constitucionalismo Contempor\u00e2neo: desafios e perspectivas. Curitiba: Multidea, 2012, v. , p. 261-276.<\/p>\n\n\n\n<p><strong>6.<\/strong><strong><a href=\"http:\/\/lattes.cnpq.br\/0661346004702683\" target=\"_blank\" rel=\"noreferrer noopener\">TONET, Fernando<\/a><\/strong>; NUNES, Luiz Felipe . Educa\u00e7\u00e3o para cidadania: a inser\u00e7\u00e3o da sociedade na equa\u00e7\u00e3o &#8220;pol\u00edticas p\u00fablicas&#8221;. In: Clovis Gorczevski. (Org.). Direitos Humanos e Participa\u00e7\u00e3o Pol\u00edtica. 1\u00b0ed.Porto Alegre: Imprensa livre, 2012, v. III, p. 477-498.<\/p>\n\n\n\n<p><strong>7.<\/strong><strong><a href=\"http:\/\/lattes.cnpq.br\/0661346004702683\" target=\"_blank\" rel=\"noreferrer noopener\">TONET, Fernando<\/a><\/strong>. A TEORIA SIST\u00caMICA COMO POSSIBILIDADE DE RESPOSTA \u00c0S QUEST\u00d5ES MULTICULTURAIS. In: Ros\u00e2ngela Angelin; Angelita Maria Maders. (Org.). Direito e Multiculturalismo em Foco. 01ed.Santo \u00c2ngelo: EDIURI, 2012, v. 01, p. 01-19.<\/p>\n\n\n\n<p><strong>8.<\/strong><strong><a href=\"http:\/\/lattes.cnpq.br\/0661346004702683\" target=\"_blank\" rel=\"noreferrer noopener\">TONET, Fernando<\/a><\/strong>; Carlos Eduardo Rodrigues Lima ; Cl\u00e1udio Rog\u00e9rio de Sousa Lira . A Teoria dos Sist\u00eamas Autopoi\u00e9ticos como possibilidade de respostas \u00e0s quest\u00f5es multiculturais. In: Jo\u00e3o Martins Bertaso, Liliana Locateli. (Org.). A Teoria dos Sist\u00eamas Autopoi\u00e9ticos como possibilidade de respostas \u00e0s quest\u00f5es multiculturais. 04ed.Rio de Janeiro: LMJ Mundo Jur\u00eddico, 2012, v. 04, p. 181-190.<\/p>\n\n\n\n<p><strong>9.<\/strong><strong><a href=\"http:\/\/lattes.cnpq.br\/0661346004702683\" target=\"_blank\" rel=\"noreferrer noopener\">TONET, Fernando<\/a><\/strong>; NUNES, Luiz Felipe . A pol\u00edtica de cotas nas universidades brasileiras a partir de crit\u00e9rios \u00e9tnico-raciais e a teoria da justi\u00e7a como equidade de John Rawls. In: Marli Marlene Moraes da Costa; Hugo Thamir Rodrigues. (Org.). Direito &amp; Pol\u00edticas P\u00fablicas VII. 1\u00b0ed.Curitiba: Multideia, 2012, v. VII, p. 61-77.<\/p>\n\n\n\n<p><strong>10.<\/strong><strong><a href=\"http:\/\/lattes.cnpq.br\/0661346004702683\" target=\"_blank\" rel=\"noreferrer noopener\">TONET, Fernando<\/a><\/strong>;&nbsp;<a href=\"http:\/\/lattes.cnpq.br\/3283434447576859\" target=\"_blank\" rel=\"noreferrer noopener\">Jo\u00e3o Gilberto Engelmann<\/a>&nbsp;. A SEMIGLOBALIZA\u00c7\u00c3O E A SOCIOLOGIA: AS CONTRIBUI\u00c7\u00d5ES E OS EFEITOS DA TEORIA DE PANKAJ GHEMAWAT. In: Jo\u00e3o Martins Bertaso; Mauro Gaglietti. (Org.). DI\u00c1LOGO E ENTENDIMENTO Direito e multiculturalismo &amp; Cidadania e novas formas de solu\u00e7\u00e3o de conflito. 01ed.Rio de Janeiro: GZ Editora, 2011, v. 03, p. 191-208.<\/p>\n\n\n\n<p><strong>11.<\/strong><strong><a href=\"http:\/\/lattes.cnpq.br\/0661346004702683\" target=\"_blank\" rel=\"noreferrer noopener\">TONET, Fernando<\/a><\/strong>;&nbsp;<a href=\"http:\/\/lattes.cnpq.br\/3283434447576859\" target=\"_blank\" rel=\"noreferrer noopener\">MATZENBACHER, A.<\/a>&nbsp;. Kafka e a Toler\u00e2ncia Zero: Uma Abordagem da Pol\u00edtica Criminal a Partir da Literatura. In: Schwartz, Germano; Trindade, Andr\u00e9. (Org.). DIREITO E LITERATURA, O Encontro Entre Themis e Apolo. Curitiba: Juru\u00e1, 2008, v. , p. 257-280.<\/p>\n\n\n\n<p><strong><a><\/a>Textos em jornais de not\u00edcias\/revistas<\/strong><br><strong>1.<\/strong><strong><a href=\"http:\/\/lattes.cnpq.br\/0661346004702683\" target=\"_blank\" rel=\"noreferrer noopener\">TONET, Fernando<\/a><\/strong>. Holding: entenda como funciona o modelo empresarial que mais cresce no Brasil. Revista Gente, Panambi, p. 12 &#8211; 13, 01 set. 2022.<\/p>\n\n\n\n<p><strong>2.<\/strong><strong><a href=\"http:\/\/lattes.cnpq.br\/0661346004702683\" target=\"_blank\" rel=\"noreferrer noopener\">TONET, Fernando<\/a><\/strong>. Como a Lei de Prote\u00e7\u00e3o de Dados vai afetar o nosso cotidiano?. Revista Gente, Panambi, p. 06 &#8211; 06, 18 mar. 2020.<\/p>\n\n\n\n<p><strong>3.<\/strong><strong><a href=\"http:\/\/lattes.cnpq.br\/0661346004702683\" target=\"_blank\" rel=\"noreferrer noopener\">TONET, Fernando<\/a><\/strong>. Direito dos animais sob o amparo da lei. Revista Gente, Panambi, p. 22 &#8211; 22, 01 out. 2019.<\/p>\n\n\n\n<p><strong>4.<\/strong><strong><a href=\"http:\/\/lattes.cnpq.br\/0661346004702683\" target=\"_blank\" rel=\"noreferrer noopener\">TONET, Fernando<\/a><\/strong>. Crime de Abigeato: preju\u00edzos no campo, consequ\u00eancias na cidade. Revista Empresarial O Empreendedor, p. 34 &#8211; 34, 28 nov. 2017.<\/p>\n\n\n\n<p><strong>5.<\/strong><strong><a href=\"http:\/\/lattes.cnpq.br\/0661346004702683\" target=\"_blank\" rel=\"noreferrer noopener\">TONET, Fernando<\/a><\/strong>. Pelo Direito de uma Defesa Penal Efetiva. Top Revista, Panambi, p. 07 &#8211; 07, 15 set. 2017.<\/p>\n\n\n\n<p><strong>6.<\/strong><strong><a href=\"http:\/\/lattes.cnpq.br\/0661346004702683\" target=\"_blank\" rel=\"noreferrer noopener\">TONET, Fernando<\/a><\/strong>. Responsabilidade Empresarial nos Crimes Ambientais. TOP Revista, Panambi, p. 07 &#8211; 07, 14 ago. 2017.<\/p>\n\n\n\n<p><strong>7.<\/strong><strong><a href=\"http:\/\/lattes.cnpq.br\/0661346004702683\" target=\"_blank\" rel=\"noreferrer noopener\">TONET, Fernando<\/a><\/strong>. Direito Penal M\u00e9dico &#8211; por que m\u00e9dicos s\u00e3o processados?. Revista TOP, Panambi, p. 06 &#8211; 06, 09 jul. 2017.<\/p>\n\n\n\n<p><strong>8.<\/strong><strong><a href=\"http:\/\/lattes.cnpq.br\/0661346004702683\" target=\"_blank\" rel=\"noreferrer noopener\">TONET, Fernando<\/a><\/strong>. Compliance Criminal Empresarial. Revista Top, Panambi, p. 07 &#8211; 07, 01 jun. 2017.<\/p>\n\n\n\n<p><strong>9.<\/strong><strong><a href=\"http:\/\/lattes.cnpq.br\/0661346004702683\" target=\"_blank\" rel=\"noreferrer noopener\">TONET, Fernando<\/a><\/strong>. Estatuto do Desarmamento uma lei (in)constitucional. Revista TOP, Panambi, , v. 202, p. 06 &#8211; 07, 08 maio 2017.<\/p>\n\n\n\n<p><strong>10.<\/strong><strong><a href=\"http:\/\/lattes.cnpq.br\/0661346004702683\" target=\"_blank\" rel=\"noreferrer noopener\">TONET, Fernando<\/a><\/strong>. Advocacia Criminal. TOP Revista, Panambi, p. 07 &#8211; 07, 03 abr. 2017.<\/p>\n\n\n\n<p><strong>11.<\/strong><strong><a href=\"http:\/\/lattes.cnpq.br\/0661346004702683\" target=\"_blank\" rel=\"noreferrer noopener\">TONET, Fernando<\/a><\/strong>. Nova lei do furto abigeato torna a pena mais severa. Jornal O Nacional, p. 15, 10 ago. 2016.<\/p>\n\n\n\n<p><strong>12.<\/strong><strong><a href=\"http:\/\/lattes.cnpq.br\/0661346004702683\" target=\"_blank\" rel=\"noreferrer noopener\">TONET, Fernando<\/a><\/strong>. Os 10 Anos de uma Lei (IN) Constitucional. Revista Somando, Passo Fundo, p. 37 &#8211; 37, 04 nov. 2014.<\/p>\n\n\n\n<p><strong>13.<\/strong><strong><a href=\"http:\/\/lattes.cnpq.br\/0661346004702683\" target=\"_blank\" rel=\"noreferrer noopener\">TONET, Fernando<\/a><\/strong>. Revista Somando. O Direito Criminal do Medo: supervalorizado ou deformado, Passo Fundo, p. 37 &#8211; 37, 09 set. 2014.<\/p>\n\n\n\n<p><strong>14.<\/strong><strong><a href=\"http:\/\/lattes.cnpq.br\/0661346004702683\" target=\"_blank\" rel=\"noreferrer noopener\">TONET, Fernando<\/a><\/strong>. Anhanguera de Passo Fundo n.\u00b003. Pesquisa Sobre Direito &amp; Literatura, Passo Fundo, p. 02 &#8211; 02, 10 maio 2011.<\/p>\n\n\n\n<p><strong>15.<\/strong><strong><a href=\"http:\/\/lattes.cnpq.br\/0661346004702683\" target=\"_blank\" rel=\"noreferrer noopener\">TONET, Fernando<\/a><\/strong>. Crimes de honra cibern\u00e9ticos. Revista Somando, Passo Fundo, p. 37 &#8211; 37.<\/p>\n\n\n\n<p><strong>16.<\/strong><strong><a href=\"http:\/\/lattes.cnpq.br\/0661346004702683\" target=\"_blank\" rel=\"noreferrer noopener\">TONET, Fernando<\/a><\/strong>. AS DROGAS SINT\u00c9TICAS NO NORTE GA\u00daCHO: ostenta\u00e7\u00e3o ou tr\u00e1fico?. Revista Somando, Passo Fundo, p. 41 &#8211; 41.<\/p>\n\n\n\n<p><strong>17.<\/strong><strong><a href=\"http:\/\/lattes.cnpq.br\/0661346004702683\" target=\"_blank\" rel=\"noreferrer noopener\">TONET, Fernando<\/a><\/strong>. Internet &#8211; Passando dos limites. Jornal O Nacional, Passo Fundo, p. 09 &#8211; 12.<\/p>\n\n\n\n<p><strong><a><\/a>Trabalhos completos publicados em anais de congressos<\/strong><br><strong>1.<\/strong><strong><a href=\"http:\/\/lattes.cnpq.br\/0661346004702683\" target=\"_blank\" rel=\"noreferrer noopener\">TONET, Fernando<\/a><\/strong>; Gabriel Zanatta Tocchetto ; Jo\u00e3o Augusto Silva Salles . A (IN)COER\u00caNCIA DA ABSOLUTEZ DOS DIREITOS FUNDAMENTAIS. In: III Mostra de Inicia\u00e7\u00e3o Cient\u00edfica e XIII Semana Acad\u00eamica da Faculdade de Direito &#8211; UPF, 2016, Passo Fundo. III Mostra de Inicia\u00e7\u00e3o Cient\u00edfica e XIII Semana Acad\u00eamica da Faculdade de Direito &#8211; UPF. Passo Fundo: UPF, 2016.<\/p>\n\n\n\n<p><strong>2.<\/strong><strong><a href=\"http:\/\/lattes.cnpq.br\/0661346004702683\" target=\"_blank\" rel=\"noreferrer noopener\">TONET, Fernando<\/a><\/strong>; Gabriel Zanatta Tocchetto . SEGURAN\u00c7A DIGITAL SOB O OLHAR TRANSCONSTITUCIONAL SIST\u00caMICO. In: Sociology Of Law, 2015, Canoas. A Sociologia do Direito em Movimento: Perspectivas da Am\u00e9rica Latina. Canoas: Unilasalle, 2015.<\/p>\n\n\n\n<p><strong>3.<\/strong><strong><a href=\"http:\/\/lattes.cnpq.br\/0661346004702683\" target=\"_blank\" rel=\"noreferrer noopener\">TONET, Fernando<\/a><\/strong>; Jo\u00e3o Augusto Silva Salles . O DESLOCAMENTO ORBITAL DA CONSTITUI\u00c7\u00c3O E A SOBERANIA MITIGADA NUMA SOCIEDADE GLOBAL P\u00d3S MODERNA. In: Mostra de Inicia\u00e7\u00e3o Cient\u00edfica da IMED 2015, 2015, Passo Fundo. Mostra de Inicia\u00e7\u00e3o Cient\u00edfica da IMED 2015. Passo Fundo: Imed, 2015.<\/p>\n\n\n\n<p><strong>4.<\/strong><strong><a href=\"http:\/\/lattes.cnpq.br\/0661346004702683\" target=\"_blank\" rel=\"noreferrer noopener\">TONET, Fernando<\/a><\/strong>;&nbsp;<a href=\"http:\/\/lattes.cnpq.br\/3283434447576859\" target=\"_blank\" rel=\"noreferrer noopener\">Matheus Souza<\/a>&nbsp;. Policontextos e a Quebra da Centralidade de Produ\u00e7\u00e3o Normativa. In: Mostra de Inicia\u00e7\u00e3o Cient\u00edfica Imed, 2015, Passo Fundo. Mostra de Inicia\u00e7\u00e3o Cient\u00edfica Imed. Passo Fundo: Imed, 2015.<\/p>\n\n\n\n<p><strong>5.<\/strong><strong><a href=\"http:\/\/lattes.cnpq.br\/0661346004702683\" target=\"_blank\" rel=\"noreferrer noopener\">TONET, Fernando<\/a><\/strong>;&nbsp;<a href=\"http:\/\/lattes.cnpq.br\/3283434447576859\" target=\"_blank\" rel=\"noreferrer noopener\">Matheus Souza<\/a>&nbsp;. Transconstitucionalismo. In: Mostra de Inicia\u00e7\u00e3o Cient\u00edfica Imed, 2015, Passo Fundo. Mostra de Inicia\u00e7\u00e3o Cient\u00edfica Imed. Passo Fundo: Imed, 2015.<\/p>\n\n\n\n<p><strong>6.<\/strong><strong><a href=\"http:\/\/lattes.cnpq.br\/0661346004702683\" target=\"_blank\" rel=\"noreferrer noopener\">TONET, Fernando<\/a><\/strong>; Gabriel Zanatta Tocchetto ; Matheus Figueiredo Nunes de Souza . Direitos Fundamentais: um olhar entre a teoria discursiva de Habermas e a autopoi\u00e9se sist\u00eamica em Niklas Luhmann. In: XI Semin\u00e1rio Internacional Demandas Sociais e Pol\u00edticas P\u00fablicas na Sociedade Contempor\u00e2nea e VII Mostra de Trabalhos Jur\u00eddicos Cient\u00edficos, 2014. Santa Cruz do Sul. Santa Cruz do Sul: Unisc, 2014.<\/p>\n\n\n\n<p><strong>7.<\/strong>Gabriel Zanatta Tocchetto ;&nbsp;<strong><a href=\"http:\/\/lattes.cnpq.br\/0661346004702683\" target=\"_blank\" rel=\"noreferrer noopener\">TONET, Fernando<\/a><\/strong>&nbsp;. O (Quarto) Poder dos Meios de Comunica\u00e7\u00e3o em Massa. In: VIII Mostra de Inicia\u00e7\u00e3o Cient\u00edfica 2014 da Faculdade Meridional IMED, 2014, Passo Fundo. VIII Mostra de Inicia\u00e7\u00e3o Cient\u00edfica 2014 da Faculdade Meridional IMED. Passo Fundo: Passo Fundo, 2014.<\/p>\n\n\n\n<p><strong>8.<\/strong>Matheus Figueiredo Nunes de Souza ;&nbsp;<strong><a href=\"http:\/\/lattes.cnpq.br\/0661346004702683\" target=\"_blank\" rel=\"noreferrer noopener\">TONET, Fernando<\/a><\/strong>&nbsp;. Democracia, estado democr\u00e1tico e direitos fundamentais sob a \u00f3tica da teoria discursiva de Habermas. In: VIII Mostra de Inicia\u00e7\u00e3o Cient\u00edfica 2014 da Faculdade Meridional IMED, 2014, Passo Fundo. VIII Mostra de Inicia\u00e7\u00e3o Cient\u00edfica 2014 da Faculdade Meridional IMED. Passo Fundo: Passo Fundo, 2014.<\/p>\n\n\n\n<p><strong>9.<\/strong>Guilherme Pavan Machado ;&nbsp;<strong><a href=\"http:\/\/lattes.cnpq.br\/0661346004702683\" target=\"_blank\" rel=\"noreferrer noopener\">TONET, Fernando<\/a><\/strong>&nbsp;. Corrup\u00e7\u00e3o sist\u00eamica: a sobreposi\u00e7\u00e3o de c\u00f3digos bin\u00e1rios e o xeque-mate \u00e0 teoria dos sistemas autopoi\u00e9ticos de Niklas Luhmann no Brasil. In: VIII Mostra de Inicia\u00e7\u00e3o Cient\u00edfica 2014 da Faculdade Meridional IMED, 2014, Passo Fundo. VIII Mostra de Inicia\u00e7\u00e3o Cient\u00edfica 2014 da Faculdade Meridional IMED. Passo Fundo: Passo Fundo, 2014.<\/p>\n\n\n\n<p><strong>10.<\/strong><strong><a href=\"http:\/\/lattes.cnpq.br\/0661346004702683\" target=\"_blank\" rel=\"noreferrer noopener\">TONET, Fernando<\/a><\/strong>; Darg\u00e9li Guerra . EXECU\u00c7\u00c3O PENAL NO \u00c2MBITO DO CONSELHO NACIONAL DE POL\u00cdTICA CRIMINAL E PENITENCI\u00c1RIA. In: VII Mostra de Inicia\u00e7\u00e3o Cient\u00edfica e Extens\u00e3o Comunit\u00e1ria; VI Mostra de Pesquisa e P\u00f3s-gradua\u00e7\u00e3o Imed, 2013, Passo Fundo. VII Mostra de Inicia\u00e7\u00e3o Cient\u00edfica e Extens\u00e3o Comunit\u00e1ria; VI Mostra de Pesquisa e P\u00f3s-gradua\u00e7\u00e3o Imed. Passo Fundo: Imed, 2013.<\/p>\n\n\n\n<p><strong>11.<\/strong><strong><a href=\"http:\/\/lattes.cnpq.br\/0661346004702683\" target=\"_blank\" rel=\"noreferrer noopener\">TONET, Fernando<\/a><\/strong>; Luis Guilherme Bonfada de Mattos . O Papel do Juiz no Moderno Processo Penal Constitucional e a (In) aplicabilidade do Princ\u00edpio da Verdade Real. In: VII Mostra de Inicia\u00e7\u00e3o Cient\u00edfica e Extens\u00e3o Comunit\u00e1ria; VI Mostra de Pesquisa e P\u00f3s-gradua\u00e7\u00e3o Imed, 2013, Passo Fundo. VII Mostra de Inicia\u00e7\u00e3o Cient\u00edfica e Extens\u00e3o Comunit\u00e1ria; VI Mostra de Pesquisa e P\u00f3s-gradua\u00e7\u00e3o Imed. Passo Fundo: Imed, 2013.<\/p>\n\n\n\n<p><strong>12.<\/strong><strong><a href=\"http:\/\/lattes.cnpq.br\/0661346004702683\" target=\"_blank\" rel=\"noreferrer noopener\">TONET, Fernando<\/a><\/strong>; Larissa Meneguzzi ; Natal\u00ed Bernieri . Responsabilidade Civil do Estado de Indenizar os Erros Judici\u00e1rios. In: VII Mostra de Inicia\u00e7\u00e3o Cient\u00edfica e Extens\u00e3o Comunit\u00e1ria; VI Mostra de Pesquisa e P\u00f3s-gradua\u00e7\u00e3o Imed, 2013, Passo Fundo. VII Mostra de Inicia\u00e7\u00e3o Cient\u00edfica e Extens\u00e3o Comunit\u00e1ria; VI Mostra de Pesquisa e P\u00f3s-gradua\u00e7\u00e3o Imed. Passo Fundo: Imed, 2013.<\/p>\n\n\n\n<p><strong>13.<\/strong><strong><a href=\"http:\/\/lattes.cnpq.br\/0661346004702683\" target=\"_blank\" rel=\"noreferrer noopener\">TONET, Fernando<\/a><\/strong>; Matheus Figueiredo Nunes de Souza . A (In)constitucionalidade das Medidas de Seguran\u00e7a. In: VII Mostra de Inicia\u00e7\u00e3o Cient\u00edfica e Extens\u00e3o Comunit\u00e1ria; VI Mostra de Pesquisa e P\u00f3s-gradua\u00e7\u00e3o Imed, 2013, Passo Fundo. VII Mostra de Inicia\u00e7\u00e3o Cient\u00edfica e Extens\u00e3o Comunit\u00e1ria; VI Mostra de Pesquisa e P\u00f3s-gradua\u00e7\u00e3o Imed. Passo Fundo: Imed, 2013.<\/p>\n\n\n\n<p><strong>14.<\/strong><strong><a href=\"http:\/\/lattes.cnpq.br\/0661346004702683\" target=\"_blank\" rel=\"noreferrer noopener\">TONET, Fernando<\/a><\/strong>; Fernando Gabriel Ghiggi ; J\u00falia Ferri Polese . CR\u00cdTICA \u00c0S (IN)CONSEQU\u00caNCIAS DO SISTEMA PENITENCI\u00c1RIO BRASILEIRO: HISTORICIDADE, SOLU\u00c7\u00d5ES E ALTERNATIVAS \u00c0 PENA PRIVATIVA DE LIBERDADE. In: VII Mostra de Inicia\u00e7\u00e3o Cient\u00edfica e Extens\u00e3o Comunit\u00e1ria; VI Mostra de Pesquisa e P\u00f3s-gradua\u00e7\u00e3o Imed, 2013, Passo Fundo. VII Mostra de Inicia\u00e7\u00e3o Cient\u00edfica e Extens\u00e3o Comunit\u00e1ria; VI Mostra de Pesquisa e P\u00f3s-gradua\u00e7\u00e3o Imed. Passo Fundo: Imed, 2013.<\/p>\n\n\n\n<p><strong>15.<\/strong><strong><a href=\"http:\/\/lattes.cnpq.br\/0661346004702683\" target=\"_blank\" rel=\"noreferrer noopener\">TONET, Fernando<\/a><\/strong>; Andressa Vieira . A Inconstitucionalidade da Indetermina\u00e7\u00e3o do Prazo de Dura\u00e7\u00e3o das Medidas de Seguran\u00e7a. In: VII Mostra de Inicia\u00e7\u00e3o Cient\u00edfica e Extens\u00e3o Comunit\u00e1ria; VI Mostra de Pesquisa e P\u00f3s-gradua\u00e7\u00e3o Imed, 2013, Passo Fundo. VII Mostra de Inicia\u00e7\u00e3o Cient\u00edfica e Extens\u00e3o Comunit\u00e1ria; VI Mostra de Pesquisa e P\u00f3s-gradua\u00e7\u00e3o Imed. Passo Fundo: Imed, 2013.<\/p>\n\n\n\n<p><strong>16.<\/strong><strong><a href=\"http:\/\/lattes.cnpq.br\/0661346004702683\" target=\"_blank\" rel=\"noreferrer noopener\">TONET, Fernando<\/a><\/strong>; Gabriela Ferrari Wommer ; Raquel Cecchin . A influ\u00eancia midi\u00e1tica nas decis\u00f5es do tribunal do j\u00fari. In: VII Mostra de Inicia\u00e7\u00e3o Cient\u00edfica e Extens\u00e3o Comunit\u00e1ria; VI Mostra de Pesquisa e P\u00f3s-gradua\u00e7\u00e3o Imed, 2013, Passo Fundo. VII Mostra de Inicia\u00e7\u00e3o Cient\u00edfica e Extens\u00e3o Comunit\u00e1ria; VI Mostra de Pesquisa e P\u00f3s-gradua\u00e7\u00e3o Imed. Passo Fundo: Imed, 2013.<\/p>\n\n\n\n<p><strong>17.<\/strong><strong><a href=\"http:\/\/lattes.cnpq.br\/0661346004702683\" target=\"_blank\" rel=\"noreferrer noopener\">TONET, Fernando<\/a><\/strong>; Talvanni Machado Ribeiro . A comunica\u00e7\u00e3o na teoria dos sistemas s\u00f3cias de Luhmann. In: VII Mostra de Inicia\u00e7\u00e3o Cient\u00edfica e Extens\u00e3o Comunit\u00e1ria; VI Mostra de Pesquisa e P\u00f3s-gradua\u00e7\u00e3o Imed, 2013, Passo Fundo. VII Mostra de Inicia\u00e7\u00e3o Cient\u00edfica e Extens\u00e3o Comunit\u00e1ria; VI Mostra de Pesquisa e P\u00f3s-gradua\u00e7\u00e3o Imed. Passo Fundo: Imed, 2013.<\/p>\n\n\n\n<p><strong>18.<\/strong><strong><a href=\"http:\/\/lattes.cnpq.br\/0661346004702683\" target=\"_blank\" rel=\"noreferrer noopener\">TONET, Fernando<\/a><\/strong>; Ana Claudia de Lima . Aplica\u00e7\u00e3o do Direito Penal na sociedade estamental brasileira. In: VII Mostra de Inicia\u00e7\u00e3o Cient\u00edfica e Extens\u00e3o Comunit\u00e1ria; VI Mostra de Pesquisa e P\u00f3s-gradua\u00e7\u00e3o Imed, 2013, Passo Fundo. VII Mostra de Inicia\u00e7\u00e3o Cient\u00edfica e Extens\u00e3o Comunit\u00e1ria; VI Mostra de Pesquisa e P\u00f3s-gradua\u00e7\u00e3o Imed. Passo Fundo: Imed, 2013.<\/p>\n\n\n\n<p><strong>19.<\/strong><strong><a href=\"http:\/\/lattes.cnpq.br\/0661346004702683\" target=\"_blank\" rel=\"noreferrer noopener\">TONET, Fernando<\/a><\/strong>; Francisca dos Santos Bortolini ; Sabrina Nazari Godoy . Sistema Prisional Brasileiro. In: VII Mostra de Inicia\u00e7\u00e3o Cient\u00edfica e Extens\u00e3o Comunit\u00e1ria; VI Mostra de Pesquisa e P\u00f3s-gradua\u00e7\u00e3o Imed, 2013, Passo Fundo. VII Mostra de Inicia\u00e7\u00e3o Cient\u00edfica e Extens\u00e3o Comunit\u00e1ria; VI Mostra de Pesquisa e P\u00f3s-gradua\u00e7\u00e3o Imed. Passo Fundo: Imed, 2013.<\/p>\n\n\n\n<p><strong>20.<\/strong><strong><a href=\"http:\/\/lattes.cnpq.br\/0661346004702683\" target=\"_blank\" rel=\"noreferrer noopener\">TONET, Fernando<\/a><\/strong>; J\u00e9ssica Giaretta . Novas Observa\u00e7\u00f5es Sist\u00eamicas Sobre a Teoria Constitucional. In: VII Mostra de Inicia\u00e7\u00e3o Cient\u00edfica e Extens\u00e3o Comunit\u00e1ria; VI Mostra de Pesquisa e P\u00f3s-gradua\u00e7\u00e3o Imed, 2013, Passo Fundo. VII Mostra de Inicia\u00e7\u00e3o Cient\u00edfica e Extens\u00e3o Comunit\u00e1ria; VI Mostra de Pesquisa e P\u00f3s-gradua\u00e7\u00e3o Imed. Passo Fundo: Imed, 2013.<\/p>\n\n\n\n<p><strong>21.<\/strong><strong><a href=\"http:\/\/lattes.cnpq.br\/0661346004702683\" target=\"_blank\" rel=\"noreferrer noopener\">TONET, Fernando<\/a><\/strong>; Rafaela Baldissera . Princ\u00edpios no \u00e2mbito do Direito e Processo do Trabalho. In: VII Mostra de Inicia\u00e7\u00e3o Cient\u00edfica e Extens\u00e3o Comunit\u00e1ria; VI Mostra de Pesquisa e P\u00f3s-gradua\u00e7\u00e3o Imed, 2013, Passo Fundo. VII Mostra de Inicia\u00e7\u00e3o Cient\u00edfica e Extens\u00e3o Comunit\u00e1ria; VI Mostra de Pesquisa e P\u00f3s-gradua\u00e7\u00e3o Imed. Passo Fundo: Imed, 2013.<\/p>\n\n\n\n<p><strong>22.<\/strong><strong><a href=\"http:\/\/lattes.cnpq.br\/0661346004702683\" target=\"_blank\" rel=\"noreferrer noopener\">TONET, Fernando<\/a><\/strong>; Alessandra Dallamaria ; Luana da Costa Kuhnen . A desordem prisional brasileira e a privatiza\u00e7\u00e3o das penitenci\u00e1rias. In: VII Mostra de Inicia\u00e7\u00e3o Cient\u00edfica e Extens\u00e3o Comunit\u00e1ria; VI Mostra de Pesquisa e P\u00f3s-gradua\u00e7\u00e3o Imed, 2013, Passo Fundo. VII Mostra de Inicia\u00e7\u00e3o Cient\u00edfica e Extens\u00e3o Comunit\u00e1ria; VI Mostra de Pesquisa e P\u00f3s-gradua\u00e7\u00e3o Imed. Passo Fundo: Imed, 2013.<\/p>\n\n\n\n<p><strong>23.<\/strong><strong><a href=\"http:\/\/lattes.cnpq.br\/0661346004702683\" target=\"_blank\" rel=\"noreferrer noopener\">TONET, Fernando<\/a><\/strong>; NUNES, Luiz Felipe . O Desafio Enfrentado Pelo Estado Constitucional Diante Da Globaliza\u00e7\u00e3o. In: IX Semin\u00e1rio Internacional Demandas Sociais e Pol\u00edticas P\u00fablicas na Sociedade Contempor\u00e2nea e V Mostra de Trabalhos Jur\u00eddicos Cient\u00edficos, 2012, Santa Cruz do Sul. IX Semin\u00e1rio Internacional Demandas Sociais e Pol\u00edticas P\u00fablicas na Sociedade Contempor\u00e2nea e V Mostra de Trabalhos Jur\u00eddicos Cient\u00edficos. Santa Cruz do Sul: EDUNISC, 2012.<\/p>\n\n\n\n<p><strong>24.<\/strong><strong><a href=\"http:\/\/lattes.cnpq.br\/0661346004702683\" target=\"_blank\" rel=\"noreferrer noopener\">TONET, Fernando<\/a><\/strong>; Darg\u00e9li Guerra . DESIGUALDADE: DIREITO A RESOCIALIZA\u00c7\u00c3O DO EX PRESIDI\u00c1RIO. In: VI Mostra de Inicia\u00e7\u00e3o Cient\u00edfica e Extens\u00e3o Comunit\u00e1ria e V Mostra de Pesquisa de P\u00f3s Gradua\u00e7\u00e3o da IMED, 2012, Passo Fundo. VI Mostra de Inicia\u00e7\u00e3o Cient\u00edfica e Extens\u00e3o Comunit\u00e1ria e V Mostra de Pesquisa de P\u00f3s Gradua\u00e7\u00e3o da IMED. Passo Fundo: Imed, 2012.<\/p>\n\n\n\n<p><strong>25.<\/strong><strong><a href=\"http:\/\/lattes.cnpq.br\/0661346004702683\" target=\"_blank\" rel=\"noreferrer noopener\">TONET, Fernando<\/a><\/strong>; Talvanni Machado Ribeiro . O DIREITO CRIMINAL SIMB\u00d3LICO. In: VI Mostra de Inicia\u00e7\u00e3o Cient\u00edfica e Extens\u00e3o Comunit\u00e1ria e V Mostra de Pesquisa de P\u00f3s Gradua\u00e7\u00e3o da IMED, 2012, Passo Fundo. VI Mostra de Inicia\u00e7\u00e3o Cient\u00edfica e Extens\u00e3o Comunit\u00e1ria e V Mostra de Pesquisa de P\u00f3s Gradua\u00e7\u00e3o da IMED. Passo Fundo: Imed, 2012.<\/p>\n\n\n\n<p><strong>26.<\/strong><strong><a href=\"http:\/\/lattes.cnpq.br\/0661346004702683\" target=\"_blank\" rel=\"noreferrer noopener\">TONET, Fernando<\/a><\/strong>; Viviane Rupson . VIOL\u00caNCIA ESCOLAR: ASPECTOS JUR\u00cdDICOS E PSICOL\u00d3GICOS. In: VI Mostra de Inicia\u00e7\u00e3o Cient\u00edfica e Extens\u00e3o Comunit\u00e1ria e V Mostra de Pesquisa de P\u00f3s Gradua\u00e7\u00e3o da IMED, 2012, Passo Fundo. VI Mostra de Inicia\u00e7\u00e3o Cient\u00edfica e Extens\u00e3o Comunit\u00e1ria e V Mostra de Pesquisa de P\u00f3s Gradua\u00e7\u00e3o da IMED. Passo Fundo: Imed, 2012.<\/p>\n\n\n\n<p><strong>27.<\/strong><strong><a href=\"http:\/\/lattes.cnpq.br\/0661346004702683\" target=\"_blank\" rel=\"noreferrer noopener\">TONET, Fernando<\/a><\/strong>; Camila Bianchi da Silva . O AMBIENTE MARGINALIZADO DA FAVELA. In: VI Mostra de Inicia\u00e7\u00e3o Cient\u00edfica e Extens\u00e3o Comunit\u00e1ria e V Mostra de Pesquisa de P\u00f3s Gradua\u00e7\u00e3o da IMED, 2012, Passo Fundo. VI Mostra de Inicia\u00e7\u00e3o Cient\u00edfica e Extens\u00e3o Comunit\u00e1ria e V Mostra de Pesquisa de P\u00f3s Gradua\u00e7\u00e3o da IMED. Passo Fundo: Imed, 2012.<\/p>\n\n\n\n<p><strong>28.<\/strong><strong><a href=\"http:\/\/lattes.cnpq.br\/0661346004702683\" target=\"_blank\" rel=\"noreferrer noopener\">TONET, Fernando<\/a><\/strong>; Fernando Gabriel Ghiggi . A COR DO COLARINHO: AN\u00e1LISE DOS CRIMES DO COLARINHO BRANCO. In: VI Mostra de Inicia\u00e7\u00e3o Cient\u00edfica e Extens\u00e3o Comunit\u00e1ria e V Mostra de Pesquisa de P\u00f3s Gradua\u00e7\u00e3o da IMED, 2012, Passo Fundo. VI Mostra de Inicia\u00e7\u00e3o Cient\u00edfica e Extens\u00e3o Comunit\u00e1ria e V Mostra de Pesquisa de P\u00f3s Gradua\u00e7\u00e3o da IMED. Passo Fundo: Imed, 2012.<\/p>\n\n\n\n<p><strong>29.<\/strong><strong><a href=\"http:\/\/lattes.cnpq.br\/0661346004702683\" target=\"_blank\" rel=\"noreferrer noopener\">TONET, Fernando<\/a><\/strong>; Matheus Figueiredo Nunes de Souza . A INFLU\u00eaNCIA DA M\u00edDIA SOBRE AS DECIS\u00f5ES JUDICIAIS. In: VI Mostra de Inicia\u00e7\u00e3o Cient\u00edfica e Extens\u00e3o Comunit\u00e1ria e V Mostra de Pesquisa de P\u00f3s Gradua\u00e7\u00e3o da IMED, 2012, Passo Fundo. VI Mostra de Inicia\u00e7\u00e3o Cient\u00edfica e Extens\u00e3o Comunit\u00e1ria e V Mostra de Pesquisa de P\u00f3s Gradua\u00e7\u00e3o da IMED. Passo Fundo: Imed, 2012.<\/p>\n\n\n\n<p><strong>30.<\/strong><strong><a href=\"http:\/\/lattes.cnpq.br\/0661346004702683\" target=\"_blank\" rel=\"noreferrer noopener\">TONET, Fernando<\/a><\/strong>; J\u00falia Polippo Pfeiter . A personalidade psicop\u00e1tica e sua influ\u00eancia nos crimes. In: VI Mostra de Inicia\u00e7\u00e3o Cient\u00edfica e Extens\u00e3o Comunit\u00e1ria e V Mostra de Pesquisa de P\u00f3s Gradua\u00e7\u00e3o da IMED, 2012, Passo Fundo. VI Mostra de Inicia\u00e7\u00e3o Cient\u00edfica e Extens\u00e3o Comunit\u00e1ria e V Mostra de Pesquisa de P\u00f3s Gradua\u00e7\u00e3o da IMED. Passo Fundo: Imed, 2012.<\/p>\n\n\n\n<p><strong>31.<\/strong><strong><a href=\"http:\/\/lattes.cnpq.br\/0661346004702683\" target=\"_blank\" rel=\"noreferrer noopener\">TONET, Fernando<\/a><\/strong>; Marcus de Freitas Greg\u00f3rio . O PRINC\u00edPIO DA INTERVEN\u00e7\u00e3O M\u00edNIMA E OS MEIOS DE COER\u00e7\u00e3O EXTRAPENAIS. In: VI Mostra de Inicia\u00e7\u00e3o Cient\u00edfica e Extens\u00e3o Comunit\u00e1ria e V Mostra de Pesquisa de P\u00f3s Gradua\u00e7\u00e3o da IMED, 2012, Passo Fundo. VI Mostra de Inicia\u00e7\u00e3o Cient\u00edfica e Extens\u00e3o Comunit\u00e1ria e V Mostra de Pesquisa de P\u00f3s Gradua\u00e7\u00e3o da IMED. Passo Fundo: Imed, 2012.<\/p>\n\n\n\n<p><strong>32.<\/strong><strong><a href=\"http:\/\/lattes.cnpq.br\/0661346004702683\" target=\"_blank\" rel=\"noreferrer noopener\">TONET, Fernando<\/a><\/strong>; Felipe da Silva Antunes . INEFIC\u00e1CIA DO SISTEMA PRISIONAL BRASILEIRO. In: VI Mostra de Inicia\u00e7\u00e3o Cient\u00edfica e Extens\u00e3o Comunit\u00e1ria e V Mostra de Pesquisa de P\u00f3s Gradua\u00e7\u00e3o da IMED, 2012, Passo Fundo. VI Mostra de Inicia\u00e7\u00e3o Cient\u00edfica e Extens\u00e3o Comunit\u00e1ria e V Mostra de Pesquisa de P\u00f3s Gradua\u00e7\u00e3o da IMED. Passo Fundo: Imed, 2012.<\/p>\n\n\n\n<p><strong>33.<\/strong><strong><a href=\"http:\/\/lattes.cnpq.br\/0661346004702683\" target=\"_blank\" rel=\"noreferrer noopener\">TONET, Fernando<\/a><\/strong>; Amanda Lodi Castellani . BREVE HIST\u00d3RICO SOBRE AS TEORIAS DO ESTUDO DA CRIMINOLOGIA. In: VI Mostra de Inicia\u00e7\u00e3o Cient\u00edfica e Extens\u00e3o Comunit\u00e1ria e V Mostra de Pesquisa de P\u00f3s Gradua\u00e7\u00e3o da IMED, 2012, Passo Fundo. VI Mostra de Inicia\u00e7\u00e3o Cient\u00edfica e Extens\u00e3o Comunit\u00e1ria e V Mostra de Pesquisa de P\u00f3s Gradua\u00e7\u00e3o da IMED. Passo Fundo: Imed, 2012.<\/p>\n\n\n\n<p><strong>34.<\/strong><strong><a href=\"http:\/\/lattes.cnpq.br\/0661346004702683\" target=\"_blank\" rel=\"noreferrer noopener\">TONET, Fernando<\/a><\/strong>; Yan Alisson Dumer Ribeiro . CRIMINOLOGIA DESPORTIVA: das infra\u00e7\u00f5es criminais dolosas. In: VI Mostra de Inicia\u00e7\u00e3o Cient\u00edfica e Extens\u00e3o Comunit\u00e1ria e V Mostra de Pesquisa de P\u00f3s Gradua\u00e7\u00e3o da IMED, 2012, Passo Fundo. VI Mostra de Inicia\u00e7\u00e3o Cient\u00edfica e Extens\u00e3o Comunit\u00e1ria e V Mostra de Pesquisa de P\u00f3s Gradua\u00e7\u00e3o da IMED. Passo Fundo: Imed, 2012.<\/p>\n\n\n\n<p><strong>35.<\/strong><strong><a href=\"http:\/\/lattes.cnpq.br\/0661346004702683\" target=\"_blank\" rel=\"noreferrer noopener\">TONET, Fernando<\/a><\/strong>; Pedro Volmar Amarante . Massacre de Eldorado dos Caraj\u00e1s. In: VI Mostra de Inicia\u00e7\u00e3o Cient\u00edfica e Extens\u00e3o Comunit\u00e1ria e V Mostra de Pesquisa de P\u00f3s Gradua\u00e7\u00e3o da IMED, 2012, Passo Fundo. VI Mostra de Inicia\u00e7\u00e3o Cient\u00edfica e Extens\u00e3o Comunit\u00e1ria e V Mostra de Pesquisa de P\u00f3s Gradua\u00e7\u00e3o da IMED. Passo Fundo: Imed, 2012.<\/p>\n\n\n\n<p><strong>36.<\/strong><strong><a href=\"http:\/\/lattes.cnpq.br\/0661346004702683\" target=\"_blank\" rel=\"noreferrer noopener\">TONET, Fernando<\/a><\/strong>; Bianca Dalvit Lodi ; Nataly Loss . O CAR\u00c1TER SIMB\u00d3LICO DA CONSTITUI\u00c7\u00c3O FRENTE \u00c0S CULTURAS IND\u00cdGENAS. In: VI Mostra de Inicia\u00e7\u00e3o Cient\u00edfica e Extens\u00e3o Comunit\u00e1ria e V Mostra de Pesquisa de P\u00f3s Gradua\u00e7\u00e3o da IMED, 2012, Passo Fundo. VI Mostra de Inicia\u00e7\u00e3o Cient\u00edfica e Extens\u00e3o Comunit\u00e1ria e V Mostra de Pesquisa de P\u00f3s Gradua\u00e7\u00e3o da IMED. Passo Fundo: Imed, 2012.<\/p>\n\n\n\n<p><strong>37.<\/strong><strong><a href=\"http:\/\/lattes.cnpq.br\/0661346004702683\" target=\"_blank\" rel=\"noreferrer noopener\">TONET, Fernando<\/a><\/strong>; Odair Evaristo dos Santos . Aplicabilidade das Penas do Sistema Penal Vigente no Brasil. In: VI Mostra de Inicia\u00e7\u00e3o Cient\u00edfica e Extens\u00e3o Comunit\u00e1ria e V Mostra de Pesquisa de P\u00f3s Gradua\u00e7\u00e3o da IMED, 2012, Passo Fundo. VI Mostra de Inicia\u00e7\u00e3o Cient\u00edfica e Extens\u00e3o Comunit\u00e1ria e V Mostra de Pesquisa de P\u00f3s Gradua\u00e7\u00e3o da IMED. Passo Fundo: Imed, 2012.<\/p>\n\n\n\n<p><strong>38.<\/strong><strong><a href=\"http:\/\/lattes.cnpq.br\/0661346004702683\" target=\"_blank\" rel=\"noreferrer noopener\">TONET, Fernando<\/a><\/strong>; Rosimara dos Santos . SISTEMA PENITENCI\u00c1RIO BRASILEIRO E SEUS ASPECTOS. In: VI Mostra de Inicia\u00e7\u00e3o Cient\u00edfica e Extens\u00e3o Comunit\u00e1ria e V Mostra de Pesquisa de P\u00f3s Gradua\u00e7\u00e3o da IMED, 2012, Passo Fundo. VI Mostra de Inicia\u00e7\u00e3o Cient\u00edfica e Extens\u00e3o Comunit\u00e1ria e V Mostra de Pesquisa de P\u00f3s Gradua\u00e7\u00e3o da IMED. Passo Fundo: Imed, 2012.<\/p>\n\n\n\n<p><strong>39.<\/strong><strong><a href=\"http:\/\/lattes.cnpq.br\/0661346004702683\" target=\"_blank\" rel=\"noreferrer noopener\">TONET, Fernando<\/a><\/strong>; Viviane Rupson . O direito &amp; literatura em ?Dom Casmurro?. In: I COL\u00d3QUIO INTERNACIONAL DE DIREITO E LITERATURA, 2012, Passo Fundo. I COL\u00d3QUIO INTERNACIONAL DE DIREITO E LITERATURA. Passo Fundo: Imed, 2012. p. 192-208.<\/p>\n\n\n\n<p><strong>40.<\/strong><strong><a href=\"http:\/\/lattes.cnpq.br\/0661346004702683\" target=\"_blank\" rel=\"noreferrer noopener\">TONET, Fernando<\/a><\/strong>; Felipe da Silva Antunes . O direito observado atrav\u00e9s de lentes liter\u00e1rias. In: I COL\u00d3QUIO INTERNACIONAL DE DIREITO E LITERATURA, 2012, Passo Fundo. I COL\u00d3QUIO INTERNACIONAL DE DIREITO E LITERATURA. Passo Fundo: Imed, 2012. p. 224-234.<\/p>\n\n\n\n<p><strong>41.<\/strong><strong><a href=\"http:\/\/lattes.cnpq.br\/0661346004702683\" target=\"_blank\" rel=\"noreferrer noopener\">TONET, Fernando<\/a><\/strong>; Aline Andrighetto . DIREITO &amp; LITERATURA: e o julgamento shakespeariano. In: VIII Semin\u00e1rio Internacional de Demandas Sociais e Pol\u00edticas na Sociedade Contempor\u00e2nea; IV Mostra de Trabalhos Juridicos Cient\u00edficos, 2011, Santa Cruz do Sul &#8211; RS. VIII Semin\u00e1rio Internacional de Demandas Sociais e Pol\u00edticas na Sociedade Contempor\u00e2nea; IV Mostra de Trabalhos Juridicos Cient\u00edficos. Santa Cruz do Sul &#8211; RS: EDUNISC, 2011. p. 01-15.<\/p>\n\n\n\n<p><strong>42.<\/strong><strong><a href=\"http:\/\/lattes.cnpq.br\/0661346004702683\" target=\"_blank\" rel=\"noreferrer noopener\">TONET, Fernando<\/a><\/strong>; Francieli Guizzo . O devido processo legal, o contradit\u00f3rio, a ampla defesa, e o acesso a justi\u00e7a no Brasil: reflex\u00f5es a partir da obra O Processo, de Franz K\u00e1fka. In: V Mostra de Inicia\u00e7\u00e3o Cient\u00edfica, IV Mostra de Pesquisa de P\u00f3s &#8211; Gradua\u00e7\u00e3o e V Exposi\u00e7\u00e3o de Atividades de Extens\u00e3o Comunit\u00e1ria &#8211; Imed, 2011, Passo Fundo &#8211; RS. V Mostra de Inicia\u00e7\u00e3o Cient\u00edfica, IV Mostra de Pesquisa de P\u00f3s &#8211; Gradua\u00e7\u00e3o e V Exposi\u00e7\u00e3o de Atividades de Extens\u00e3o Comunit\u00e1ria &#8211; Imed. Passo Fundo &#8211; RS: IMED, 2011.<\/p>\n\n\n\n<p><strong>43.<\/strong><strong><a href=\"http:\/\/lattes.cnpq.br\/0661346004702683\" target=\"_blank\" rel=\"noreferrer noopener\">TONET, Fernando<\/a><\/strong>. Di\u00e1logos sobre Direito &amp; Literatura. In: IV Mostra de Inicia\u00e7\u00e3o Cient\u00edfica, Pesquisa e Extens\u00e3o da IMED; III Mostra de Pesquisa de P\u00f3s-Grandua\u00e7\u00e3o; IV Exposi\u00e7\u00e3o de Atividades de Extens\u00e3o Comunit\u00e1ria, 2010, Passo Fundo &#8211; RS. IV Mostra de Inicia\u00e7\u00e3o Cient\u00edfica, Pesquisa e Extens\u00e3o da IMED; III Mostra de Pesquisa de P\u00f3s-Grandua\u00e7\u00e3o; IV Exposi\u00e7\u00e3o de Atividades de Extens\u00e3o Comunit\u00e1ria. Passo Fundo: Editora IMED, 2010. v. 01. p. 01-15.<\/p>\n\n\n\n<p><strong>44.<\/strong><strong><a href=\"http:\/\/lattes.cnpq.br\/0661346004702683\" target=\"_blank\" rel=\"noreferrer noopener\">TONET, Fernando<\/a><\/strong>. Algumas quest\u00f5es acerca do dirigismo constitucional. In: IV Mostra de Inicia\u00e7\u00e3o Cient\u00edfica, Pesquisa e Extens\u00e3o da IMED; III Mostra de Pesquisa de P\u00f3s-Grandua\u00e7\u00e3o; IV Exposi\u00e7\u00e3o de Atividades de Extens\u00e3o Comunit\u00e1ria, 2010, Passo Fundo &#8211; RS. IV Mostra de Inicia\u00e7\u00e3o Cient\u00edfica, Pesquisa e Extens\u00e3o da IMED; III Mostra de Pesquisa de P\u00f3s-Grandua\u00e7\u00e3o; IV Exposi\u00e7\u00e3o de Atividades de Extens\u00e3o Comunit\u00e1ria. Passo Fundo: Editora IMED, 2010. v. 01. p. 01-15.<\/p>\n\n\n\n<p><strong><a><\/a>Resumos expandidos publicados em anais de congressos<\/strong><br><strong>1.<\/strong><strong><a href=\"http:\/\/lattes.cnpq.br\/0661346004702683\" target=\"_blank\" rel=\"noreferrer noopener\">TONET, Fernando<\/a><\/strong>; Gabriel Zanatta Tocchetto . CONTING\u00caNCIA SIST\u00caMICA AUTOPOI\u00c9TICA. In: XII Semana Acad\u00eamica de Direito II Mostra de Inicia\u00e7\u00e3o Cient\u00edfica &#8211; UPF, 2015, Passo Fundo. XII Semana Acad\u00eamica de Direito II Mostra de Inicia\u00e7\u00e3o Cient\u00edfica &#8211; UPF. Passo Fundo: UPF, 2015.<\/p>\n\n\n\n<p><strong>2.<\/strong><strong><a href=\"http:\/\/lattes.cnpq.br\/0661346004702683\" target=\"_blank\" rel=\"noreferrer noopener\">TONET, Fernando<\/a><\/strong>; Gabriel Zanatta Tocchetto . DISSENSO CONTEUD\u00cdSTICO E CONSENSO PROCEDIMENTAL. In: XII Semana Acad\u00eamica de Direito II Mostra de Inicia\u00e7\u00e3o Cient\u00edfica &#8211; UPF, 2015, Passo Fundo. XII Semana Acad\u00eamica de Direito II Mostra de Inicia\u00e7\u00e3o Cient\u00edfica &#8211; UPF. Passo Fundo: UPF, 2015.<\/p>\n\n\n\n<p><strong>3.<\/strong><strong><a href=\"http:\/\/lattes.cnpq.br\/0661346004702683\" target=\"_blank\" rel=\"noreferrer noopener\">TONET, Fernando<\/a><\/strong>; TEIXEIRA, O . Constitui\u00e7\u00e3o Dirigente E Sua Interface Global. In: XIII Semin\u00e1rio Interistitucional De Ensino, Pesquisa e Extens\u00e3o; XI Mostra De Inicia\u00e7\u00e3o Cient\u00edfica e VI Mostra de Extens\u00e3o, 2008, Cruz Alta &#8211; RS. XIII Semin\u00e1rio Interistitucional De Ensino, Pesquisa e Extens\u00e3o; XI Mostra De Inicia\u00e7\u00e3o Cient\u00edfica e VI Mostra de Extens\u00e3o. Cruz Alta &#8211; RS: UNICRUZ, 2008.<\/p>\n\n\n\n<p><strong><a><\/a>Resumos publicados em anais de congressos<\/strong><br><strong>1.<\/strong><strong><a href=\"http:\/\/lattes.cnpq.br\/0661346004702683\" target=\"_blank\" rel=\"noreferrer noopener\">TONET, Fernando<\/a><\/strong>; Andressa Vieira . Crise na Indetermina\u00e7\u00e3o do Prazo de Dura\u00e7\u00e3o das Medidas de Seguran\u00e7a. In: XXII Mostra de Inicia\u00e7\u00e3o Cient\u00edfica UPF Ci\u00eancia: Reescrevendo a Hist\u00f3ria, 2013. XXII Mostra de Inicia\u00e7\u00e3o Cient\u00edfica UPF Ci\u00eancia: Reescrevendo a Hist\u00f3ria. Passo Fundo: UPF, 2013. p. 01.<\/p>\n\n\n\n<p><strong>2.<\/strong><strong><a href=\"http:\/\/lattes.cnpq.br\/0661346004702683\" target=\"_blank\" rel=\"noreferrer noopener\">TONET, Fernando<\/a><\/strong>; Talvanni Machado Ribeiro . Autopoiese luhmanniana. In: XXIII Mostra de Inicia\u00e7\u00e3o Cient\u00edfica &#8211; Ci\u00eancia: Reescrevendo a Hist\u00f3ria, 2013, Passo Fundo. XXIII Mostra de Inicia\u00e7\u00e3o Cient\u00edfica &#8211; Ci\u00eancia: Reescrevendo a Hist\u00f3ria. Passo Fundo: UPF, 2013.<\/p>\n\n\n\n<p><strong>3.<\/strong><strong><a href=\"http:\/\/lattes.cnpq.br\/0661346004702683\" target=\"_blank\" rel=\"noreferrer noopener\">TONET, Fernando<\/a><\/strong>; Talvanni Machado Ribeiro . A comunica\u00e7\u00e3o sist\u00eamica luhmanniana. In: XXIII Mostra de Inicia\u00e7\u00e3o Cient\u00edfica &#8211; Ci\u00eancia: Reescrevendo a Hist\u00f3ria, 2013, Passo Fundo. XXIII Mostra de Inicia\u00e7\u00e3o Cient\u00edfica &#8211; Ci\u00eancia: Reescrevendo a Hist\u00f3ria. Passo Fundo: UPF, 2013.<\/p>\n\n\n\n<p><strong>4.<\/strong><strong><a href=\"http:\/\/lattes.cnpq.br\/0661346004702683\" target=\"_blank\" rel=\"noreferrer noopener\">TONET, Fernando<\/a><\/strong>; LIMA, B. D. ; Nataly Loss . O CAR\u00c1TER SIMB\u00d3LICO DA CONSTITUI\u00c7\u00c3O FRENTE \u00c0S CULTURAS IND\u00cdGENAS. In: XXII Mostra de Inicia\u00e7\u00e3o Cient\u00edfica &#8211; Ecossustentabilidade &#8211; UPF, 2012, Passo Fundo. XXII Mostra de Inicia\u00e7\u00e3o Cient\u00edfica &#8211; Ecossustentabilidade &#8211; UPF. Passo Fundo: UPF, 2012.<\/p>\n\n\n\n<p><strong>5.<\/strong><strong><a href=\"http:\/\/lattes.cnpq.br\/0661346004702683\" target=\"_blank\" rel=\"noreferrer noopener\">TONET, Fernando<\/a><\/strong>;&nbsp;<a href=\"http:\/\/lattes.cnpq.br\/3283434447576859\" target=\"_blank\" rel=\"noreferrer noopener\">Jo\u00e3o Gilberto Engelmann<\/a>&nbsp;; Pablo Gilnei Simor . A aproxima\u00e7\u00e3o entre Direito e Literatura como fomento \u00e0 atividade acad\u00eamica cr\u00edtica reflexiva. In: Mostra Unisinos de Inicia\u00e7\u00e3o Cinet\u00edfica, 2011, S\u00e3o Leopoldo &#8211; RS. Mostra Unisinos de Inicia\u00e7\u00e3o Cinet\u00edfica. S\u00e3o Leopoldo &#8211; RS: Editora Unisinos, 2011. p. 505-505.<\/p>\n\n\n\n<p><strong>6.<\/strong><strong><a href=\"http:\/\/lattes.cnpq.br\/0661346004702683\" target=\"_blank\" rel=\"noreferrer noopener\">TONET, Fernando<\/a><\/strong>; Bruna Chechi Biorchi ; Francieli Kanopf . Direito como Literatura, o caso dos exploradores de caverna e sua verossimilhan\u00e7a com os mineiros chilenos. In: Mostra Unisinos de Inicia\u00e7\u00e3o Cinet\u00edfica, 2011, S\u00e3o Leopoldo &#8211; RS. Mostra Unisinos de Inicia\u00e7\u00e3o Cinet\u00edfica. S\u00e3o Leopoldo &#8211; RS: Editora Unisinos, 2011. p. 508-509.<\/p>\n\n\n\n<p><strong>7.<\/strong><strong><a href=\"http:\/\/lattes.cnpq.br\/0661346004702683\" target=\"_blank\" rel=\"noreferrer noopener\">TONET, Fernando<\/a><\/strong>; Rubia de Matos Hoffmann . Direito e Literatura: uma an\u00e1lise do poder da orat\u00f3ria no sistema jur\u00eddico. In: Mostra Unisinos de Inicia\u00e7\u00e3o Cinet\u00edfica, 2011, S\u00e3o Leopoldo &#8211; RS. Mostra Unisinos de Inicia\u00e7\u00e3o Cinet\u00edfica. S\u00e3o Leopoldo &#8211; RS: Editora Unisinos, 2011. p. 519-520.<\/p>\n\n\n\n<p><strong>8.<\/strong><strong><a href=\"http:\/\/lattes.cnpq.br\/0661346004702683\" target=\"_blank\" rel=\"noreferrer noopener\">TONET, Fernando<\/a><\/strong>; Daniel de Souza Porfiro ; Raissa Langaro . Di\u00e1logos sobre a aplica\u00e7\u00e3o liter\u00e1ria no sistema jur\u00eddico. In: Mostra Unisinos de Inicia\u00e7\u00e3o Cinet\u00edfica, 2011, S\u00e3o Leopoldo &#8211; RS. Mostra Unisinos de Inicia\u00e7\u00e3o Cinet\u00edfica. S\u00e3o Leopoldo &#8211; RS: Editora Unisinos, 2011. p. 494-495.<\/p>\n\n\n\n<p><strong>9.<\/strong><strong><a href=\"http:\/\/lattes.cnpq.br\/0661346004702683\" target=\"_blank\" rel=\"noreferrer noopener\">TONET, Fernando<\/a><\/strong>; Marta Fantinelli ; Francieli Guizzo . Direito na Literatura: uma abordagem shakesperiana. In: Mostra Unisinos de Inicia\u00e7\u00e3o Cinet\u00edfica, 2011, S\u00e3o Leopoldo &#8211; RS. Mostra Unisinos de Inicia\u00e7\u00e3o Cinet\u00edfica. S\u00e3o Leopoldo &#8211; RS: Editora Unisinos, 2011. p. 500-501.<\/p>\n\n\n\n<p><strong>10.<\/strong><strong><a href=\"http:\/\/lattes.cnpq.br\/0661346004702683\" target=\"_blank\" rel=\"noreferrer noopener\">TONET, Fernando<\/a><\/strong>. Apontamentos Sobre Direito e Literatura. In: XI Mostra de Trabalhos Jur\u00eddicos &#8211; URI, 2011, Santo \u00c2ngelo. XI Mostra de Trabalhos Jur\u00eddicos &#8211; URI. Santo \u00c2ngelo: EdiURI, 2011.<\/p>\n\n\n\n<p><strong>11.<\/strong><strong><a href=\"http:\/\/lattes.cnpq.br\/0661346004702683\" target=\"_blank\" rel=\"noreferrer noopener\">TONET, Fernando<\/a><\/strong>. A Constitui\u00e7\u00e3o Dirigente E Sua Interface Blobal Sob Uma Vis\u00e3o Sist\u00eamica. In: XI Mostra de Trabalhos Jur\u00eddicos &#8211; URI, 2011, Santo \u00c2ngelo. XI Mostra de Trabalhos Jur\u00eddicos &#8211; URI. Santo \u00c2ngelo: EdiURI, 2011.<\/p>\n\n\n\n<p><strong>12.<\/strong><strong><a href=\"http:\/\/lattes.cnpq.br\/0661346004702683\" target=\"_blank\" rel=\"noreferrer noopener\">TONET, Fernando<\/a><\/strong>; Bruna Chechi Biorchi . DIREITO NA LITERATURA: um novo pensar liter\u00e1rio dentro do \u00e2mbito jur\u00eddico. In: XI Mostra de Trabalhos Jur\u00eddicos &#8211; URI, 2011, Santo \u00c2ngelo. XI Mostra de Trabalhos Jur\u00eddicos &#8211; URI. Santo \u00c2ngelo: EdiURI, 2011.<\/p>\n\n\n\n<p><strong>13.<\/strong><strong><a href=\"http:\/\/lattes.cnpq.br\/0661346004702683\" target=\"_blank\" rel=\"noreferrer noopener\">TONET, Fernando<\/a><\/strong>; Francieli Guizzo . A Media\u00e7\u00e3o Como Instrumento de Resolu\u00e7\u00e3o de Conflitos. In: XI Mostra de Trabalhos Jur\u00eddicos &#8211; URI, 2011, Santo \u00c2ngelo. XI Mostra de Trabalhos Jur\u00eddicos &#8211; URI. Santo \u00c2ngelo: EdiURI, 2011.<\/p>\n\n\n\n<p><strong>14.<\/strong><strong><a href=\"http:\/\/lattes.cnpq.br\/0661346004702683\" target=\"_blank\" rel=\"noreferrer noopener\">TONET, Fernando<\/a><\/strong>;&nbsp;<a href=\"http:\/\/lattes.cnpq.br\/3283434447576859\" target=\"_blank\" rel=\"noreferrer noopener\">Jo\u00e3o Gilberto Engelmann<\/a>&nbsp;; Pablo Gilnei Simor . DIREITO E LITERATURA: a linguagem transdiciplinar como fomento \u00e0 pesquisa e \u00e0 atitude cr\u00edtica e reflexiva. In: XI Mostra de Trabalhos Jur\u00eddicos &#8211; URI, 2011, Santo \u00c2ngelo. XI Mostra de Trabalhos Jur\u00eddicos &#8211; URI. Santo \u00c2ngelo: EdiURI, 2011.<\/p>\n\n\n\n<p><strong>15.<\/strong><strong><a href=\"http:\/\/lattes.cnpq.br\/0661346004702683\" target=\"_blank\" rel=\"noreferrer noopener\">TONET, Fernando<\/a><\/strong>;&nbsp;<a href=\"http:\/\/lattes.cnpq.br\/3283434447576859\" target=\"_blank\" rel=\"noreferrer noopener\">Jo\u00e3o Gilberto Engelmann<\/a>&nbsp;. O Processo Judicial Como Representa\u00e7\u00e3o Dial\u00e9tica da Ideia de Justi\u00e7a: uma men\u00e7\u00e3o \u00e0 filosofia hegeliana. In: XI Mostra de Trabalhos Jur\u00eddicos &#8211; URI, 2011, Santo \u00c2ngelo. XI Mostra de Trabalhos Jur\u00eddicos &#8211; URI. Santo \u00c2ngelo: EdiURI, 2011.<\/p>\n\n\n\n<p><strong>16.<\/strong><strong><a href=\"http:\/\/lattes.cnpq.br\/0661346004702683\" target=\"_blank\" rel=\"noreferrer noopener\">TONET, Fernando<\/a><\/strong>; Marta Fantinelli . Di\u00e1logos Sobre Conex\u00e3o Entre Direito e Literatura. In: XI Mostra de Trabalhos Jur\u00eddicos &#8211; URI, 2011, Santo \u00c2ngelo. XI Mostra de Trabalhos Jur\u00eddicos &#8211; URI. Santo \u00c2ngelo: EdiURI, 2011.<\/p>\n\n\n\n<p><strong>17.<\/strong><strong><a href=\"http:\/\/lattes.cnpq.br\/0661346004702683\" target=\"_blank\" rel=\"noreferrer noopener\">TONET, Fernando<\/a><\/strong>; Francieli Guizzo ; Francieli Kanopf . DIREITO NA LITERATURA, SOB A \u00d3TICA SHAKESPERIANA. In: XI Mostra de Trabalhos Jur\u00eddicos &#8211; URI, 2011, Santo \u00c2ngelo. XI Mostra de Trabalhos Jur\u00eddicos &#8211; URI. Santo \u00c2ngelo: EdiURI, 2011.<\/p>\n\n\n\n<p><strong>18.<\/strong><strong><a href=\"http:\/\/lattes.cnpq.br\/0661346004702683\" target=\"_blank\" rel=\"noreferrer noopener\">TONET, Fernando<\/a><\/strong>;&nbsp;<a href=\"http:\/\/lattes.cnpq.br\/3283434447576859\" target=\"_blank\" rel=\"noreferrer noopener\">Jo\u00e3o Gilberto Engelmann<\/a>&nbsp;. A forma\u00e7\u00e3o do grupo de estudos como fomento \u00e0 capacidade discursiva e reflexiva no ambiente jur\u00eddico-acad\u00eamico. In: XXI Mostra de Inicia\u00e7\u00e3o Cient\u00edfica UPF, 2011, Passo Fundo &#8211; RS. XXI Mostra de Inicia\u00e7\u00e3o Cient\u00edfica UPF. Passo Fundo &#8211; RS: Editora UPF, 2011.<\/p>\n\n\n\n<p><strong>19.<\/strong><strong><a href=\"http:\/\/lattes.cnpq.br\/0661346004702683\" target=\"_blank\" rel=\"noreferrer noopener\">TONET, Fernando<\/a><\/strong>; Raissa Langaro . DIREITO &amp; LITERATURA: O ADULT\u00c9RIO EM DOM CASMURRO. In: II Semin\u00e1rio Brasileiro, VIII Encontro Ga\u00facho e V Mostra de Pesquisa em Ci\u00eancias Criminais &#8211; UPF, 2011, Passo Fundo &#8211; RS. II Semin\u00e1rio Brasileiro, VIII Encontro Ga\u00facho e V Mostra de Pesquisa em Ci\u00eancias Criminais &#8211; UPF. Passo Fundo &#8211; RS: Editora UPF, 2011.<\/p>\n\n\n\n<p><strong>20.<\/strong><strong><a href=\"http:\/\/lattes.cnpq.br\/0661346004702683\" target=\"_blank\" rel=\"noreferrer noopener\">TONET, Fernando<\/a><\/strong>; Marta Fantinelli . O ESTADO DE NECESSIDADE E O CASO DOS EXPLORADORES DE CAVERNA, ANALOGIA COM A LEI BRASILEIRA. In: II Semin\u00e1rio Brasileiro, VIII Encontro Ga\u00facho e V Mostra de Pesquisa em Ci\u00eancias Criminais &#8211; UPF, 2011, Passo Fundo &#8211; RS. II Semin\u00e1rio Brasileiro, VIII Encontro Ga\u00facho e V Mostra de Pesquisa em Ci\u00eancias Criminais &#8211; UPF. Passo Fundo &#8211; RS: Editora UPF, 2011.<\/p>\n\n\n\n<p><strong>21.<\/strong><strong><a href=\"http:\/\/lattes.cnpq.br\/0661346004702683\" target=\"_blank\" rel=\"noreferrer noopener\">TONET, Fernando<\/a><\/strong>; TEIXEIRA, O . A CONSTITUI\u00c7\u00c3O DIRIGENTE E SUA INTERFACE GLOBAL. In: Mostra Unisinos de Inicia\u00e7\u00e3o Cient\u00edfica, 2009, S\u00e3o Leopoldo &#8211; RS. Mostra Unisinos de Inicia\u00e7\u00e3o Cient\u00edfica. S\u00e3o Leopoldo &#8211; RS: Unisinos, 2009.<\/p>\n\n\n\n<p><strong>22.<\/strong><strong><a href=\"http:\/\/lattes.cnpq.br\/0661346004702683\" target=\"_blank\" rel=\"noreferrer noopener\">TONET, Fernando<\/a><\/strong>; CORRALO, G. . HERMEN\u00caUTICA CONSTITUCIONAL: OS PROBLEMAS DA CONSTITUI\u00c7\u00c3O DIRIGENTE EM FACE DE UM ESTADO DE DESENVOLVIMENTO TARDIO. In: Mostra UNISINOS de Inici\u00e7\u00e3o Cient\u00edfica, 2008, S\u00e3o Leopoldo &#8211; RS. Mostra UNISINOS de Inici\u00e7\u00e3o Cient\u00edfica. S\u00e3o Leopoldo &#8211; RS: UNISINOS, 2008.<\/p>\n\n\n\n<p><strong>23.<\/strong><strong><a href=\"http:\/\/lattes.cnpq.br\/0661346004702683\" target=\"_blank\" rel=\"noreferrer noopener\">TONET, Fernando<\/a><\/strong>; TEIXEIRA, O . Direito e Literatura: Fato ou Fic\u00e7\u00e3o. In: XVIII Mostra de Inicia\u00e7\u00e3o Cient\u00edfica UPF, 2008, Passo Fundo &#8211; RS. XVIII Mostra de Inicia\u00e7\u00e3o Cient\u00edfica UPF. Passo Fundo &#8211; RS, 2008.<\/p>\n\n\n\n<p><strong>24.<\/strong><strong><a href=\"http:\/\/lattes.cnpq.br\/0661346004702683\" target=\"_blank\" rel=\"noreferrer noopener\">TONET, Fernando<\/a><\/strong>; TEIXEIRA, O . A Constitui\u00e7\u00e3o Dirigente Em Estados Perif\u00e9ricos Frente A Globaliza\u00e7\u00e3o. In: XVIII Mostra de Inicia\u00e7\u00e3o Cient\u00edfica UPF, 2008, Passo Fundo &#8211; RS. XVIII Mostra de Inicia\u00e7\u00e3o Cient\u00edfica UPF. Passo Fundo &#8211; RS, 2008.<\/p>\n\n\n\n<p><strong>25.<\/strong><strong><a href=\"http:\/\/lattes.cnpq.br\/0661346004702683\" target=\"_blank\" rel=\"noreferrer noopener\">TONET, Fernando<\/a><\/strong>;&nbsp;<a href=\"http:\/\/lattes.cnpq.br\/9790515942438105\" target=\"_blank\" rel=\"noreferrer noopener\">SCHWARTZ, Germano<\/a>&nbsp;. JUSTI\u00c7A &amp; ARTE: O DIREITO CONTADO PELA ARTE. In: Mostra UNISINOS de Inicia\u00e7\u00e3o Cient\u00edfica, 2008, S\u00e3o Leopoldo &#8211; RS. Mostra UNISINOS de Inicia\u00e7\u00e3o Cient\u00edfica. S\u00e3o Leopoldo &#8211; RS: UNISINOS, 2008.<\/p>\n\n\n\n<p><strong>26.<\/strong><strong><a href=\"http:\/\/lattes.cnpq.br\/0661346004702683\" target=\"_blank\" rel=\"noreferrer noopener\">TONET, Fernando<\/a><\/strong>;&nbsp;<a href=\"http:\/\/lattes.cnpq.br\/9790515942438105\" target=\"_blank\" rel=\"noreferrer noopener\">SCHWARTZ, Germano<\/a>&nbsp;. Direito &amp; Literatura: E a Conex\u00e3o Entre o Sistema Jur\u00eddico e o Sistema da Arte. In: Mostra UNISINOS de Inicia\u00e7\u00e3o Cient\u00edfica, 2007, S\u00e3o Leopoldo &#8211; RS. Mostra UNISINOS de Inicia\u00e7\u00e3o Cient\u00edfica. S\u00e3o Leopoldo &#8211; RS: Unisinos, 2007.<\/p>\n\n\n\n<p><strong>27.<\/strong><strong><a href=\"http:\/\/lattes.cnpq.br\/0661346004702683\" target=\"_blank\" rel=\"noreferrer noopener\">TONET, Fernando<\/a><\/strong>. Direito e literatura. In: VII Mostra De Trabalhos jur\u00eddicos, 2007, Santo \u00c2ngelo. VII Mostra De Trabalhos Jur\u00eddicos URI. Santo \u00c2ngelo: URI, 2007.<\/p>\n\n\n\n<p><strong>28.<\/strong><strong><a href=\"http:\/\/lattes.cnpq.br\/0661346004702683\" target=\"_blank\" rel=\"noreferrer noopener\">TONET, Fernando<\/a><\/strong>. Direito e Literatura. In: VII Mostra De Trabalhos Jur\u00eddicos URI, 2007, Santo \u00c2ngelo. VII Mostra De Trabalhos jur\u00eddicos URI. Santo \u00c2ngelo: URI, 2007.<\/p>\n\n\n\n<p><strong>29.<\/strong><strong><a href=\"http:\/\/lattes.cnpq.br\/0661346004702683\" target=\"_blank\" rel=\"noreferrer noopener\">TONET, Fernando<\/a><\/strong>. Direito &amp; Literatura. In: V SIC Sal\u00e3o de Inicia\u00e7\u00e3o Cientifica, 2006, Lajeado &#8211; RS. V SIC Sal\u00e3o de Inicia\u00e7\u00e3o Cient\u00edfica. Lajeado &#8211; RS: Editora Univates, 2006. p. 80-80.<\/p>\n\n\n\n<p><strong>30.<\/strong><strong><a href=\"http:\/\/lattes.cnpq.br\/0661346004702683\" target=\"_blank\" rel=\"noreferrer noopener\">TONET, Fernando<\/a><\/strong>. Direito &amp; Literatura. In: XIV Mostra de Inicia\u00e7\u00e3o Cientif\u00edca, 2006, Passo Fundo. XVI Mostra de Inicia\u00e7\u00e3o Cient\u00edfica. Passo Fundo: UPF, 2006.<\/p>\n\n\n\n<p><strong>31.<\/strong><strong><a href=\"http:\/\/lattes.cnpq.br\/0661346004702683\" target=\"_blank\" rel=\"noreferrer noopener\">TONET, Fernando<\/a><\/strong>;&nbsp;<a href=\"http:\/\/lattes.cnpq.br\/9790515942438105\" target=\"_blank\" rel=\"noreferrer noopener\">SCHWARTZ, Germano<\/a>&nbsp;. DIREITO &amp; LITERATURA. In: Mostra UNISINOS de Inicia\u00e7\u00e3o Cient\u00edfica, 2006. Mostra Unisinos de Inicia\u00e7\u00e3o Cient\u00edfica. S\u00e3o Leopoldo &#8211; RS: Unisinos, 2006.<\/p>\n\n\n\n<p><strong>32.<\/strong><strong><a href=\"http:\/\/lattes.cnpq.br\/0661346004702683\" target=\"_blank\" rel=\"noreferrer noopener\">TONET, Fernando<\/a><\/strong>;&nbsp;<a href=\"http:\/\/lattes.cnpq.br\/9790515942438105\" target=\"_blank\" rel=\"noreferrer noopener\">SCHWARTZ, Germano<\/a>&nbsp;. DIREITO &amp; LITERATURA. In: V Sal\u00e3o de Inicia\u00e7\u00e3o Cient\u00edfica da UNIVATES, 2006, Lageado &#8211; RS. V Sal\u00e3o de Inicia\u00e7\u00e3o Cient\u00edfica UNIVATES. Lageado &#8211; RS: UNIVATES, 2006.<\/p>\n\n\n\n<p><strong>33.<\/strong><strong><a href=\"http:\/\/lattes.cnpq.br\/0661346004702683\" target=\"_blank\" rel=\"noreferrer noopener\">TONET, Fernando<\/a><\/strong>;&nbsp;<a href=\"http:\/\/lattes.cnpq.br\/9790515942438105\" target=\"_blank\" rel=\"noreferrer noopener\">SCHWARTZ, Germano<\/a>&nbsp;. DIREITO &amp; LITERATURA. In: XVI Mostra de Inicia\u00e7\u00e3o Cient\u00edfica UPF, 2006, Passo Fundo &#8211; RS. XVI Mostra de Inicia\u00e7\u00e3o Cient\u00edfica UPF. Passo Fundo &#8211; RS: UPF, 2006.<\/p>\n","protected":false},"excerpt":{"rendered":"<p>Aline Andrighetto Curr\u00edculo Lattes: http:\/\/lattes.cnpq.br\/9951845659674589 Produ\u00e7\u00f5es Produ\u00e7\u00f5es bibliogr\u00e1ficas Artigos completos publicados em peri\u00f3dicos 1.ANDRIGHETTO, ALINE; SOUZA, L. S. S. . A aplicabilidade das normas brasileiras para pessoas com defici\u00eancia e prote\u00e7\u00e3o \u00e0 fam\u00edlia: busca incessante pelo cumprimento de direitos. Revista Direitos Humanos &amp; Sociedade, v. 5, p. 56-82, 2024. 2.ANDRIGHETTO, ALINE; KRAEMER, THA\u00cdS ALESSANDRA . [&hellip;]<\/p>\n","protected":false},"author":1,"featured_media":0,"parent":224,"menu_order":0,"comment_status":"closed","ping_status":"closed","template":"","meta":[],"_links":{"self":[{"href":"https:\/\/san.uri.br\/mestrado_direito\/index.php\/wp-json\/wp\/v2\/pages\/371"}],"collection":[{"href":"https:\/\/san.uri.br\/mestrado_direito\/index.php\/wp-json\/wp\/v2\/pages"}],"about":[{"href":"https:\/\/san.uri.br\/mestrado_direito\/index.php\/wp-json\/wp\/v2\/types\/page"}],"author":[{"embeddable":true,"href":"https:\/\/san.uri.br\/mestrado_direito\/index.php\/wp-json\/wp\/v2\/users\/1"}],"replies":[{"embeddable":true,"href":"https:\/\/san.uri.br\/mestrado_direito\/index.php\/wp-json\/wp\/v2\/comments?post=371"}],"version-history":[{"count":1,"href":"https:\/\/san.uri.br\/mestrado_direito\/index.php\/wp-json\/wp\/v2\/pages\/371\/revisions"}],"predecessor-version":[{"id":4535,"href":"https:\/\/san.uri.br\/mestrado_direito\/index.php\/wp-json\/wp\/v2\/pages\/371\/revisions\/4535"}],"up":[{"embeddable":true,"href":"https:\/\/san.uri.br\/mestrado_direito\/index.php\/wp-json\/wp\/v2\/pages\/224"}],"wp:attachment":[{"href":"https:\/\/san.uri.br\/mestrado_direito\/index.php\/wp-json\/wp\/v2\/media?parent=371"}],"curies":[{"name":"wp","href":"https:\/\/api.w.org\/{rel}","templated":true}]}}