{"id":2902,"date":"2019-05-07T14:43:46","date_gmt":"2019-05-07T17:43:46","guid":{"rendered":"http:\/\/srvapp2s.santoangelo.uri.br\/sites\/mestrado_direito\/?page_id=2902"},"modified":"2019-05-07T14:43:46","modified_gmt":"2019-05-07T17:43:46","slug":"2019-2","status":"publish","type":"page","link":"https:\/\/san.uri.br\/mestrado_direito\/index.php\/mestrado\/dissertacoes\/2019-2\/","title":{"rendered":"2019"},"content":{"rendered":"<p style=\"text-align: justify;\"><strong>12\u00aa Turma &#8211; Ingresso em mar\u00e7o de 2017<\/strong><\/p>\n<p style=\"text-align: justify;\"><strong>Danieli Boschetti<\/strong><\/p>\n<p style=\"text-align: justify;\">T\u00edtulo: O tratamento dos conflitos de aliena\u00e7\u00e3o parental pela media\u00e7\u00e3o familiar: uma proposta dialogada e cidad\u00e3.<\/p>\n<p style=\"text-align: justify;\">Acesso ao trabalho:\u00a0<a href=\"http:\/\/srvapp2s.santoangelo.uri.br\/sites\/mestrado_direito\/wp-content\/uploads\/2019\/05\/Disserta\u00e7\u00e3o-vers\u00e3o-final-Danieli2.pdf\">Clique Aqui!<\/a><\/p>\n<p style=\"text-align: justify;\">Data da defesa:\u00a016 de dezembro de 2019<\/p>\n<p style=\"text-align: justify;\">Banca: Profa. Dra. Charlise Paula Colet Gimenez, Prof. Dr. Noli Bernardo Hahn, estes da URI, e Prof. Dr. Doglas Cesar Lucas, da UNIJU\u00cd.<\/p>\n<p style=\"text-align: justify;\"><strong>Denise Lacortte Patias<\/strong><\/p>\n<p style=\"text-align: justify;\">T\u00edtulo: Poliamor: uma an\u00e1lise da evolu\u00e7\u00e3o hist\u00f3rica do amor na forma\u00e7\u00e3o da fam\u00edlia e a constru\u00e7\u00e3o do reconhecimento legal fundamentado na cultura jur\u00eddica.<\/p>\n<p style=\"text-align: justify;\">Acesso ao trabalho:\u00a0<a href=\"http:\/\/srvapp2s.santoangelo.uri.br\/sites\/mestrado_direito\/wp-content\/uploads\/2019\/05\/Denise-Vers\u00e3o-Final-.pdf\">Clique Aqui!<\/a><\/p>\n<p style=\"text-align: justify;\">Data da defesa: 28 de fevereiro de 2019<\/p>\n<p style=\"text-align: justify;\">Banca: Prof. Dr. Leonel Severo Rocha, Prof. Dr. Jos\u00e9 Alceb\u00edades de Oliveira J\u00fanior, estes da URI, e Prof. Dr. Liton Lanes Pilau Sobrinho, da UPF.<\/p>\n<p style=\"text-align: justify;\"><strong>Fernando Barbosa de Campos<\/strong><\/p>\n<p style=\"text-align: justify;\">T\u00edtulo: O reconhecimento como pauta dos movimentos negros no Brasil: da educa\u00e7\u00e3o formal no processo de inclus\u00e3o e redu\u00e7\u00e3o das desigualdades sociais.<\/p>\n<p style=\"text-align: justify;\">Acesso ao trabalho:\u00a0<a href=\"http:\/\/srvapp2s.santoangelo.uri.br\/sites\/mestrado_direito\/wp-content\/uploads\/2019\/05\/vers\u00e3o-final-1-12.pdf\">Clique Aqui!<\/a><\/p>\n<p style=\"text-align: justify;\">Data da defesa: 08 de novembro 2019<\/p>\n<p style=\"text-align: justify;\">Banca: Profa. Dra. Ros\u00e2ngela Angelin, Prof. Dr. Osmar Veronese, estes da URI, e Prof. Dr. Celso Gabatz, da EST.<\/p>\n<p style=\"text-align: justify;\"><strong>Franc\u00e9li Raquel Radons<\/strong><\/p>\n<p style=\"text-align: justify;\">T\u00edtulo: O Mediador comunit\u00e1rio na perspectiva de Luis Alberto Warat.<\/p>\n<p style=\"text-align: justify;\"><em>Termo de desautoriza\u00e7\u00e3o<\/em><\/p>\n<p style=\"text-align: justify;\">Data da defesa: 28 de junho de 2019<\/p>\n<p style=\"text-align: justify;\">Banca: Profa. Dra. Janete Rosa Martins, Prof. Dr. Jo\u00e3o Martins Bertaso, estes da URI, e Profa. Dra. Rog\u00e9rio da Silva, da UPF.<\/p>\n<p style=\"text-align: justify;\"><strong>Franciele Seger<\/strong><\/p>\n<p style=\"text-align: justify;\">T\u00edtulo: Refugiados Ambientais: as (im)possibilidades da realiza\u00e7\u00e3o de uma cidadania translocal com vincularidade na dignidade humana e nos direitos humanos.<\/p>\n<p style=\"text-align: justify;\">Acesso ao trabalho:\u00a0<a href=\"http:\/\/srvapp2s.santoangelo.uri.br\/sites\/mestrado_direito\/wp-content\/uploads\/2019\/05\/Vers\u00e3o-Final-1-16.pdf\">Clique Aqui!<\/a><\/p>\n<p style=\"text-align: justify;\">Data da defesa: 27 de fevereiro de 2019<\/p>\n<p style=\"text-align: justify;\">Banca: Prof. Dr. Jo\u00e3o Martins Bertaso e Prof. Dr. Jacson Roberto Cervi, estes da URI, e Prof. Dr. \u00c0lvaro Avelino Sanchez Bravo, da Universidade de Sevilha.<\/p>\n<p style=\"text-align: justify;\"><strong>Greice Daiane Dutra Szimanski<\/strong><\/p>\n<p style=\"text-align: justify;\">T\u00edtulo: A constela\u00e7\u00e3o sist\u00eamica como instrumento de tratamento de conflitos e humaniza\u00e7\u00e3o do poder judici\u00e1rio brasileiro.<\/p>\n<p style=\"text-align: justify;\">Acesso ao trabalho:\u00a0<a href=\"http:\/\/srvapp2s.santoangelo.uri.br\/sites\/mestrado_direito\/wp-content\/uploads\/2019\/05\/Aguardando-vers\u00e3o-final-1-11.pdf\">Clique Aqui!<\/a><\/p>\n<p style=\"text-align: justify;\">Data da defesa: 12 de junho de 2019<\/p>\n<p style=\"text-align: justify;\">Banca: Profa. Dra. Charlise Paula Colet Gimenez, Prof. Dr. Adalberto Narciso Hommerding, estes da URI, e Profa. Dra. Fabiana Marion Spengler, da UNISC.<\/p>\n<p style=\"text-align: justify;\"><strong>Joicemar Paulo Van Der Sand<\/strong><\/p>\n<p style=\"text-align: justify;\">T\u00edtulo: O direito ao acesso a justi\u00e7a e os direitos sociais: uma an\u00e1lise da efic\u00e1cia da tutela provis\u00f3ria na solu\u00e7\u00e3o de conflitos no direito previdenci\u00e1rio.<\/p>\n<p style=\"text-align: justify;\">Acesso ao trabalho:\u00a0<a href=\"http:\/\/srvapp2s.santoangelo.uri.br\/sites\/mestrado_direito\/wp-content\/uploads\/2019\/05\/Vers\u00e3o-Final-1-10.pdf\">Clique Aqui!<\/a><\/p>\n<p style=\"text-align: justify;\">Data da defesa: 28 de junho de 2019<\/p>\n<p style=\"text-align: justify;\">Banca: Prof. Dr. Gilmar Antonio Bedin, Profa. Dra. Janete Rosa Martins, estes da URI, Profa. Dra. Elenise Felzke Schonardie, da UNIJU.<\/p>\n<p style=\"text-align: justify;\"><strong>L\u00edgia Daiane Fink dos Santos<\/strong><\/p>\n<p style=\"text-align: justify;\">T\u00edtulo: A concretiza\u00e7\u00e3o do direito fundamental \u00e0 sa\u00fade pelo direito fraterno: um estudo da parceria entre a Defensoria P\u00fablica do estado do Rio Grande do Sul e o Conselho Regional de Farm\u00e1cia como pol\u00edtica de cidadania.<\/p>\n<p style=\"text-align: justify;\">Acesso ao trabalho:\u00a0<a href=\"http:\/\/srvapp2s.santoangelo.uri.br\/sites\/mestrado_direito\/wp-content\/uploads\/2019\/05\/Vers\u00e3o-FInal-1-15.pdf\">Clique Aqui!<\/a><\/p>\n<p style=\"text-align: justify;\">Data da defesa: 08 de maio de 2019<\/p>\n<p style=\"text-align: justify;\">Banca: Profa. Dra. Charlise Paula Colet Gimenez, Prof. Dr. Osmar Veronese, estes da URI, e Profa. Dra. Sandra Regina Martini, da UNIRITTER.<\/p>\n<p style=\"text-align: justify;\"><strong>Luciano Augusto de Oliveira Paz<\/strong><\/p>\n<p style=\"text-align: justify;\">T\u00edtulo: A atua\u00e7\u00e3o da frente parlamentar evang\u00e9lica no campo pol\u00edtico brasileiro: as lutas na constru\u00e7\u00e3o simb\u00f3lica do campo jur\u00eddico para a determina\u00e7\u00e3o do sentido do Estado Democr\u00e1tico de Direito.<\/p>\n<p style=\"text-align: justify;\">Acesso ao trabalho:\u00a0<a href=\"http:\/\/srvapp2s.santoangelo.uri.br\/sites\/mestrado_direito\/wp-content\/uploads\/2019\/05\/Vers\u00e3o-Final-1-15.pdf\">Clique Aqui!<\/a><\/p>\n<p style=\"text-align: justify;\">Data da defesa: 24 de junho de 2019<\/p>\n<p style=\"text-align: justify;\">Banca: Prof. Dr. Andr\u00e9 Leonardo Copetti Santos, Prof. Dr. Osmar Veronese, estes da URI, Prof. Dr. Doglas Cesar Lucas, da UNIJUI.<\/p>\n<p style=\"text-align: justify;\"><strong>Marco Antonio Preis<\/strong><\/p>\n<p style=\"text-align: justify;\">T\u00edtulo: Teoria dos Deveres Fundamentais na Perspectiva Constitucional Brasileira.<\/p>\n<p style=\"text-align: justify;\">Acesso ao trabalho:\u00a0<a href=\"http:\/\/srvapp2s.santoangelo.uri.br\/sites\/mestrado_direito\/wp-content\/uploads\/2019\/05\/DISSERTA\u00c7\u00c3O-MSC.-Vers\u00e3o-Final_MARCO.pdf\">Clique Aqui!<\/a><\/p>\n<p style=\"text-align: justify;\">Data da defesa: 26 de novembro de 2018<\/p>\n<p style=\"text-align: justify;\">Banca: Prof. Dr. Jos\u00e9 Francisco Dias da Costa Lyra, Prof. Dr. Andr\u00e9 Leonardo Copetti Santos, estes da URI, Prof. Dr. Ingo Wolfgang Sarlet, da PUC, e Prof. Dr. Jos\u00e9 Casalta Nabais da Universidade de Coimbra.<\/p>\n<p style=\"text-align: justify;\"><strong>Marsal Cordeiro Machado<\/strong><\/p>\n<p style=\"text-align: justify;\">T\u00edtulo: O fen\u00f4meno das migra\u00e7\u00f5es e a teoria do direito fraterno: uma an\u00e1lise dos principais avan\u00e7os e limites da lei 13.445\/2017 e de sua regulamenta\u00e7\u00e3o.<\/p>\n<p style=\"text-align: justify;\">Acesso ao trabalho:\u00a0<a href=\"http:\/\/srvapp2s.santoangelo.uri.br\/sites\/mestrado_direito\/wp-content\/uploads\/2019\/05\/Vers\u00e3o-final-Marsal-1-14.pdf\">Clique Aqui!<\/a><\/p>\n<p style=\"text-align: justify;\">Data da defesa: 30 de agosto de 2019<\/p>\n<p style=\"text-align: justify;\">Banca: Prof. Dr. Gilmar Antonio Bedin, Profa. Dra. Charlise Paula Colet Gimenez, estes da URI, Prof. Dr. Mateus de Oliveira Fornasier, da UNIJUI.<\/p>\n<p style=\"text-align: justify;\"><strong>Maur\u00edcio Andrade Mousquer<\/strong><\/p>\n<p style=\"text-align: justify;\">T\u00edtulo: A efetiva\u00e7\u00e3o do Direito Ambiental simb\u00f3lico na sociedade de risco por uma dial\u00e9tica intersubjetiva: a proposta do comunitarismo responsivo.<\/p>\n<p style=\"text-align: justify;\">Acesso ao trabalho:\u00a0<a href=\"http:\/\/srvapp2s.santoangelo.uri.br\/sites\/mestrado_direito\/wp-content\/uploads\/2019\/05\/Disserta\u00e7\u00e3o-pdf-1-12.pdf\">Clique Aqui!<\/a><\/p>\n<p style=\"text-align: justify;\">Data da defesa: 09 de setembro 2019<\/p>\n<p style=\"text-align: justify;\">Banca: Prof. Dr. Jacson Roberto Cervi, Prof. Dr. Osmar Veronese, estes da URI, e Prof. Dr. Jo\u00e3o Pedro Schmidt, da UNISC.<\/p>\n<p style=\"text-align: justify;\"><strong>Neusa Schnorrenberger<\/strong><\/p>\n<p style=\"text-align: justify;\">T\u00edtulo: Ecofeminismo, Emancipa\u00e7\u00e3o e\u00a0 Pol\u00edticas de Cidadania no Movimento das Mulheres Camponesas (MMC) do litoral do norte do Estado do Rio Grande do Sul.<\/p>\n<p style=\"text-align: justify;\">Acesso ao trabalho:\u00a0<a href=\"http:\/\/srvapp2s.santoangelo.uri.br\/sites\/mestrado_direito\/wp-content\/uploads\/2019\/05\/Vers\u00e3o-Final-Neusa-1-21.pdf\">Clique Aqui!<\/a><\/p>\n<p style=\"text-align: justify;\">Data da defesa: 07 de janeiro de 2019<\/p>\n<p style=\"text-align: justify;\">Banca: Profa. Dra. Ros\u00e2ngela Angelin, Prof. Dr. Noli Bernardo Hahn, estes da URI, e Profa. Dra. L\u00edria \u00c2ngela Andrioli, da UFFS.<\/p>\n<p style=\"text-align: justify;\"><strong>Priscila Jurinic<\/strong><\/p>\n<p style=\"text-align: justify;\">T\u00edtulo: A Coculpabilidade na Criminog\u00eanese e suas Implica\u00e7\u00f5es Pol\u00edtico-Criminais para uma Democratiza\u00e7\u00e3o do Direito Penal.<\/p>\n<p style=\"text-align: justify;\">Acesso ao trabalho:\u00a0<a href=\"http:\/\/srvapp2s.santoangelo.uri.br\/sites\/mestrado_direito\/wp-content\/uploads\/2019\/05\/Aguardando-vers\u00e3o-final-1-13.pdf\">Clique Aqui!<\/a><\/p>\n<p style=\"text-align: justify;\">Data da defesa: 27 de mar\u00e7o de 2019<\/p>\n<p style=\"text-align: justify;\">Banca: Prof. Dr. Andr\u00e9 Leonardo Copetti Santos, Prof. Dr. Jos\u00e9 Francisco Dias da Costa Lyra, estes da URI, e Prof. Dr. Maiquel \u00c2ngelo Dezordi Wermuth, da UNIJUI.<\/p>\n<p style=\"text-align: justify;\"><strong>Rafael Martins Sangoi<\/strong><\/p>\n<p style=\"text-align: justify;\">T\u00edtulo: A necessidade de adapta\u00e7\u00e3o do direito ao tempo da internet: desafios e perspectivas para a cidadania digital contempor\u00e2nea.<\/p>\n<p style=\"text-align: justify;\">Acesso ao trabalho:\u00a0<a href=\"http:\/\/srvapp2s.santoangelo.uri.br\/sites\/mestrado_direito\/wp-content\/uploads\/2019\/05\/Aguardando-vers\u00e3o-final-1-14.pdf\">Clique Aqui!<\/a><\/p>\n<p style=\"text-align: justify;\">Data da defesa: 25 de abril de 2019<\/p>\n<p style=\"text-align: justify;\">Banca: Profa. Dra. Thami Covatti Piaia, Prof. Dr. Andr\u00e9 Leonardo Copetti Santos, estes da URI, Prof. Dr. Rafael Santos de Oliveira, da UFSM.<\/p>\n<p style=\"text-align: justify;\"><strong>Ra\u00edssa Schadeck<\/strong><\/p>\n<p style=\"text-align: justify;\">T\u00edtulo: O Negro Exsurgente da Constitui\u00e7\u00e3o Federal de 1988: Avan\u00e7os e Desafios Jur\u00eddicos e Culturais.<\/p>\n<p style=\"text-align: justify;\">Acesso ao trabalho:\u00a0<a href=\"http:\/\/srvapp2s.santoangelo.uri.br\/sites\/mestrado_direito\/wp-content\/uploads\/2019\/05\/Vers\u00e3o-Final-1-9.pdf\">Clique Aqui!<\/a><\/p>\n<p style=\"text-align: justify;\">Data da defesa: 25 de fevereiro de 2019<\/p>\n<p style=\"text-align: justify;\">Banca: Prof. Dr. Osmar Veronese, Prof. Dr. Noli Bernardo Hahn, estes da URI, e Profa. Dra. Sandra Vidal Nogueira, da UFFS.<\/p>\n<p style=\"text-align: justify;\"><strong>Renata Oliveira Leal<\/strong><\/p>\n<p style=\"text-align: justify;\">T\u00edtulo: O contexto \u00e9tico jur\u00eddico das novas tecnologias reprodutivas e da edi\u00e7\u00e3o gen\u00e9tica.<\/p>\n<p style=\"text-align: justify;\">Acesso ao trabalho:\u00a0<a href=\"http:\/\/srvapp2s.santoangelo.uri.br\/sites\/mestrado_direito\/wp-content\/uploads\/2019\/05\/Aguardando-vers\u00e3o-final-Renata-1-14.pdf\">Clique Aqui!<\/a><\/p>\n<p style=\"text-align: justify;\">Data da defesa: 29 de agosto de 2019<\/p>\n<p style=\"text-align: justify;\">Banca: Prof. Dr. Jacson Roberto Cervi, Profa. Dra. Thami Covatti Piaia, estes da URI, e Prof. Dr. Clovis Gorczevski, da UNISC.<\/p>\n<p style=\"text-align: justify;\"><strong>Sandra Marisa Lameira<\/strong><\/p>\n<p style=\"text-align: justify;\">T\u00edtulo: O Paradoxo da Pol\u00edtica Legislativa da media\u00e7\u00e3o de Conflitos Judicializados: uma cr\u00edtica a partir da teoria sist\u00eamica.<\/p>\n<p style=\"text-align: justify;\">Acesso ao trabalho:\u00a0<a href=\"http:\/\/srvapp2s.santoangelo.uri.br\/sites\/mestrado_direito\/wp-content\/uploads\/2019\/05\/Vers\u00e3o-Final-1-11.pdf\">Clique Aqui!<\/a><\/p>\n<p style=\"text-align: justify;\">Data da defesa: 29 de mar\u00e7o de 2019<\/p>\n<p style=\"text-align: justify;\">Banca: Prof. Dr. Adalberto Narciso Hommerding, Profa. Dra. Charlise Paula Colet Gimenez, estes da URI, e Prof. Dr. Rog\u00e9rio da Silva, da UPF.<\/p>\n<p style=\"text-align: justify;\"><strong>Tassiara da Silva Senna<\/strong><\/p>\n<p style=\"text-align: justify;\">T\u00edtulo: Patriarcado, Identidade e a desconstru\u00e7\u00e3o da Sexualidade Feminina: uma hermen\u00eautica dos direitos sexuais e reprodutivos na \u00f3tica dos direitos humanos.<\/p>\n<p style=\"text-align: justify;\">Acesso ao trabalho:\u00a0<a href=\"http:\/\/srvapp2s.santoangelo.uri.br\/sites\/mestrado_direito\/wp-content\/uploads\/2019\/05\/Vers\u00e3o-Final-1-15-1.pdf\">Clique Aqui!<\/a><\/p>\n<p style=\"text-align: justify;\">Data da defesa: 28 de fevereiro de 2019<\/p>\n<p style=\"text-align: justify;\">Banca: Prof. Dr. Noli Bernardo Hahn, Prof. Dr. Jo\u00e3o Martins Bertaso, estes da URI, e Profa. Dra. Bianca Tams Diehl, da FEMA.<\/p>\n","protected":false},"excerpt":{"rendered":"<p>12\u00aa Turma &#8211; Ingresso em mar\u00e7o de 2017 Danieli Boschetti T\u00edtulo: O tratamento dos conflitos de aliena\u00e7\u00e3o parental pela media\u00e7\u00e3o familiar: uma proposta dialogada e cidad\u00e3. Acesso ao trabalho:\u00a0Clique Aqui! Data da defesa:\u00a016 de dezembro de 2019 Banca: Profa. Dra. Charlise Paula Colet Gimenez, Prof. Dr. Noli Bernardo Hahn, estes da URI, e Prof. Dr. [&hellip;]<\/p>\n","protected":false},"author":1,"featured_media":0,"parent":70,"menu_order":0,"comment_status":"closed","ping_status":"closed","template":"","meta":[],"_links":{"self":[{"href":"https:\/\/san.uri.br\/mestrado_direito\/index.php\/wp-json\/wp\/v2\/pages\/2902"}],"collection":[{"href":"https:\/\/san.uri.br\/mestrado_direito\/index.php\/wp-json\/wp\/v2\/pages"}],"about":[{"href":"https:\/\/san.uri.br\/mestrado_direito\/index.php\/wp-json\/wp\/v2\/types\/page"}],"author":[{"embeddable":true,"href":"https:\/\/san.uri.br\/mestrado_direito\/index.php\/wp-json\/wp\/v2\/users\/1"}],"replies":[{"embeddable":true,"href":"https:\/\/san.uri.br\/mestrado_direito\/index.php\/wp-json\/wp\/v2\/comments?post=2902"}],"version-history":[{"count":0,"href":"https:\/\/san.uri.br\/mestrado_direito\/index.php\/wp-json\/wp\/v2\/pages\/2902\/revisions"}],"up":[{"embeddable":true,"href":"https:\/\/san.uri.br\/mestrado_direito\/index.php\/wp-json\/wp\/v2\/pages\/70"}],"wp:attachment":[{"href":"https:\/\/san.uri.br\/mestrado_direito\/index.php\/wp-json\/wp\/v2\/media?parent=2902"}],"curies":[{"name":"wp","href":"https:\/\/api.w.org\/{rel}","templated":true}]}}